{"id":7926,"date":"2024-10-29T14:18:19","date_gmt":"2024-10-29T13:18:19","guid":{"rendered":"https:\/\/www.christian-doppler.net\/?page_id=7926"},"modified":"2024-10-29T14:18:19","modified_gmt":"2024-10-29T13:18:19","slug":"eventos-do-ano-do-jubileu-em-resumo","status":"publish","type":"page","link":"https:\/\/www.christian-doppler.net\/pt-pt\/eventos-do-ano-do-jubileu-em-resumo\/","title":{"rendered":"Eventos do ano do jubileu em resumo"},"content":{"rendered":"\n<p>Vis\u00e3o geral dos eventos organizados no ano do jubileu de 2017 pelo Christian Doppler Fonds e seus parceiros de coopera\u00e7\u00e3o:<\/p>\n\n\n\n<ul class=\"wp-block-list\">\n<li><a href=\"https:\/\/www.christian-doppler.net\/pt-pt\/175-anos-do-efeito-doppler-simposio-em-salzburgo\/\" data-type=\"page\" data-id=\"7930\"><strong>Simp\u00f3sio de Jubileu<\/strong><\/a><br>De 1 a 3 de junho de 2017, ocorreu em Salzburgo, na Grande Aula da Universidade e no pr\u00e9dio do laborat\u00f3rio universit\u00e1rio na Science:City Itzling, o Simp\u00f3sio com uma cerim\u00f3nia de abertura festiva no dia 1\u00ba de junho, contando com palestrantes renomados da pol\u00edtica, ci\u00eancia e economia. Durante o simp\u00f3sio, houve um encontro entre as Escolas Secund\u00e1rias Christian-Doppler de Salzburgo e Praga. Duas turmas foram selecionadas e participaram de um programa diversificado e envolvente sobre Christian Doppler, incluindo um workshop de graffiti (com uma homenagem a Doppler na &#8220;hall of fame&#8221;) e uma visita \u00e0 exposi\u00e7\u00e3o sobre Doppler no Museu Haus der Natur.<\/li>\n\n\n\n<li><strong>Plataforma de Internet Doppler<\/strong><br>A plataforma de internet multim\u00eddia&nbsp;<a href=\"http:\/\/www.christian-doppler.net\/\" target=\"_blank\" rel=\"noreferrer noopener\">www.christian-doppler.net<\/a>&nbsp;foi desenvolvida e lan\u00e7ada por ocasi\u00e3o do ano do jubileu de CD, e est\u00e1 sendo continuamente atualizada com novos conte\u00fados.<\/li>\n\n\n\n<li><a href=\"https:\/\/www.christian-doppler.net\/neue-doppler-publikation\/\"><strong>Lan\u00e7amento do livro &#8220;Christian Doppler&#8221; de Clemens Hutter<\/strong><\/a><br>A nova publica\u00e7\u00e3o sobre Doppler, lan\u00e7ada pela editora Anton Pustet, foi apresentada pelo autor Clemens Hutter em 22 de fevereiro de 2017, \u00e0s 18h00, no Haus der Natur.<\/li>\n\n\n\n<li><a href=\"https:\/\/www.christian-doppler.net\/christian-doppler-skulptur\/\"><strong>Pr\u00e9dio de Laborat\u00f3rios Science:City Itzling \u2013 Homenagem a Christian Doppler<\/strong><\/a><br>No novo pr\u00e9dio de laborat\u00f3rios da Faculdade de Ci\u00eancias Naturais da Universidade de Salzburgo, em Itzling, agora est\u00e1 sediado o Christian Doppler Fonds. A biblioteca e o arquivo de Doppler tamb\u00e9m est\u00e3o localizados no pr\u00e9dio. Uma escultura de pedra de Christian Doppler, criada por Alexander Steinwendtner, foi erguida na entrada do edif\u00edcio, e uma sala de aula foi nomeada em sua homenagem.<\/li>\n\n\n\n<li><a href=\"https:\/\/www.christian-doppler.net\/kreativwettbewerb\/\"><strong>Concurso Criativo sobre o Efeito Doppler<\/strong><\/a><br>Em colabora\u00e7\u00e3o com a cidade de Salzburgo, foi lan\u00e7ado um concurso criativo para estudantes. As <a href=\"https:\/\/www.christian-doppler.net\/auszeichnungen-beim-kreativwettbewerb-zu-schwingungen-wellen\/\">melhores ideias<\/a> foram apresentadas e premiadas durante o simp\u00f3sio.<\/li>\n\n\n\n<li><a href=\"https:\/\/www.christian-doppler.net\/pt-pt\/ringvorlesung\/\" data-type=\"page\" data-id=\"7944\"><strong>Ciclo de palestras na Universidade de Salzburgo<\/strong><\/a><br>No semestre de ver\u00e3o de 2017, ocorreu um ciclo de palestras sobre o tema &#8220;175 anos do Princ\u00edpio de Doppler&#8221; (de 6 de mar\u00e7o a 26 de junho de 2017, \u00e0s segundas-feiras, das 17h \u00e0s 19h, HS 380, Rudolfskai 42) com palestrantes das ci\u00eancias naturais, culturais e sociais.<\/li>\n\n\n\n<li><a href=\"https:\/\/www.christian-doppler.net\/pt-pt\/christian-doppler-preis-2017\/\" data-type=\"page\" data-id=\"7947\"><strong>Pr\u00e9mios Christian-Doppler<\/strong><\/a><br>Em 2017, o Estado de Salzburgo voltou a conceder os pr\u00e9mios Christian-Doppler, no valor de 12.000 euros, para trabalhos e inven\u00e7\u00f5es cient\u00edficas. O prazo para inscri\u00e7\u00e3o terminou em 31 de julho de 2017.<\/li>\n\n\n\n<li><a href=\"https:\/\/www.christian-doppler.net\/red-blue-shift\/\"><strong>Concertos Doppler da Universidade Mozarteum<\/strong><\/a><br>Na s\u00e9rie de concertos &#8220;Doppler Konzerte&#8221; do Ensemble de M\u00fasica Nova da Universidade Mozarteum, sob a dire\u00e7\u00e3o de Marino Formenti, ocorreu em 2 de junho de 2017 o 4\u00ba Concerto Doppler, um concerto comemorativo do simp\u00f3sio de jubileu. Outros concertos seguiram.<\/li>\n\n\n\n<li><a href=\"https:\/\/www.christian-doppler.net\/pt-pt\/christian-doppler-kompositionspreis-2017\/\" data-type=\"page\" data-id=\"7949\"><strong>Concurso de Composi\u00e7\u00e3o Christian-Doppler<\/strong><\/a><br>Lan\u00e7amento de um pr\u00e9mio de composi\u00e7\u00e3o da Universidade Mozarteum, relacionado com a obra de Christian Doppler, com apresenta\u00e7\u00f5es em Salzburgo, Viena, Linz e Graz.<\/li>\n\n\n\n<li><a href=\"https:\/\/www.christian-doppler.net\/wp-content\/uploads\/Einladung_air_067_artport_Doppler_AUG17_WEB.pdf\" target=\"_blank\" rel=\"noreferrer noopener\"><strong>Exposi\u00e7\u00e3o e Pr\u00e9mio de Arte Christian Doppler no Aeroporto de Salzburgo<\/strong><\/a><br>Em colabora\u00e7\u00e3o com o Aeroporto de Salzburgo, foi concedido um pr\u00eamio de arte em homenagem a Christian Doppler em 13 de setembro, e uma exposi\u00e7\u00e3o com outras obras foi inaugurada na galeria do aeroporto, que permaneceu aberta at\u00e9 9 de dezembro.<\/li>\n\n\n\n<li><strong>Semana de Celebra\u00e7\u00e3o na Escola Secund\u00e1ria (Gymnasium)<br><\/strong>Em 9 de novembro de 2017, durante a celebra\u00e7\u00e3o dos 400 anos da Escola Secund\u00e1ria (Gymnasium), foi inaugurada uma placa em homenagem a Christian Doppler e Simon Stampfer, em reconhecimento a seus alunos e professores ilustres.<\/li>\n\n\n\n<li><strong>S\u00e9rie de eventos do Salzburger Bildungswerk<\/strong><br>O Salzburger Bildungswerk iniciou no outono uma s\u00e9rie de eventos sobre Christian Doppler e o efeito Doppler, incluindo palestras e visitas guiadas, como <a href=\"https:\/\/www.christian-doppler.net\/wp-content\/uploads\/Doppler-Genie-aus-Salzburg_A3.pdf\" target=\"_blank\" rel=\"noreferrer noopener\">a exposi\u00e7\u00e3o permanente sobre Christian Doppler no Haus der Natur, em 28 de outubro de 2017.<\/a><\/li>\n\n\n\n<li><strong>Exposi\u00e7\u00e3o Christian-Doppler no Haus der Natur<\/strong><br>Atualiza\u00e7\u00e3o da se\u00e7\u00e3o da exposi\u00e7\u00e3o dedicada a Christian Doppler no Museu Haus der Natur, em Salzburgo.<\/li>\n\n\n\n<li><strong>Relat\u00f3rio de Atividades \u2013 30 anos do Christian Doppler Fonds<\/strong><br>Em 2017, o Christian Doppler Fonds tamb\u00e9m comemorou o seu jubileu de 30 anos de atividades, que foram documentadas numa nova brochura.<\/li>\n\n\n\n<li><strong>Projeto Schemnitz<\/strong><br>A cidade eslovaca de Bansk\u00e1 \u0160tiavnica (antigamente Schemnitz), Patrim\u00f4nio Mundial da UNESCO, \u00e9 um local pouco pesquisado na vida de Doppler (1847-1850). Est\u00e3o previstas pesquisas na academia de minas local e a an\u00e1lise de materiais de arquivo em alem\u00e3o e eslovaco. Tamb\u00e9m est\u00e1 planejada a coloca\u00e7\u00e3o de uma placa comemorativa.<\/li>\n\n\n\n<li><strong>Coopera\u00e7\u00f5es<\/strong><br>Com a <a href=\"https:\/\/www.cdg.ac.at\/\">Christian-Doppler-Forschungsgesellschaft<\/a> (CDG) em Viena<br>Com as Escolas Secund\u00e1rias Christian-Doppler em <a href=\"http:\/\/www.cdgym.at\/\">Salzburgo<\/a> e <a href=\"https:\/\/www.gchd.cz\/for-foreigners\/nj\">Praga<\/a><br>Com a <a href=\"http:\/\/www.landeskunde.at\/\" target=\"_blank\" rel=\"noreferrer noopener\">Sociedade de Estudos Regionais de Salzburgo<\/a>, que organizou em 22 de novembro de 2017 uma conversa &#8220;Nos Rastros de Christian Doppler&#8221; com Peter M. Schuster e Ewald Hiebl<br>Com o <a href=\"http:\/\/www.stadtverein.at\/\" target=\"_blank\" rel=\"noreferrer noopener\">Salzburger Stadtverein<\/a>, que publicou em junho de 2017 um artigo sobre Christian Doppler em sua revista&nbsp;Bastei<br>Com o <a href=\"https:\/\/www.echophysics.org\/\" target=\"_blank\" rel=\"noreferrer noopener\">Centro Europeu de Hist\u00f3ria da F\u00edsica ECHOPHYSICS<\/a> no Castelo P\u00f6llau, Est\u00edria<br>Com a <a href=\"http:\/\/www.salk.at\/Christian-Doppler-Klinik.html\" target=\"_blank\" rel=\"noreferrer noopener\">Christian-Doppler-Klinik<\/a> e a <a href=\"http:\/\/www.pmu.ac.at\/\" target=\"_blank\" rel=\"noreferrer noopener\">Universidade Privada PMU<\/a>&nbsp;em Salzburgo<br>Com o <a href=\"http:\/\/www.salzburgerbildungswerk.at\/de\" target=\"_blank\" rel=\"noreferrer noopener\">Salzburger Bildungswerk<\/a><\/li>\n\n\n\n<li><strong>Outras iniciativas &#8230;<\/strong><br>Preserva\u00e7\u00e3o de memoriais de Doppler na \u00c1ustria e no exterior<br>Comunica\u00e7\u00e3o com o p\u00fablico, elabora\u00e7\u00e3o de um boletim informativo<\/li>\n<\/ul>\n\n\n\n<p><strong>Apoiado por:<\/strong><\/p>\n\n\n<div class=\"wp-block-image\">\n<figure class=\"alignleft\"><a href=\"http:\/\/stadt-salzburg.at\/\"><img loading=\"lazy\" decoding=\"async\" width=\"200\" height=\"35\" src=\"https:\/\/www.christian-doppler.net\/wp-content\/uploads\/stadtsalzburg.png\" alt=\"\" class=\"wp-image-568\"\/><\/a><\/figure>\n<\/div>\n\n\n<figure class=\"wp-block-image\"><a href=\"https:\/\/www.salzburg.gv.at\/\"><img loading=\"lazy\" decoding=\"async\" width=\"200\" height=\"73\" src=\"https:\/\/www.christian-doppler.net\/wp-content\/uploads\/landsalzburg.png\" alt=\"\" class=\"wp-image-567\"\/><\/a><\/figure>\n","protected":false},"excerpt":{"rendered":"<p>Vis\u00e3o geral dos eventos organizados no ano do jubileu de 2017 pelo Christian Doppler Fonds e seus parceiros de coopera\u00e7\u00e3o: Apoiado por:<\/p>\n","protected":false},"author":1,"featured_media":0,"parent":0,"menu_order":0,"comment_status":"closed","ping_status":"closed","template":"","meta":{"_acf_changed":false,"advgb_blocks_editor_width":"","advgb_blocks_columns_visual_guide":"","footnotes":""},"class_list":["post-7926","page","type-page","status-publish","hentry"],"acf":[],"featured_image_urls_v2":{"full":"","thumbnail":"","medium":"","medium_large":"","large":"","timeline-express":"","timeline-express-thumbnail":"","1536x1536":"","2048x2048":""},"post_excerpt_stackable_v2":"<p>Vis\u00e3o geral dos eventos organizados no ano do jubileu de 2017 pelo Christian Doppler Fonds e seus parceiros de coopera\u00e7\u00e3o: Simp\u00f3sio de JubileuDe 1 a 3 de junho de 2017, ocorreu em Salzburgo, na Grande Aula da Universidade e no pr\u00e9dio do laborat\u00f3rio universit\u00e1rio na Science:City Itzling, o Simp\u00f3sio com uma cerim\u00f3nia de abertura festiva no dia 1\u00ba de junho, contando com palestrantes renomados da pol\u00edtica, ci\u00eancia e economia. Durante o simp\u00f3sio, houve um encontro entre as Escolas Secund\u00e1rias Christian-Doppler de Salzburgo e Praga. Duas turmas foram selecionadas e participaram de um programa diversificado e envolvente sobre Christian Doppler, incluindo&hellip;<\/p>\n","category_list_v2":"","author_info_v2":{"name":"Technik Admin","url":"https:\/\/www.christian-doppler.net\/pt-pt\/author\/wp_admin\/"},"comments_num_v2":"0 comments","coauthors":[],"author_meta":{"author_link":"https:\/\/www.christian-doppler.net\/pt-pt\/author\/wp_admin\/","display_name":"Technik Admin"},"relative_dates":{"created":"Posted 2 anos ago","modified":"Updated 2 anos ago"},"absolute_dates":{"created":"Posted on 29 de Outubro, 2024","modified":"Updated on 29 de Outubro, 2024"},"absolute_dates_time":{"created":"Posted on 29 de Outubro, 2024 14:18","modified":"Updated on 29 de Outubro, 2024 14:18"},"featured_img_caption":"","featured_img":false,"series_order":"","_links":{"self":[{"href":"https:\/\/www.christian-doppler.net\/pt-pt\/wp-json\/wp\/v2\/pages\/7926","targetHints":{"allow":["GET"]}}],"collection":[{"href":"https:\/\/www.christian-doppler.net\/pt-pt\/wp-json\/wp\/v2\/pages"}],"about":[{"href":"https:\/\/www.christian-doppler.net\/pt-pt\/wp-json\/wp\/v2\/types\/page"}],"author":[{"embeddable":true,"href":"https:\/\/www.christian-doppler.net\/pt-pt\/wp-json\/wp\/v2\/users\/1"}],"replies":[{"embeddable":true,"href":"https:\/\/www.christian-doppler.net\/pt-pt\/wp-json\/wp\/v2\/comments?post=7926"}],"version-history":[{"count":5,"href":"https:\/\/www.christian-doppler.net\/pt-pt\/wp-json\/wp\/v2\/pages\/7926\/revisions"}],"predecessor-version":[{"id":7952,"href":"https:\/\/www.christian-doppler.net\/pt-pt\/wp-json\/wp\/v2\/pages\/7926\/revisions\/7952"}],"wp:attachment":[{"href":"https:\/\/www.christian-doppler.net\/pt-pt\/wp-json\/wp\/v2\/media?parent=7926"}],"curies":[{"name":"wp","href":"https:\/\/api.w.org\/{rel}","templated":true}]}}