{"id":3379,"date":"2017-05-24T12:06:17","date_gmt":"2017-05-24T10:06:17","guid":{"rendered":"https:\/\/www.christian-doppler.net\/foerderer-und-gegner-von-christian-doppler\/"},"modified":"2023-01-26T11:00:34","modified_gmt":"2023-01-26T10:00:34","slug":"foerderer-und-gegner-von-christian-doppler","status":"publish","type":"page","link":"https:\/\/www.christian-doppler.net\/it\/foerderer-und-gegner-von-christian-doppler\/","title":{"rendered":"F\u00f6rderer und Gegner von Christian Doppler"},"content":{"rendered":"\n<div class=\"wp-block-columns is-layout-flex wp-container-core-columns-is-layout-9d6595d7 wp-block-columns-is-layout-flex\">\n<div class=\"wp-block-column is-layout-flow wp-block-column-is-layout-flow\">\n<h2 class=\"wp-block-heading\"><strong><strong>Die wichtigen F\u00f6rderer Christian Dopplers zu seinen Lebzeiten<\/strong><\/strong><\/h2>\n\n\n\n<p>Es scheint, dass die beiden ersten Lehrer und F\u00f6rderer Dopplers in Salzburg und Wien, der Mathematiker Adam Burg und der Geod\u00e4t Simon Stampfer, sp\u00e4ter in dem Mathematiker Bernard Bolzano, sowie dem Meteorologen Karl Kreil, seinen F\u00f6rderern und Freunden in Prag, jeweils ihre Entsprechung finden.<\/p>\n\n\n\n<p>Alle vier Genannten haben Doppler bis zuletzt verst\u00e4ndnisvoll und helfend zur Seite gestanden. Diese gleichzeitige Beziehung Dopplers zu jeweils zwei gegens\u00e4tzlichen Pers\u00f6nlichkeiten zeigt noch einmal die geistige Spannkraft Christian Dopplers, und wie sehr er in seinen Innovationen produktives und reflektierendes Denken verbinden konnte.<\/p>\n\n\n\n<p>Der Philosoph Franz Exner, dessen tiefe Freundschaft zu Doppler sicher dazu beigetragen hat, dass sich dieser nicht nur in der Prager Gesellschaft, sondern&nbsp; sp\u00e4ter auch als Professor in Wien akzeptiert f\u00fchlen konnte, wird ihn dort, insbesonders bei der Kontroverse in der Akademie, helfend zur Seite stehen, und mit ihm 1852, beide bereits unheilbar krank, nach Italien fahren, von wo die beiden Freunde dann aber nicht mehr zur\u00fcckkehren sollten.<\/p>\n\n\n\n<div class=\"wp-block-group alignwide advgb-dyn-44b41d21\"><div class=\"wp-block-group__inner-container is-layout-flow wp-block-group-is-layout-flow\">\n<div style=\"height:20px\" aria-hidden=\"true\" class=\"wp-block-spacer advgb-dyn-af21a01c\"><\/div>\n\n\n\n<div style=\"height: 100px; float: left; margin-right: 50px;\"><span class=\"dashicons dashicons-thumbs-up\" style=\"float: left; font-size: 3rem; color: #FFA500;\"><\/span><\/div>\n\n\n\n<p><strong><strong>Adam Freiherr von Burg<\/strong><\/strong><\/p>\n\n\n\n<div class=\"wp-block-media-text alignwide is-stacked-on-mobile\" style=\"grid-template-columns:31% auto\"><figure class=\"wp-block-media-text__media\"><img loading=\"lazy\" decoding=\"async\" width=\"200\" height=\"200\" src=\"https:\/\/www.christian-doppler.net\/wp-content\/uploads\/Burg.jpg\" alt=\"\u30a2\u30c0\u30e0\u30fb\u30d5\u30a9\u30f3\u30fb\u30d6\u30eb\u30af\u7537\u7235 \" class=\"wp-image-2681 size-full\" srcset=\"https:\/\/www.christian-doppler.net\/wp-content\/uploads\/Burg.jpg 200w, https:\/\/www.christian-doppler.net\/wp-content\/uploads\/Burg-150x150.jpg 150w\" sizes=\"auto, (max-width: 200px) 100vw, 200px\" \/><\/figure><div class=\"wp-block-media-text__content\">\n<p>erw\u00e4hnte Doppler in seiner Dankesrede an seinem 80. Geburtstag als einen seiner Sch\u00fcler, welche seine Vorlesungen mit Auszeichnung absolviert und sich auch hervorragende, hochgeachtete Lebensstellungen errungen haben. <a href=\"https:\/\/www.christian-doppler.net\/adam-freiherr-von-burg\/\" data-type=\"page\" data-id=\"822\">\u00bbmehr<\/a><\/p>\n<\/div><\/div>\n\n\n\n<div style=\"height:20px\" aria-hidden=\"true\" class=\"wp-block-spacer advgb-dyn-af21a01c\"><\/div>\n<\/div><\/div>\n\n\n\n<div class=\"wp-block-group alignwide advgb-dyn-44b41d21\"><div class=\"wp-block-group__inner-container is-layout-flow wp-block-group-is-layout-flow\">\n<div style=\"height: 100px; float: left; margin-right: 50px;\"><span class=\"dashicons dashicons-thumbs-up\" style=\"float: left; font-size: 3rem; color: #FFA500;\"><\/span><\/div>\n\n\n\n<p><strong><strong>Simon Stampfer<\/strong><\/strong><\/p>\n\n\n\n<div class=\"wp-block-media-text alignwide is-stacked-on-mobile\" style=\"grid-template-columns:31% auto\"><figure class=\"wp-block-media-text__media\"><img loading=\"lazy\" decoding=\"async\" width=\"150\" height=\"150\" src=\"https:\/\/www.christian-doppler.net\/wp-content\/uploads\/Stampfer_alt.jpg\" alt=\"\u30b8\u30fc\u30e2\u30f3\u30fb\u30b7\u30e5\u30bf\u30f3\u30d7\u30d5\u30a1\u30fc \" class=\"wp-image-2682 size-full\"\/><\/figure><div class=\"wp-block-media-text__content\">\n<p>Sein Zusammentreffen mit Christian Doppler ist eine der gro\u00dfen Gl\u00fccksf\u00e4lle der Wissenschaftsgeschichte und seine Bedeutung f\u00fcr die Entfaltung der Begabungen und Interessen dieses Sch\u00fclers l\u00e4sst sich kaum \u00fcbersch\u00e4tzen. <a href=\"https:\/\/www.christian-doppler.net\/simon-stampfer\/\" data-type=\"page\" data-id=\"845\">\u00bbmehr<\/a><\/p>\n<\/div><\/div>\n\n\n\n<div style=\"height:20px\" aria-hidden=\"true\" class=\"wp-block-spacer advgb-dyn-af21a01c\"><\/div>\n\n\n\n<p><\/p>\n<\/div><\/div>\n\n\n\n<div class=\"wp-block-group alignwide advgb-dyn-20954094\"><div class=\"wp-block-group__inner-container is-layout-flow wp-block-group-is-layout-flow\">\n<div style=\"height: 100px; float: left; margin-right: 50px;\"><span class=\"dashicons dashicons-thumbs-up\" style=\"float: left; font-size: 3rem; color: #FFA500;\"><\/span><\/div>\n\n\n\n<p><strong><strong>Bernard Bolzano<\/strong><\/strong><\/p>\n\n\n\n<div class=\"wp-block-media-text alignwide is-stacked-on-mobile\" style=\"grid-template-columns:31% auto\"><figure class=\"wp-block-media-text__media\"><img loading=\"lazy\" decoding=\"async\" width=\"150\" height=\"150\" src=\"https:\/\/www.christian-doppler.net\/wp-content\/uploads\/Brentano.jpg\" alt=\"\u30d9\u30eb\u30f3\u30cf\u30eb\u30c8\u30fb\u30dc\u30eb\u30c4\u30a1\u30fc\u30ce\" class=\"wp-image-2683 size-full\"\/><\/figure><div class=\"wp-block-media-text__content\">\n<p>Diesen Philosophen und Priester \u2013\u00a0<em>einen der gr\u00f6\u00dften Logiker aller Zeiten \u2013<\/em>\u00a0fesselte bei Christian Doppler die spekulative, zu dieser Zeit in der Physik ganz ungew\u00f6hnliche Methode, die seinem Denken in der Mathematik \u00e4hnlich schien. <a href=\"https:\/\/www.christian-doppler.net\/bernhard-bolzano\/\" data-type=\"page\" data-id=\"828\">\u00bbmehr<\/a><\/p>\n<\/div><\/div>\n\n\n\n<div style=\"height:20px\" aria-hidden=\"true\" class=\"wp-block-spacer advgb-dyn-af21a01c\"><\/div>\n\n\n\n<div style=\"height: 100px; float: left; margin-right: 50px;\"><span class=\"dashicons dashicons-thumbs-up\" style=\"float: left; font-size: 3rem; color: #FFA500;\"><\/span><\/div>\n\n\n\n<p><strong><strong>Karl Kreil<\/strong><\/strong><\/p>\n\n\n\n<div class=\"wp-block-media-text alignwide is-stacked-on-mobile\" style=\"grid-template-columns:31% auto\"><figure class=\"wp-block-media-text__media\"><img loading=\"lazy\" decoding=\"async\" width=\"150\" height=\"150\" src=\"https:\/\/www.christian-doppler.net\/wp-content\/uploads\/Kreil.jpg\" alt=\"\u30ab\u30fc\u30eb\u30fb\u30af\u30e9\u30a4\u30eb\" class=\"wp-image-2684 size-full\"\/><\/figure><div class=\"wp-block-media-text__content\">\n<p>Dieser Begr\u00fcnder der gro\u00dfen Tradition der \u00f6sterreichischen Meteorologie und des Erdmagnetismus schreibt in der Zeitschrift\u00a0<em>\u00d6sterreichische Bl\u00e4tter f\u00fcr Literatur und Kunst<\/em>\u00a01845 eine ungew\u00f6hnlich lobende W\u00fcrdigung Dopplers. <a href=\"https:\/\/www.christian-doppler.net\/karl-kreil\/\" data-type=\"page\" data-id=\"833\">\u00bbmehr<\/a><\/p>\n<\/div><\/div>\n\n\n\n<div style=\"height:20px\" aria-hidden=\"true\" class=\"wp-block-spacer advgb-dyn-af21a01c\"><\/div>\n\n\n\n<div style=\"height: 100px; float: left; margin-right: 50px;\"><span class=\"dashicons dashicons-thumbs-up\" style=\"float: left; font-size: 3rem; color: #FFA500;\"><\/span><\/div>\n\n\n\n<p><strong>Franz Exner<\/strong><\/p>\n\n\n\n<div class=\"wp-block-media-text alignwide is-stacked-on-mobile\" style=\"grid-template-columns:31% auto\"><figure class=\"wp-block-media-text__media\"><img loading=\"lazy\" decoding=\"async\" width=\"150\" height=\"150\" src=\"https:\/\/www.christian-doppler.net\/wp-content\/uploads\/Exner.jpg\" alt=\"\u30d5\u30e9\u30f3\u30c4\u30fb\u30a8\u30af\u30b9\u30ca\u30fc\" class=\"wp-image-2685 size-full\"\/><\/figure><div class=\"wp-block-media-text__content\">\n<p>In seinem gastfreundlichen Haus am Ro\u00dfmarkt in Prag f\u00fchlte sich Christian Doppler sogleich wohl und machte wichtige Bekanntschaften \u2013 wie Pater Schneider, Robert Zimmermann, Franz Palacky oder Graf Thun-Hohenstein. <a href=\"https:\/\/www.christian-doppler.net\/franz-exner\/\" data-type=\"page\" data-id=\"831\">\u00bbmehr<\/a><\/p>\n<\/div><\/div>\n\n\n\n<div style=\"height:20px\" aria-hidden=\"true\" class=\"wp-block-spacer advgb-dyn-af21a01c\"><\/div>\n\n\n\n<p><\/p>\n<\/div><\/div>\n<\/div>\n\n\n\n<div class=\"wp-block-column is-layout-flow wp-block-column-is-layout-flow\">\n<h2 class=\"wp-block-heading\"><strong><strong>Die wichtigen Gegner Christian Dopplers zu seinen Lebzeiten<\/strong><\/strong><\/h2>\n\n\n\n<p>\u201eKeine Neuerung setzt sich ohne Widerstand durch. Ja, am Ende muss man sagen, je geringer der Widerstand ist, den das Neue findet, desto schneller eilt es selber zum Veralten\u201c, sagte 1981 Hans-Georg Gadamer bei seiner Rede zur Er\u00f6ffnung der Salzburger Festspiele. Wenige Neuerungen legten einen l\u00e4ngeren Weg zur\u00fcck als die, welche uns der Salzburger Physiker Christian Doppler gebracht hat. Daran haben, neben dem geringen Verst\u00e4ndnis der Wissenschaftsgeschichte, die Gegner Dopplers, denen das neue Denken der modernen Physik noch fremd war, einen besonderen Anteil.<\/p>\n\n\n\n<p>Die Gegner Dopplers zu seinen Lebzeiten waren, so wie seine F\u00f6rderer, mit die bedeutendsten Pers\u00f6nlichkeiten ihres Faches in der Naturwissenschaft. Gerade deshalb sind die Kontroversen zwischen ihnen und Doppler von so gro\u00dfem Interesse, denn sie haben zur Kl\u00e4rung der Bedeutung der Arbeiten Dopplers gef\u00fchrt.<\/p>\n\n\n\n<p>Die rund ein halbes Jahrhundert andauernde Kontroverse zu untersuchen, w\u00e4re somit eine aufschlussreiche Aufgabe. Sie w\u00fcrde den Er\u00f6rterungen Thomas S. Kuhns \u00fcber den Paradigmawechsel weiter konkrete Fakten liefern.<\/p>\n\n\n\n<div style=\"height:20px\" aria-hidden=\"true\" class=\"wp-block-spacer advgb-dyn-af21a01c\"><\/div>\n\n\n\n<div style=\"height: 100px; float: left; margin-right: 50px;\"><span class=\"dashicons dashicons-thumbs-down\" style=\"float: left; font-size: 3rem;\"><\/span><\/div>\n\n\n\n<p><strong><strong><strong>Jakob Philipp Kulik<\/strong><\/strong><\/strong><\/p>\n\n\n\n<div class=\"wp-block-media-text alignwide is-stacked-on-mobile\" style=\"grid-template-columns:31% auto\"><figure class=\"wp-block-media-text__media\"><img loading=\"lazy\" decoding=\"async\" width=\"150\" height=\"150\" src=\"https:\/\/www.christian-doppler.net\/wp-content\/uploads\/Kulik.jpg\" alt=\"\u30e4\u30fc\u30b3\u30d6\u30fb\u30d5\u30a3\u30ea\u30c3\u30d7\u30fb\u30af\u30fc\u30ea\u30af\" class=\"wp-image-2686 size-full\"\/><\/figure><div class=\"wp-block-media-text__content\">\n<p>Dieser Prager Professor der h\u00f6heren Mathematiker kritisierte Doppler, er gerate in seinem Aufsatz in den Fehler mancher neuerer Mathematiker,\u00a0<em>welche vor lauter Begr\u00fcndung der Sache nicht zur Sache selbst kommen k\u00f6nnen.<\/em> <a href=\"https:\/\/www.christian-doppler.net\/kulik-jakob-philipp\/\" data-type=\"page\" data-id=\"836\">\u00bbmehr<\/a><\/p>\n<\/div><\/div>\n\n\n\n<div style=\"height:30px\" aria-hidden=\"true\" class=\"wp-block-spacer advgb-dyn-afe3be10\"><\/div>\n\n\n\n<div style=\"height: 100px; float: left; margin-right: 50px;\"><span class=\"dashicons dashicons-thumbs-down\" style=\"float: left; font-size: 3rem;\"><\/span><\/div>\n\n\n\n<p><strong>Heinrich von M\u00e4dler<\/strong><\/p>\n\n\n\n<div class=\"wp-block-media-text alignwide is-stacked-on-mobile\" style=\"grid-template-columns:31% auto\"><figure class=\"wp-block-media-text__media\"><img loading=\"lazy\" decoding=\"async\" width=\"150\" height=\"150\" src=\"https:\/\/www.christian-doppler.net\/wp-content\/uploads\/Maedler.jpg\" alt=\"\u30e8\u30cf\u30f3\u30fb\u30cf\u30a4\u30f3\u30ea\u30c3\u30d2\u30fb\u30d5\u30a9\u30f3\u30fb\u30e1\u30c9\u30ec\u30eb\" class=\"wp-image-2687 size-full\"\/><\/figure><div class=\"wp-block-media-text__content\">\n<p>Dieser prominente Astronom schrieb 1843 eine Rezension, die f\u00fcr Doppler so niederschmetternd war, dass er eine scharfe Erwiderung schrieb, die aber erst 1844 in der Zeitschrift\u00a0<em>\u00d6sterreichische Bl\u00e4tter f\u00fcr Literatur und Kunst<\/em>\u00a0erscheinen konnte. <a href=\"https:\/\/www.christian-doppler.net\/johann-heinrich-von-maedler\/\" data-type=\"page\" data-id=\"839\">\u00bbmehr<\/a><\/p>\n<\/div><\/div>\n\n\n\n<div style=\"height:20px\" aria-hidden=\"true\" class=\"wp-block-spacer advgb-dyn-af21a01c\"><\/div>\n\n\n\n<div style=\"height: 100px; float: left; margin-right: 50px;\"><span class=\"dashicons dashicons-thumbs-down\" style=\"float: left; font-size: 3rem;\"><\/span><\/div>\n\n\n\n<p><strong>Josef Maximilian Petzval<\/strong><\/p>\n\n\n\n<div class=\"wp-block-media-text alignwide is-stacked-on-mobile\" style=\"grid-template-columns:31% auto\"><figure class=\"wp-block-media-text__media\"><img loading=\"lazy\" decoding=\"async\" width=\"150\" height=\"150\" src=\"https:\/\/www.christian-doppler.net\/wp-content\/uploads\/Petzval.jpg\" alt=\"\u30e8\u30fc\u30bc\u30d5\u30fb\u30de\u30af\u30b7\u30df\u30ea\u30a2\u30f3\u30fb\u30da\u30c3\u30c4\u30d0\u30eb\" class=\"wp-image-2688 size-full\"\/><\/figure><div class=\"wp-block-media-text__content\">\n<p>Es ist ein eigenartiger Zufall, dass am 6. November 1901 im Arkadenhof der Universit\u00e4t Wien das Denkmal Petzvals gemeinsam mit dem von Christian Doppler, den er zu seinen Lebzeiten so heftig bek\u00e4mpft hatte, enth\u00fcllt wurde. <a href=\"https:\/\/www.christian-doppler.net\/josef-maximilian-petzval-6-1-1807-spisska-bela-dt-zipser-bela-ung-szepesbela-19-9-1891-wien\/\" data-type=\"page\" data-id=\"842\">\u00bbmehr<\/a><\/p>\n<\/div><\/div>\n\n\n\n<div style=\"height:20px\" aria-hidden=\"true\" class=\"wp-block-spacer advgb-dyn-af21a01c\"><\/div>\n\n\n\n<p><\/p>\n<\/div>\n<\/div>\n\n\n\n<p>Text: Dr. Peter M. Schuster<\/p>\n","protected":false},"excerpt":{"rendered":"<p>Die wichtigen F\u00f6rderer Christian Dopplers zu seinen Lebzeiten Es scheint, dass die beiden ersten Lehrer und F\u00f6rderer Dopplers in Salzburg und Wien, der Mathematiker Adam Burg und der Geod\u00e4t Simon Stampfer, sp\u00e4ter in dem Mathematiker Bernard Bolzano, sowie dem Meteorologen Karl Kreil, seinen F\u00f6rderern und Freunden in Prag, jeweils ihre Entsprechung finden. Alle vier Genannten haben Doppler bis zuletzt verst\u00e4ndnisvoll [&hellip;]<\/p>\n","protected":false},"author":1,"featured_media":0,"parent":0,"menu_order":0,"comment_status":"closed","ping_status":"closed","template":"","meta":{"_acf_changed":false,"advgb_blocks_editor_width":"","advgb_blocks_columns_visual_guide":"","footnotes":""},"class_list":["post-3379","page","type-page","status-publish","hentry"],"acf":[],"featured_image_urls_v2":{"full":"","thumbnail":"","medium":"","medium_large":"","large":"","timeline-express":"","timeline-express-thumbnail":"","1536x1536":"","2048x2048":""},"post_excerpt_stackable_v2":"<p>Die wichtigen F\u00f6rderer Christian Dopplers zu seinen Lebzeiten Es scheint, dass die beiden ersten Lehrer und F\u00f6rderer Dopplers in Salzburg und Wien, der Mathematiker Adam Burg und der Geod\u00e4t Simon Stampfer, sp\u00e4ter in dem Mathematiker Bernard Bolzano, sowie dem Meteorologen Karl Kreil, seinen F\u00f6rderern und Freunden in Prag, jeweils ihre Entsprechung finden. Alle vier Genannten haben Doppler bis zuletzt verst\u00e4ndnisvoll und helfend zur Seite gestanden. Diese gleichzeitige Beziehung Dopplers zu jeweils zwei gegens\u00e4tzlichen Pers\u00f6nlichkeiten zeigt noch einmal die geistige Spannkraft Christian Dopplers, und wie sehr er in seinen Innovationen produktives und reflektierendes Denken verbinden konnte. Der Philosoph Franz Exner, dessen&hellip;<\/p>\n","category_list_v2":"","author_info_v2":{"name":"Technik Admin","url":"https:\/\/www.christian-doppler.net\/it\/author\/wp_admin\/"},"comments_num_v2":"0 commenti","coauthors":[],"author_meta":{"author_link":"https:\/\/www.christian-doppler.net\/it\/author\/wp_admin\/","display_name":"Technik Admin"},"relative_dates":{"created":"Pubblicato 9 anni fa","modified":"Aggiornato 3 anni fa"},"absolute_dates":{"created":"Pubblicato il 24 Maggio 2017","modified":"Aggiornato il 26 Gennaio 2023"},"absolute_dates_time":{"created":"Pubblicato il 24 Maggio 2017 12:06","modified":"Aggiornato il 26 Gennaio 2023 11:00"},"featured_img_caption":"","featured_img":false,"series_order":"","_links":{"self":[{"href":"https:\/\/www.christian-doppler.net\/it\/wp-json\/wp\/v2\/pages\/3379","targetHints":{"allow":["GET"]}}],"collection":[{"href":"https:\/\/www.christian-doppler.net\/it\/wp-json\/wp\/v2\/pages"}],"about":[{"href":"https:\/\/www.christian-doppler.net\/it\/wp-json\/wp\/v2\/types\/page"}],"author":[{"embeddable":true,"href":"https:\/\/www.christian-doppler.net\/it\/wp-json\/wp\/v2\/users\/1"}],"replies":[{"embeddable":true,"href":"https:\/\/www.christian-doppler.net\/it\/wp-json\/wp\/v2\/comments?post=3379"}],"version-history":[{"count":2,"href":"https:\/\/www.christian-doppler.net\/it\/wp-json\/wp\/v2\/pages\/3379\/revisions"}],"predecessor-version":[{"id":7015,"href":"https:\/\/www.christian-doppler.net\/it\/wp-json\/wp\/v2\/pages\/3379\/revisions\/7015"}],"wp:attachment":[{"href":"https:\/\/www.christian-doppler.net\/it\/wp-json\/wp\/v2\/media?parent=3379"}],"curies":[{"name":"wp","href":"https:\/\/api.w.org\/{rel}","templated":true}]}}