{"id":6914,"date":"2022-11-17T13:35:44","date_gmt":"2022-11-17T12:35:44","guid":{"rendered":"https:\/\/www.christian-doppler.net\/?page_id=6914"},"modified":"2024-05-15T14:37:49","modified_gmt":"2024-05-15T12:37:49","slug":"leffet-doppler-et-ses-laureats-du-prix-nobel","status":"publish","type":"page","link":"https:\/\/www.christian-doppler.net\/fr\/leffet-doppler-et-ses-laureats-du-prix-nobel\/","title":{"rendered":"L&rsquo;effet doppler et ses laur\u00e9ats du prix nobel"},"content":{"rendered":"\n<p>L&rsquo;inventeur et chimiste su\u00e9dois Alfred Nobel (1833-1896) a rapidement b\u00e2ti une grande fortune gr\u00e2ce \u00e0 la d\u00e9couverte et au brevetage (1867) de la dynamite. Dans son testament, il a stipul\u00e9 que sa fortune devait constituer \u00ab\u00a0un fonds dont les int\u00e9r\u00eats annuels seront attribu\u00e9s sous forme de prix (prix Nobel, depuis 1901) \u00e0 ceux qui ont apport\u00e9 le plus grand b\u00e9n\u00e9fice \u00e0 l&rsquo;humanit\u00e9 au cours de l&rsquo;ann\u00e9e \u00e9coul\u00e9e\u00a0\u00bb, et ce \u00e0 parts \u00e9gales entre les laur\u00e9ats dans cinq domaines : Physique, Chimie, Physiologie ou M\u00e9decine, Litt\u00e9rature et Paix.<\/p>\n\n\n\n<p>A l&rsquo;\u00e9poque, on ne se doutait gu\u00e8re de l&rsquo;influence qu&rsquo;aurait la d\u00e9couverte de Doppler sur le d\u00e9veloppement de ces m\u00eames domaines : Jusqu&rsquo;\u00e0 aujourd&rsquo;hui, 24 prix Nobel ont \u00e9t\u00e9 d\u00e9cern\u00e9s \u00e0 des scientifiques dont les d\u00e9couvertes en m\u00e9decine, en technique et en sciences naturelles ont \u00e9t\u00e9 rendues possibles gr\u00e2ce \u00e0 l&rsquo;utilisation de l&rsquo;effet Doppler.<\/p>\n\n\n\n<div class=\"wp-block-cp-timeline-content-timeline-block Cool-Content-Timeline advgb-block-8fe9c19f-4d0c-4e73-9c0c-5c06e76e76b8\"><div class=\"cool-timeline-block-8fe9c19f-4d0c-4e73-9c0c-5c06e76e76b8\"><div class=\"cool-vertical-timeline-body ctlb-wrapper both-sided left\"><div class=\"cool-timeline-block-list\">\n<div class=\"wp-block-cp-timeline-content-timeline-block-child swiper-slide advgb-block-15dd38e9-d552-489f-828e-6bfba792d7f9\"><div class=\"timeline-content icon-false \"><div class=\"timeline-block-timeline ctl-row  position-right\"><div class=\"ctl-6 timeline-block-time\"><div class=\"story-time\"><p>2020<\/p><\/div><\/div><div class=\"timeline-block-icon\"><svg stroke=\"currentColor\" fill=\"currentColor\" stroke-width=\"0\" viewBox=\"0 0 512 512\" height=\"1em\" width=\"1em\" xmlns=\"http:\/\/www.w3.org\/2000\/svg\"><path d=\"M256 8C119 8 8 119 8 256s111 248 248 248 248-111 248-248S393 8 256 8z\"><\/path><\/svg><\/div><div class=\"ctl-6 timeline-block-detail\"><div class=\"story-details\"><div class=\"story-content\">\n<figure class=\"wp-block-image ctlb-block-image\"><img decoding=\"async\" src=\"https:\/\/www.christian-doppler.net\/wp-content\/uploads\/nobelpreistraeger2020.jpg\" alt=\"\" style=\"aspect-ratio:4\/3;object-fit:cover\"\/><\/figure>\n\n\n\n<h3 class=\"wp-block-heading ctlb-block-title\" style=\"padding-top:0px;padding-right:0px;padding-bottom:0px;padding-left:0px\">Recherche sur les trous noirs et d\u00e9couverte d&rsquo;un objet compact supermassif au centre de notre galaxie<\/h3>\n\n\n\n<p class=\"ctlb-block-desc\" style=\"padding-top:0px;padding-right:0px;padding-bottom:0px;padding-left:0px\"><br><strong><a href=\"https:\/\/fr.wikipedia.org\/wiki\/Roger_Penrose\" target=\"_blank\" rel=\"noreferrer noopener\">Roger Penrose<\/a> (* 1931, Royaume-Uni)<br><\/strong>Justification de l&rsquo;attribution du prix : \u00ab\u00a0pour avoir d\u00e9couvert que la formation de trous noirs est une pr\u00e9diction robuste de la th\u00e9orie de la relativit\u00e9 g\u00e9n\u00e9rale\u00a0\u00bb.<br><br><strong><a href=\"https:\/\/fr.wikipedia.org\/wiki\/Andrea_M._Ghez\" target=\"_blank\" rel=\"noreferrer noopener\">Andrea Ghez<\/a> (* 1965, \u00c9tats-Unis) et <a href=\"https:\/\/fr.wikipedia.org\/wiki\/Reinhard_Genzel\" target=\"_blank\" rel=\"noreferrer noopener\">Reinhard Genzel<\/a> (* 1952, Allemagne)<br><\/strong>Justification de l&rsquo;attribution du prix : \u00ab\u00a0pour la d\u00e9couverte d&rsquo;un objet compact supermassif au centre de notre galaxie\u00a0\u00bb.<br><br><a href=\"https:\/\/www.nobelprize.org\/prizes\/physics\/2020\/advanced-information\/\">https:\/\/www.nobelprize.org\/prizes\/physics\/2020\/advanced-information\/<\/a><br><a href=\"https:\/\/www.christian-doppler.net\/thema\/astronomie\/\">https:\/\/www.christian-doppler.net\/thema\/astronomie\/<\/a><br><br><small>Image (Penrose) : Wikipedia<a href=\"https:\/\/de.wikipedia.org\/wiki\/Roger_Penrose#\/media\/Datei:Roger_Penrose_9560.JPG\">\/Wikimedia Commons<\/a>\u00a0<a href=\"https:\/\/creativecommons.org\/licenses\/by\/3.0\" target=\"_blank\" rel=\"noreferrer noopener\">CC BY 3.0<\/a> <a href=\"https:\/\/commons.wikimedia.org\/wiki\/File:Roger_Penrose_9560.JPG\">Link<\/a><br>Image (Ghez) : zimbio.com, <a href=\"https:\/\/www.zimbio.com\/photos\/Andrea+Ghez\">Link<\/a><br>Image (Genzel) : Wikipedia\/Wikimedia Commons (<a href=\"http:\/\/creativecommons.org\/licenses\/by-sa\/4.0\/\">cc-b<\/a><a href=\"https:\/\/creativecommons.org\/licenses\/by\/3.0\" target=\"_blank\" rel=\"noreferrer noopener\">CC BY 3.0<\/a>), <a href=\"https:\/\/commons.wikimedia.org\/wiki\/File:Reinhard_Genzel.jpg\">Link<\/a><\/small><\/p>\n<\/div><\/div><\/div><\/div><\/div><\/div>\n\n\n\n<div class=\"wp-block-cp-timeline-content-timeline-block-child swiper-slide\"><div class=\"timeline-content icon-false \"><div class=\"timeline-block-timeline ctl-row  position-left\"><div class=\"ctl-6 timeline-block-time\"><div class=\"story-time\"><p>2019<\/p><\/div><\/div><div class=\"timeline-block-icon\"><svg stroke=\"currentColor\" fill=\"currentColor\" stroke-width=\"0\" viewBox=\"0 0 512 512\" height=\"1em\" width=\"1em\" xmlns=\"http:\/\/www.w3.org\/2000\/svg\"><path d=\"M256 8C119 8 8 119 8 256s111 248 248 248 248-111 248-248S393 8 256 8z\"><\/path><\/svg><\/div><div class=\"ctl-6 timeline-block-detail\"><div class=\"story-details\"><div class=\"story-content\">\n<figure class=\"wp-block-image ctlb-block-image\"><img decoding=\"async\" src=\"https:\/\/www.christian-doppler.net\/wp-content\/uploads\/mayor-queloz.jpg\" alt=\"\" style=\"aspect-ratio:4\/3;object-fit:cover\"\/><\/figure>\n\n\n\n<h3 class=\"wp-block-heading ctlb-block-title\" style=\"padding-top:0px;padding-right:0px;padding-bottom:0px;padding-left:0px\">D\u00e9couverte de la premi\u00e8re exoplan\u00e8te et d\u00e9couvertes r\u00e9volutionnaires en cosmologie<\/h3>\n\n\n\n<p class=\"ctlb-block-desc\" style=\"padding-top:0px;padding-right:0px;padding-bottom:0px;padding-left:0px\"><br><strong><a href=\"https:\/\/de.wikipedia.org\/wiki\/Michel_Mayor\" target=\"_blank\" rel=\"noreferrer noopener\">Michel Mayor<\/a> (* 1942, Suisse), <a href=\"https:\/\/de.wikipedia.org\/wiki\/Didier_Queloz\" target=\"_blank\" rel=\"noreferrer noopener\">Didier Queloz<\/a> (* 1966, Suisse)<br><\/strong>Justification de l&rsquo;attribution du prix : \u00ab\u00a0pour la d\u00e9couverte d&rsquo;une <a href=\"https:\/\/fr.wikipedia.org\/wiki\/Exoplan%C3%A8te\" target=\"_blank\" rel=\"noreferrer noopener\">Exoplaneten<\/a> en orbite autour d&rsquo;une <a href=\"https:\/\/fr.wikipedia.org\/wiki\/%C3%89toile_de_type_solaire\" target=\"_blank\" rel=\"noreferrer noopener\">\u00e9toile semblable au Soleil<\/a>\u00ab\u00a0.<br><br><small>Image (gauche) : European Southern Observatory, Wikipedia\/Wikimedia Commons (<a href=\"http:\/\/creativecommons.org\/licenses\/by-sa\/2.0\/\">cc-by-sa-2.0<\/a>), <a href=\"http:\/\/creativecommons.org\/licenses\/by-sa\/2.0\">CC BY-SA 2.0<\/a>, <a href=\"https:\/\/commons.wikimedia.org\/wiki\/File:Michel_Mayor,_2012_(cropped).jpg\">Link<\/a><\/small><br><small>Image (\u00e0 droite) : M.McCaughrean (ESA)\/ESO, Wikipedia\/Wikimedia Commons (<a href=\"http:\/\/creativecommons.org\/licenses\/by-sa\/4.0\/\">cc-by-sa-4.0<\/a>), <a href=\"http:\/\/creativecommons.org\/licenses\/by-sa\/4.0\">CC BY-SA 4.0<\/a>, <a href=\"https:\/\/commons.wikimedia.org\/wiki\/File:Didier_Queloz,_2012_(cropped).jpg\">Link<\/a><\/small><\/p>\n<\/div><\/div><\/div><\/div><\/div><\/div>\n\n\n\n<div class=\"wp-block-cp-timeline-content-timeline-block-child swiper-slide\"><div class=\"timeline-content icon-false \"><div class=\"timeline-block-timeline ctl-row  position-right\"><div class=\"ctl-6 timeline-block-time\"><div class=\"story-time\"><p>2011<\/p><\/div><\/div><div class=\"timeline-block-icon\"><svg stroke=\"currentColor\" fill=\"currentColor\" stroke-width=\"0\" viewBox=\"0 0 512 512\" height=\"1em\" width=\"1em\" xmlns=\"http:\/\/www.w3.org\/2000\/svg\"><path d=\"M256 8C119 8 8 119 8 256s111 248 248 248 248-111 248-248S393 8 256 8z\"><\/path><\/svg><\/div><div class=\"ctl-6 timeline-block-detail\"><div class=\"story-details\"><div class=\"story-content\">\n<figure class=\"wp-block-image ctlb-block-image\"><img decoding=\"async\" src=\"https:\/\/www.christian-doppler.net\/wp-content\/uploads\/2011.jpg\" alt=\"\" style=\"aspect-ratio:4\/3;object-fit:cover\"\/><\/figure>\n\n\n\n<h3 class=\"wp-block-heading ctlb-block-title\" style=\"padding-top:0px;padding-right:0px;padding-bottom:0px;padding-left:0px\">D\u00e9couverte de l&rsquo;acc\u00e9l\u00e9ration de l&rsquo;expansion de l&rsquo;Univers gr\u00e2ce \u00e0 l&rsquo;observation de supernovae lointaines<\/h3>\n\n\n\n<p class=\"ctlb-block-desc\" style=\"padding-top:0px;padding-right:0px;padding-bottom:0px;padding-left:0px\"><br><strong><a href=\"https:\/\/fr.wikipedia.org\/wiki\/Saul_Perlmutter\" target=\"_blank\" rel=\"noreferrer noopener\">Saul Perlmutter<\/a> (* 1959, \u00c9tats-Unis), <a href=\"https:\/\/fr.wikipedia.org\/wiki\/Brian_P._Schmidt\" target=\"_blank\" rel=\"noreferrer noopener\">Brian P. Schmidt<\/a> (* 1967, \u00c9tats-Unis) et <a href=\"https:\/\/fr.wikipedia.org\/wiki\/Adam_Riess\" target=\"_blank\" rel=\"noreferrer noopener\">Adam Riess<\/a> (* 1969, \u00c9tats-Unis)<\/strong><br>Justification de l&rsquo;attribution du prix : \u00ab\u00a0pour la d\u00e9couverte de <a href=\"https:\/\/fr.wikipedia.org\/wiki\/Expansion_de_l%27Univers\" target=\"_blank\" rel=\"noreferrer noopener\">l&rsquo;expansion<\/a> acc\u00e9l\u00e9r\u00e9e de l&rsquo;univers gr\u00e2ce \u00e0 l&rsquo;observation de <a href=\"https:\/\/fr.wikipedia.org\/wiki\/Supernova\" target=\"_blank\" rel=\"noreferrer noopener\">supernovae<\/a> lointaines\u00a0\u00bb.<br><br><small>Image : Saul Perlmutter par Holger Motzkau, Wikipedia\/Wikimedia Commons (<a href=\"http:\/\/creativecommons.org\/licenses\/by-sa\/3.0\/\">cc-by-sa-3.0<\/a>), <a href=\"http:\/\/creativecommons.org\/licenses\/by-sa\/3.0\">CC BY-SA 3.0<\/a>, <a href=\"https:\/\/commons.wikimedia.org\/w\/index.php?curid=17637138\">Link<\/a><\/small><br><small>Image : Brian P. Schmidt par Tim Wetherell &#8211; photo prise par Tim Wetherell, <a href=\"http:\/\/creativecommons.org\/licenses\/by-sa\/3.0\">CC BY-SA 3.0<\/a>, <a href=\"https:\/\/commons.wikimedia.org\/w\/index.php?curid=16969006\">Link<\/a><\/small><br><small>Image : Adam Riess par Holger Motzkau, Wikipedia\/Wikimedia Commons (<a href=\"http:\/\/creativecommons.org\/licenses\/by-sa\/3.0\/\">cc-by-sa-3.0<\/a>), <a href=\"http:\/\/creativecommons.org\/licenses\/by-sa\/3.0\">CC BY-SA 3.0<\/a>, <a href=\"https:\/\/commons.wikimedia.org\/w\/index.php?curid=17637112\">Link<\/a><\/small><br>\u00a0<\/p>\n<\/div><\/div><\/div><\/div><\/div><\/div>\n\n\n\n<div class=\"wp-block-cp-timeline-content-timeline-block-child swiper-slide\"><div class=\"timeline-content icon-false \"><div class=\"timeline-block-timeline ctl-row  position-left\"><div class=\"ctl-6 timeline-block-time\"><div class=\"story-time\"><p>2006<\/p><\/div><\/div><div class=\"timeline-block-icon\"><svg stroke=\"currentColor\" fill=\"currentColor\" stroke-width=\"0\" viewBox=\"0 0 512 512\" height=\"1em\" width=\"1em\" xmlns=\"http:\/\/www.w3.org\/2000\/svg\"><path d=\"M256 8C119 8 8 119 8 256s111 248 248 248 248-111 248-248S393 8 256 8z\"><\/path><\/svg><\/div><div class=\"ctl-6 timeline-block-detail\"><div class=\"story-details\"><div class=\"story-content\">\n<figure class=\"wp-block-image ctlb-block-image\"><img decoding=\"async\" src=\"https:\/\/www.christian-doppler.net\/wp-content\/uploads\/2006.jpg\" alt=\"\" style=\"aspect-ratio:4\/3;object-fit:cover\"\/><\/figure>\n\n\n\n<h3 class=\"wp-block-heading ctlb-block-title\" style=\"padding-top:0px;padding-right:0px;padding-bottom:0px;padding-left:0px\">Etude du rayonnement cosmique de fond<\/h3>\n\n\n\n<p class=\"ctlb-block-desc\" style=\"padding-top:0px;padding-right:0px;padding-bottom:0px;padding-left:0px\"><br><strong><a href=\"https:\/\/fr.wikipedia.org\/wiki\/John_C._Mather\" target=\"_blank\" rel=\"noreferrer noopener\">John Cromwell Mather<\/a> (* 1946, \u00c9tats-Unis) et <a href=\"https:\/\/fr.wikipedia.org\/wiki\/George_Fitzgerald_Smoot\" target=\"_blank\" rel=\"noreferrer noopener\">George Smoot<\/a> (* 1945, \u00c9tats-Unis)<\/strong><br>Justification de l&rsquo;attribution du prix : \u00ab\u00a0pour l&rsquo;\u00e9tude du <a href=\"https:\/\/fr.wikipedia.org\/wiki\/Fond_diffus_cosmologique\" target=\"_blank\" rel=\"noreferrer noopener\">rayonnement cosmique de fond<\/a>\u00ab\u00a0.<br><br><small>Image : George Smoot par <a href=\"\/\/commons.wikimedia.org\/wiki\/User:Nomo\">Nomo<\/a> michael hoefner <a href=\"http:\/\/www.zwo5.de\">http:\/\/www.zwo5.de<\/a>\u00a0&#8211; Propre cr\u00e9ation, <a href=\"http:\/\/creativecommons.org\/licenses\/by\/3.0\">CC BY 3.0<\/a>, <a href=\"https:\/\/commons.wikimedia.org\/w\/index.php?curid=7131137\">Link<\/a><\/small><\/p>\n<\/div><\/div><\/div><\/div><\/div><\/div>\n\n\n\n<div class=\"wp-block-cp-timeline-content-timeline-block-child swiper-slide\"><div class=\"timeline-content icon-false \"><div class=\"timeline-block-timeline ctl-row  position-right\"><div class=\"ctl-6 timeline-block-time\"><div class=\"story-time\"><p>2005<\/p><\/div><\/div><div class=\"timeline-block-icon\"><svg stroke=\"currentColor\" fill=\"currentColor\" stroke-width=\"0\" viewBox=\"0 0 512 512\" height=\"1em\" width=\"1em\" xmlns=\"http:\/\/www.w3.org\/2000\/svg\"><path d=\"M256 8C119 8 8 119 8 256s111 248 248 248 248-111 248-248S393 8 256 8z\"><\/path><\/svg><\/div><div class=\"ctl-6 timeline-block-detail\"><div class=\"story-details\"><div class=\"story-content\">\n<figure class=\"wp-block-image ctlb-block-image\"><img decoding=\"async\" src=\"https:\/\/www.christian-doppler.net\/wp-content\/uploads\/2005.jpg\" alt=\"\" style=\"aspect-ratio:4\/3;object-fit:cover\"\/><\/figure>\n\n\n\n<h3 class=\"wp-block-heading ctlb-block-title\" style=\"padding-top:0px;padding-right:0px;padding-bottom:0px;padding-left:0px\">Contributions au d\u00e9veloppement de la spectrographie de pr\u00e9cision bas\u00e9e sur le laser, y compris la technique du peigne de fr\u00e9quence optique<\/h3>\n\n\n\n<p class=\"ctlb-block-desc\" style=\"padding-top:0px;padding-right:0px;padding-bottom:0px;padding-left:0px\"><br><strong><a href=\"https:\/\/fr.wikipedia.org\/wiki\/John_Lewis_Hall\" target=\"_blank\" rel=\"noreferrer noopener\">John Lewis Hall<\/a> (* 1934, \u00c9tats-Unis) et <a href=\"https:\/\/fr.wikipedia.org\/wiki\/Theodor_W._H%C3%A4nsch\" target=\"_blank\" rel=\"noreferrer noopener\">Theodor H\u00e4nsch<\/a> (* 1941, Allemagne)<\/strong><br>Justification de l&rsquo;attribution du prix : \u00ab\u00a0pour des contributions au d\u00e9veloppement de la spectrographie de pr\u00e9cision bas\u00e9e sur le laser, y compris la technique du <a href=\"https:\/\/fr.wikipedia.org\/wiki\/Peigne_de_fr%C3%A9quences_optiques\" target=\"_blank\" rel=\"noreferrer noopener\">peigne de fr\u00e9quences<\/a> optiques\u00a0\u00bb.<br><br><small>Image : Theodor H\u00e4nsch | On suppose que <a href=\"\/\/commons.wikimedia.org\/wiki\/User:Blinking_Spirit\">Blinking Spirit<\/a> est l&rsquo;auteur (sur la base des indications du d\u00e9tenteur des droits)., <a href=\"http:\/\/creativecommons.org\/licenses\/by-sa\/3.0\/\">CC BY-SA 3.0<\/a>, <a href=\"https:\/\/commons.wikimedia.org\/w\/index.php?curid=1315253\">Link<\/a><\/small><\/p>\n<\/div><\/div><\/div><\/div><\/div><\/div>\n\n\n\n<div class=\"wp-block-cp-timeline-content-timeline-block-child swiper-slide\"><div class=\"timeline-content icon-false \"><div class=\"timeline-block-timeline ctl-row  position-left\"><div class=\"ctl-6 timeline-block-time\"><div class=\"story-time\"><p>2001<\/p><\/div><\/div><div class=\"timeline-block-icon\"><svg stroke=\"currentColor\" fill=\"currentColor\" stroke-width=\"0\" viewBox=\"0 0 512 512\" height=\"1em\" width=\"1em\" xmlns=\"http:\/\/www.w3.org\/2000\/svg\"><path d=\"M256 8C119 8 8 119 8 256s111 248 248 248 248-111 248-248S393 8 256 8z\"><\/path><\/svg><\/div><div class=\"ctl-6 timeline-block-detail\"><div class=\"story-details\"><div class=\"story-content\">\n<figure class=\"wp-block-image ctlb-block-image\"><img decoding=\"async\" src=\"https:\/\/www.christian-doppler.net\/wp-content\/uploads\/2001.jpg\" alt=\"\" style=\"aspect-ratio:4\/3;object-fit:cover\"\/><\/figure>\n\n\n\n<h3 class=\"wp-block-heading ctlb-block-title\" style=\"padding-top:0px;padding-right:0px;padding-bottom:0px;padding-left:0px\">G\u00e9n\u00e9ration de la condensation de Bose-Einstein dans des gaz dilu\u00e9s \u00e0 partir d&rsquo;atomes alcalins et pour les premi\u00e8res \u00e9tudes fondamentales sur les propri\u00e9t\u00e9s des condensats<\/h3>\n\n\n\n<p class=\"ctlb-block-desc\" style=\"padding-top:0px;padding-right:0px;padding-bottom:0px;padding-left:0px\"><br><strong><a href=\"https:\/\/fr.wikipedia.org\/wiki\/Eric_Cornell\" target=\"_blank\" rel=\"noreferrer noopener\">Eric Allin Cornell<\/a> (* 1961, \u00c9tats-Unis), <a href=\"https:\/\/fr.wikipedia.org\/wiki\/Wolfgang_Ketterle\" target=\"_blank\" rel=\"noreferrer noopener\">Wolfgang Ketterle<\/a> (* 1957, Allemagne) et <a href=\"https:\/\/fr.wikipedia.org\/wiki\/Carl_Wieman\" target=\"_blank\" rel=\"noreferrer noopener\">Carl Edwin Wieman<\/a> (* 1951, Allemagne)<\/strong><br>Justification de l&rsquo;attribution du prix : \u00ab\u00a0pour la production de la <a href=\"https:\/\/fr.wikipedia.org\/wiki\/Condensat_de_Bose-Einstein\" target=\"_blank\" rel=\"noreferrer noopener\">condensation de Bose-Einstein<\/a> dans des gaz dilu\u00e9s \u00e0 partir <a href=\"https:\/\/fr.wikipedia.org\/wiki\/M%C3%A9tal_alcalin\" target=\"_blank\" rel=\"noreferrer noopener\">d&rsquo;atomes alcalins<\/a>, et pour les premi\u00e8res \u00e9tudes fondamentales sur les propri\u00e9t\u00e9s des condensats\u00a0\u00bb.<br><br><small>Image : Eric Allin Cornell par <a href=\"\/\/commons.wikimedia.org\/wiki\/User:Betsythedevine\">Betsythedevine<\/a> &#8211; \u0152uvre personnelle, <a href=\"http:\/\/creativecommons.org\/licenses\/by-sa\/4.0\">CC-BY-SA 4.0<\/a>, <a href=\"https:\/\/commons.wikimedia.org\/w\/index.php?curid=46346398\">Link<\/a><br>Image : Wolfgang Ketterle par <a href=\"\/\/commons.wikimedia.org\/wiki\/User:Kzirkel\">Kzirkel<\/a> &#8211; \u0152uvre personnelle, <a href=\"http:\/\/creativecommons.org\/licenses\/by-sa\/3.0\/\">CC BY-SA 3.0<\/a>, <a href=\"https:\/\/commons.wikimedia.org\/w\/index.php?curid=1942387\">Link<\/a><\/small><\/p>\n<\/div><\/div><\/div><\/div><\/div><\/div>\n\n\n\n<div class=\"wp-block-cp-timeline-content-timeline-block-child swiper-slide\"><div class=\"timeline-content icon-false \"><div class=\"timeline-block-timeline ctl-row  position-right\"><div class=\"ctl-6 timeline-block-time\"><div class=\"story-time\"><p>1997<\/p><\/div><\/div><div class=\"timeline-block-icon\"><svg stroke=\"currentColor\" fill=\"currentColor\" stroke-width=\"0\" viewBox=\"0 0 512 512\" height=\"1em\" width=\"1em\" xmlns=\"http:\/\/www.w3.org\/2000\/svg\"><path d=\"M256 8C119 8 8 119 8 256s111 248 248 248 248-111 248-248S393 8 256 8z\"><\/path><\/svg><\/div><div class=\"ctl-6 timeline-block-detail\"><div class=\"story-details\"><div class=\"story-content\">\n<figure class=\"wp-block-image ctlb-block-image\"><img decoding=\"async\" src=\"https:\/\/www.christian-doppler.net\/wp-content\/uploads\/1997.jpg\" alt=\"\" style=\"aspect-ratio:4\/3;object-fit:cover\"\/><\/figure>\n\n\n\n<h3 class=\"wp-block-heading ctlb-block-title\" style=\"padding-top:0px;padding-right:0px;padding-bottom:0px;padding-left:0px\">D\u00e9veloppement de m\u00e9thodes de refroidissement et de pi\u00e9geage des atomes \u00e0 l&rsquo;aide de la lumi\u00e8re laser<\/h3>\n\n\n\n<p class=\"ctlb-block-desc\" style=\"padding-top:0px;padding-right:0px;padding-bottom:0px;padding-left:0px\"><br><strong><a href=\"https:\/\/fr.wikipedia.org\/wiki\/Steven_Chu\" target=\"_blank\" rel=\"noreferrer noopener\">Steven Chu<\/a> (* 1948, \u00c9tats-Unis), <a href=\"https:\/\/fr.wikipedia.org\/wiki\/Claude_Cohen-Tannoudji\" target=\"_blank\" rel=\"noreferrer noopener\">Claude Cohen-Tannoudji<\/a> (* 1933, France &#8211; n\u00e9 en Alg\u00e9rie) et <a href=\"https:\/\/fr.wikipedia.org\/wiki\/William_D._Phillips\" target=\"_blank\" rel=\"noreferrer noopener\">William Daniel Phillips<\/a> (* 1948, \u00c9tats-Unis).<\/strong><br>Justification de l&rsquo;attribution du prix : \u00ab\u00a0pour leur d\u00e9veloppement de m\u00e9thodes de <a href=\"https:\/\/fr.wikipedia.org\/wiki\/Refroidissement_d%27atomes_par_laser\" target=\"_blank\" rel=\"noreferrer noopener\">refroidissement<\/a> et de <a href=\"https:\/\/fr.wikipedia.org\/wiki\/Pi%C3%A8ge_magn%C3%A9to-optique\" target=\"_blank\" rel=\"noreferrer noopener\">pi\u00e9geage<\/a> des atomes \u00e0 l&rsquo;aide de <a href=\"https:\/\/fr.wikipedia.org\/wiki\/Laser\" target=\"_blank\" rel=\"noreferrer noopener\">la lumi\u00e8re laser<\/a>\u00ab\u00a0.<br><br><small>Image : Claude Cohen-Tannoudji (2007) par <a href=\"\/\/commons.wikimedia.org\/wiki\/User:Amirber\">Amir Bernat<\/a> &#8211; I phtographed., <a href=\"http:\/\/www.gnu.org\/copyleft\/fdl.html\">GFDL<\/a>, <a href=\"https:\/\/commons.wikimedia.org\/w\/index.php?curid=4104959\">Lien<\/a><\/small><\/p>\n<\/div><\/div><\/div><\/div><\/div><\/div>\n\n\n\n<div class=\"wp-block-cp-timeline-content-timeline-block-child swiper-slide\"><div class=\"timeline-content icon-false \"><div class=\"timeline-block-timeline ctl-row  position-left\"><div class=\"ctl-6 timeline-block-time\"><div class=\"story-time\"><p>1989<\/p><\/div><\/div><div class=\"timeline-block-icon\"><svg stroke=\"currentColor\" fill=\"currentColor\" stroke-width=\"0\" viewBox=\"0 0 512 512\" height=\"1em\" width=\"1em\" xmlns=\"http:\/\/www.w3.org\/2000\/svg\"><path d=\"M256 8C119 8 8 119 8 256s111 248 248 248 248-111 248-248S393 8 256 8z\"><\/path><\/svg><\/div><div class=\"ctl-6 timeline-block-detail\"><div class=\"story-details\"><div class=\"story-content\">\n<h3 class=\"wp-block-heading ctlb-block-title\" style=\"padding-top:0px;padding-right:0px;padding-bottom:0px;padding-left:0px\">D\u00e9veloppement de la technique du pi\u00e8ge \u00e0 ions<\/h3>\n\n\n\n<p class=\"ctlb-block-desc\" style=\"padding-top:0px;padding-right:0px;padding-bottom:0px;padding-left:0px\"><br><strong><a href=\"https:\/\/fr.wikipedia.org\/wiki\/Wolfgang_Paul\" target=\"_blank\" rel=\"noreferrer noopener\">Wolfgang Paul<\/a>(1913-1993, Allemagne) <\/strong>et<strong> <a href=\"https:\/\/fr.wikipedia.org\/wiki\/Hans_Georg_Dehmelt\" target=\"_blank\" rel=\"noreferrer noopener\">Hans Georg Dehmelt<\/a> (1922-2017, \u00c9tats-Unis &#8211; n\u00e9 en Allemagne).<\/strong><br>Justification de l&rsquo;attribution du prix : \u00ab\u00a0pour leur d\u00e9veloppement de la technique du pi\u00e8ge \u00e0 ions\u00a0\u00bb.<br>\u00a0<\/p>\n<\/div><\/div><\/div><\/div><\/div><\/div>\n\n\n\n<div class=\"wp-block-cp-timeline-content-timeline-block-child swiper-slide\"><div class=\"timeline-content icon-false \"><div class=\"timeline-block-timeline ctl-row  position-right\"><div class=\"ctl-6 timeline-block-time\"><div class=\"story-time\"><p>1981<\/p><\/div><\/div><div class=\"timeline-block-icon\"><svg stroke=\"currentColor\" fill=\"currentColor\" stroke-width=\"0\" viewBox=\"0 0 512 512\" height=\"1em\" width=\"1em\" xmlns=\"http:\/\/www.w3.org\/2000\/svg\"><path d=\"M256 8C119 8 8 119 8 256s111 248 248 248 248-111 248-248S393 8 256 8z\"><\/path><\/svg><\/div><div class=\"ctl-6 timeline-block-detail\"><div class=\"story-details\"><div class=\"story-content\">\n<figure class=\"wp-block-image ctlb-block-image\"><img decoding=\"async\" src=\"https:\/\/www.christian-doppler.net\/wp-content\/uploads\/Johannes_Stark1.jpg\" alt=\"\" style=\"aspect-ratio:4\/3;object-fit:cover\"\/><\/figure>\n\n\n\n<h3 class=\"wp-block-heading ctlb-block-title\" style=\"padding-top:0px;padding-right:0px;padding-bottom:0px;padding-left:0px\">Contribution au d\u00e9veloppement de la spectroscopie laser<\/h3>\n\n\n\n<p class=\"ctlb-block-desc\" style=\"padding-top:0px;padding-right:0px;padding-bottom:0px;padding-left:0px\"><br><strong><a href=\"https:\/\/fr.wikipedia.org\/wiki\/Nicolaas_Bloembergen\" target=\"_blank\" rel=\"noreferrer noopener\">Nicolaas Bloembergen<\/a> (1920-2017, \u00c9tats-Unis &#8211; n\u00e9 aux Pays-Bas) et <a href=\"https:\/\/fr.wikipedia.org\/wiki\/Arthur_Leonard_Schawlow\" target=\"_blank\" rel=\"noreferrer noopener\">Arthur Leonard Schawlow<\/a> (1921-1999, \u00c9tats-Unis)<\/strong><br>Justification de l&rsquo;attribution du prix : \u00ab\u00a0pour leur contribution au d\u00e9veloppement de la spectroscopie laser\u00a0\u00bb.<\/p>\n<\/div><\/div><\/div><\/div><\/div><\/div>\n\n\n\n<div class=\"wp-block-cp-timeline-content-timeline-block-child swiper-slide\"><div class=\"timeline-content icon-false \"><div class=\"timeline-block-timeline ctl-row  position-left\"><div class=\"ctl-6 timeline-block-time\"><div class=\"story-time\"><p>1961<\/p><\/div><\/div><div class=\"timeline-block-icon\"><svg stroke=\"currentColor\" fill=\"currentColor\" stroke-width=\"0\" viewBox=\"0 0 512 512\" height=\"1em\" width=\"1em\" xmlns=\"http:\/\/www.w3.org\/2000\/svg\"><path d=\"M256 8C119 8 8 119 8 256s111 248 248 248 248-111 248-248S393 8 256 8z\"><\/path><\/svg><\/div><div class=\"ctl-6 timeline-block-detail\"><div class=\"story-details\"><div class=\"story-content\">\n<figure class=\"wp-block-image ctlb-block-image\"><img decoding=\"async\" src=\"https:\/\/www.christian-doppler.net\/wp-content\/uploads\/Mossbauer.jpg\" alt=\"\" style=\"aspect-ratio:4\/3;object-fit:cover\"\/><\/figure>\n\n\n\n<h3 class=\"wp-block-heading ctlb-block-title\" style=\"padding-top:0px;padding-right:0px;padding-bottom:0px;padding-left:0px\">\u00c9tudes sur l&rsquo;absorption des rayons gamma par r\u00e9sonance magn\u00e9tique nucl\u00e9aire &#8211; Effet M\u00f6\u00dfbauer<\/h3>\n\n\n\n<p class=\"ctlb-block-desc\" style=\"padding-top:0px;padding-right:0px;padding-bottom:0px;padding-left:0px\"><br><strong><a href=\"https:\/\/fr.wikipedia.org\/wiki\/Rudolf_M%C3%B6ssbauer\" target=\"_blank\" rel=\"noreferrer noopener\">Rudolf L. M\u00f6\u00dfbauer<\/a> (1929-2011, Allemagne)<\/strong><br><em>Justification de l&rsquo;attribution du prix : \u00ab\u00a0pour ses recherches sur l&rsquo;absorption par r\u00e9sonance des <a href=\"https:\/\/fr.wikipedia.org\/wiki\/Rayon_gamma\" target=\"_blank\" rel=\"noreferrer noopener\">rayons gamma<\/a> et sa d\u00e9couverte associ\u00e9e, qui porte le nom <a href=\"https:\/\/fr.wikipedia.org\/wiki\/Effet_M%C3%B6ssbauer\" target=\"_blank\" rel=\"noreferrer noopener\">d&rsquo;effet M\u00f6\u00dfbauer<\/a>\u201c.<br><\/em><br>Ce Munichois d&rsquo;origine &#8211; qui, \u00e0 32 ans, \u00e9tait alors l&rsquo;un des plus jeunes laur\u00e9ats du prix Nobel &#8211; a notamment d\u00e9couvert le ph\u00e9nom\u00e8ne suivant : lorsqu&rsquo;un noyau atomique fait partie d&rsquo;un cristal, son comportement d&rsquo;absorption est diff\u00e9rent de celui qu&rsquo;il aurait \u00e0 l&rsquo;\u00e9tat libre, et le noyau produit une autre raie spectrale en tenant compte du d\u00e9calage de fr\u00e9quence Doppler.<\/p>\n<\/div><\/div><\/div><\/div><\/div><\/div>\n\n\n\n<div class=\"wp-block-cp-timeline-content-timeline-block-child swiper-slide\"><div class=\"timeline-content icon-false \"><div class=\"timeline-block-timeline ctl-row  position-right\"><div class=\"ctl-6 timeline-block-time\"><div class=\"story-time\"><p>1919<\/p><\/div><\/div><div class=\"timeline-block-icon\"><svg stroke=\"currentColor\" fill=\"currentColor\" stroke-width=\"0\" viewBox=\"0 0 512 512\" height=\"1em\" width=\"1em\" xmlns=\"http:\/\/www.w3.org\/2000\/svg\"><path d=\"M256 8C119 8 8 119 8 256s111 248 248 248 248-111 248-248S393 8 256 8z\"><\/path><\/svg><\/div><div class=\"ctl-6 timeline-block-detail\"><div class=\"story-details\"><div class=\"story-content\">\n<figure class=\"wp-block-image ctlb-block-image\"><img decoding=\"async\" src=\"https:\/\/www.christian-doppler.net\/wp-content\/uploads\/Johannes_Stark.jpg\" alt=\"\" style=\"aspect-ratio:4\/3;object-fit:cover\"\/><\/figure>\n\n\n\n<h3 class=\"wp-block-heading ctlb-block-title\" style=\"padding-top:0px;padding-right:0px;padding-bottom:0px;padding-left:0px\">Mise en \u00e9vidence de l&rsquo;effet Doppler par des faisceaux de canaux et la s\u00e9paration des lignes spectrales dans le champ \u00e9lectrique<\/h3>\n\n\n\n<p class=\"ctlb-block-desc\" style=\"padding-top:0px;padding-right:0px;padding-bottom:0px;padding-left:0px\"><br><strong><a href=\"https:\/\/fr.wikipedia.org\/wiki\/Johannes_Stark\" target=\"_blank\" rel=\"noreferrer noopener\">Johannes Stark<\/a> (1874-1957, Allemagne)<\/strong><br><em>Justification de l&rsquo;attribution du prix : \u00ab\u00a0pour sa d\u00e9couverte de <a href=\"https:\/\/fr.wikipedia.org\/wiki\/Effet_Doppler\" target=\"_blank\" rel=\"noreferrer noopener\">l&rsquo;effet Doppler<\/a> dans les <a href=\"https:\/\/fr.wikipedia.org\/wiki\/Rayons_canaux\" target=\"_blank\" rel=\"noreferrer noopener\">faisceaux de canaux<\/a> et de la d\u00e9composition des <a href=\"https:\/\/fr.wikipedia.org\/wiki\/Raie_spectrale\" target=\"_blank\" rel=\"noreferrer noopener\">lignes spectrales<\/a> dans le champ \u00e9lectrique\u00a0\u00bb (<a href=\"https:\/\/fr.wikipedia.org\/wiki\/Effet_Stark\" target=\"_blank\" rel=\"noreferrer noopener\">effet Stark<\/a>)<br><\/em><br>Le physicien allemand avait d\u00e9j\u00e0 d\u00e9couvert l&rsquo;effet Doppler optique dans les faisceaux de canaux en 1905 : Stark avait pu d\u00e9montrer exp\u00e9rimentalement l&rsquo;hypoth\u00e8se de Doppler selon laquelle le mouvement d&rsquo;une source lumineuse avait une influence sur la fr\u00e9quence \u00e9mise.<\/p>\n<\/div><\/div><\/div><\/div><\/div><\/div>\n<\/div><\/div><\/div><\/div>\n<style class=\"advgb-styles-renderer\">.cool-timeline-block-8fe9c19f-4d0c-4e73-9c0c-5c06e76e76b8 .cool-vertical-timeline-body{--ctlb-icon-color: #fff;--ctlb-line-color: #ffa500;--ctlb-icon-bg: #131313;--ctlb-story-border-color: #000000;}<\/style>","protected":false},"excerpt":{"rendered":"<p>L&rsquo;inventeur et chimiste su\u00e9dois Alfred Nobel (1833-1896) a rapidement b\u00e2ti une grande fortune gr\u00e2ce \u00e0 la d\u00e9couverte et au brevetage (1867) de la dynamite. Dans son testament, il a stipul\u00e9 que sa fortune devait constituer \u00ab\u00a0un fonds dont les int\u00e9r\u00eats annuels seront attribu\u00e9s sous forme de prix (prix Nobel, depuis 1901) \u00e0 ceux qui ont apport\u00e9 le plus grand b\u00e9n\u00e9fice [&hellip;]<\/p>\n","protected":false},"author":1,"featured_media":0,"parent":0,"menu_order":0,"comment_status":"closed","ping_status":"closed","template":"","meta":{"_acf_changed":false,"advgb_blocks_editor_width":"","advgb_blocks_columns_visual_guide":"","footnotes":""},"class_list":["post-6914","page","type-page","status-publish","hentry"],"acf":[],"featured_image_urls_v2":{"full":"","thumbnail":"","medium":"","medium_large":"","large":"","timeline-express":"","timeline-express-thumbnail":"","1536x1536":"","2048x2048":""},"post_excerpt_stackable_v2":"<p>L&rsquo;inventeur et chimiste su\u00e9dois Alfred Nobel (1833-1896) a rapidement b\u00e2ti une grande fortune gr\u00e2ce \u00e0 la d\u00e9couverte et au brevetage (1867) de la dynamite. Dans son testament, il a stipul\u00e9 que sa fortune devait constituer \u00ab\u00a0un fonds dont les int\u00e9r\u00eats annuels seront attribu\u00e9s sous forme de prix (prix Nobel, depuis 1901) \u00e0 ceux qui ont apport\u00e9 le plus grand b\u00e9n\u00e9fice \u00e0 l&rsquo;humanit\u00e9 au cours de l&rsquo;ann\u00e9e \u00e9coul\u00e9e\u00a0\u00bb, et ce \u00e0 parts \u00e9gales entre les laur\u00e9ats dans cinq domaines : Physique, Chimie, Physiologie ou M\u00e9decine, Litt\u00e9rature et Paix. A l&rsquo;\u00e9poque, on ne se doutait gu\u00e8re de l&rsquo;influence qu&rsquo;aurait la d\u00e9couverte de\u2026<\/p>\n","category_list_v2":"","author_info_v2":{"name":"Technik Admin","url":"https:\/\/www.christian-doppler.net\/fr\/author\/wp_admin\/"},"comments_num_v2":"0 commentaire","coauthors":[],"author_meta":{"author_link":"https:\/\/www.christian-doppler.net\/fr\/author\/wp_admin\/","display_name":"Technik Admin"},"relative_dates":{"created":"Publi\u00e9 3 ans il y a","modified":"Mis \u00e0 jour 2 ans il y a"},"absolute_dates":{"created":"Publi\u00e9 le 17 novembre 2022","modified":"Mise \u00e0 jour le 15 mai 2024"},"absolute_dates_time":{"created":"Publi\u00e9 le 17 novembre 2022 13h35","modified":"Mise \u00e0 jour le 15 mai 2024 14h37"},"featured_img_caption":"","featured_img":false,"series_order":"","_links":{"self":[{"href":"https:\/\/www.christian-doppler.net\/fr\/wp-json\/wp\/v2\/pages\/6914","targetHints":{"allow":["GET"]}}],"collection":[{"href":"https:\/\/www.christian-doppler.net\/fr\/wp-json\/wp\/v2\/pages"}],"about":[{"href":"https:\/\/www.christian-doppler.net\/fr\/wp-json\/wp\/v2\/types\/page"}],"author":[{"embeddable":true,"href":"https:\/\/www.christian-doppler.net\/fr\/wp-json\/wp\/v2\/users\/1"}],"replies":[{"embeddable":true,"href":"https:\/\/www.christian-doppler.net\/fr\/wp-json\/wp\/v2\/comments?post=6914"}],"version-history":[{"count":3,"href":"https:\/\/www.christian-doppler.net\/fr\/wp-json\/wp\/v2\/pages\/6914\/revisions"}],"predecessor-version":[{"id":7338,"href":"https:\/\/www.christian-doppler.net\/fr\/wp-json\/wp\/v2\/pages\/6914\/revisions\/7338"}],"wp:attachment":[{"href":"https:\/\/www.christian-doppler.net\/fr\/wp-json\/wp\/v2\/media?parent=6914"}],"curies":[{"name":"wp","href":"https:\/\/api.w.org\/{rel}","templated":true}]}}