{"id":6901,"date":"2022-11-15T17:21:50","date_gmt":"2022-11-15T16:21:50","guid":{"rendered":"https:\/\/www.christian-doppler.net\/?page_id=6901"},"modified":"2022-11-15T17:21:50","modified_gmt":"2022-11-15T16:21:50","slug":"apercu-des-evenements-de-lannee-du-jubile","status":"publish","type":"page","link":"https:\/\/www.christian-doppler.net\/fr\/apercu-des-evenements-de-lannee-du-jubile\/","title":{"rendered":"Aper\u00e7u des \u00e9v\u00e9nements de l&rsquo;ann\u00e9e du jubil\u00e9"},"content":{"rendered":"<p><!-- tailor:tailor_section:5c49ba9b06897 --><\/p>\n<div class=\"tailor-element tailor-section tailor-5c49ba9b06897\">\n<div class=\"tailor-section__content\">\n<p><!-- tailor:tailor_content:5c49ba9b06898 --><\/p>\n<div class=\"tailor-element tailor-content tailor-5c49ba9b06898\">\n<p style=\"margin-bottom: 18.0pt;\"><span style=\"font-family: 'Arial',sans-serif; color: #404040;\">Aper\u00e7u des manifestations organis\u00e9es par le Christian Doppler Fonds et ses partenaires de coop\u00e9ration en 2017, ann\u00e9e de son anniversaire :<\/span><\/p>\n<ul>\n<li><strong><a href=\"https:\/\/www.christian-doppler.net\/symposium-salzburg\/\">Symposium du jubil\u00e9<\/a><br \/>\n<\/strong>Du 1er au 3 juin 2017, le symposium s&rsquo;est d\u00e9roul\u00e9 \u00e0 Salzbourg dans le grand auditorium de l&rsquo;universit\u00e9 et dans le b\u00e2timent du laboratoire universitaire des Sciences : City Itzling, avec une ouverture festive le 1er juin et des intervenants de renom issus du monde politique, scientifique et \u00e9conomique. Une rencontre entre les lyc\u00e9es Christian-Doppler de Salzbourg et de Prague a eu lieu dans le cadre du symposium. Deux classes ont \u00e9t\u00e9 s\u00e9lectionn\u00e9es et ont b\u00e9n\u00e9fici\u00e9 d&rsquo;un programme passionnant et color\u00e9 autour de Christian Doppler. Elles ont notamment particip\u00e9 \u00e0 un atelier de graffiti (avec immortalisation de Christian Doppler sur le \u00ab\u00a0hall of fame\u00a0\u00bb) et visit\u00e9 l&rsquo;exposition Doppler \u00e0 la Maison de la Nature.<\/li>\n<li><strong>Doppler \u2013 Plate-forme Internet<\/strong><br \/>\nLa plate-forme Internet multim\u00e9dia www.christian-doppler.net a \u00e9t\u00e9 con\u00e7ue et r\u00e9alis\u00e9e \u00e0 l&rsquo;occasion de l&rsquo;ann\u00e9e anniversaire du CD &#8211; elle est constamment aliment\u00e9e en contenus.<\/li>\n<li><a href=\"https:\/\/www.christian-doppler.net\/neue-doppler-publikation\/\"><strong>Pr\u00e9sentation du livre \u00ab\u00a0Christian Doppler\u00a0\u00bb de Clemens Hutter<\/strong><\/a><br \/>\nLa nouvelle publication Doppler aux \u00e9ditions Anton Pustet a \u00e9t\u00e9 pr\u00e9sent\u00e9e par son auteur, Clemens Hutter, le 22 f\u00e9vrier 2017 \u00e0 18h00 \u00e0 la Maison de la Nature.<\/li>\n<li><a href=\"https:\/\/www.christian-doppler.net\/christian-doppler-skulptur\/\"><strong>B\u00e2timent de laboratoire Sciences : City Itzling &#8211; Hommage \u00e0 Christian Doppler<\/strong><\/a><br \/>\nLe nouveau b\u00e2timent de laboratoires de la facult\u00e9 des sciences de l&rsquo;universit\u00e9 de Salzbourg \u00e0 Itzling abrite d\u00e9sormais le si\u00e8ge du Christian Doppler Fonds. La biblioth\u00e8que Doppler et les archives Doppler sont \u00e9galement install\u00e9es dans le b\u00e2timent. Une sculpture en pierre de Christian Doppler, con\u00e7ue par Alexander Steinwendtner, a \u00e9t\u00e9 \u00e9rig\u00e9e \u00e0 l&rsquo;entr\u00e9e du b\u00e2timent et un amphith\u00e9\u00e2tre a \u00e9t\u00e9 baptis\u00e9 du nom de Christian Doppler.<\/li>\n<li><a href=\"https:\/\/www.christian-doppler.net\/kreativwettbewerb\/\"><strong>Concours cr\u00e9atif sur le th\u00e8me de l&rsquo;effet Doppler<\/strong><\/a><br \/>\nEn collaboration avec la ville de Salzbourg, un concours de cr\u00e9ativit\u00e9 a \u00e9t\u00e9 organis\u00e9 pour les \u00e9l\u00e8ves. Les <a href=\"https:\/\/www.christian-doppler.net\/auszeichnungen-beim-kreativwettbewerb-zu-schwingungen-wellen\/\">meilleures id\u00e9es<\/a> ont \u00e9t\u00e9 pr\u00e9sent\u00e9es et r\u00e9compens\u00e9es dans le cadre du symposium.<\/li>\n<li><strong><a href=\"https:\/\/www.christian-doppler.net\/ringvorlesung\/\">Cycle de conf\u00e9rences \u00e0 l&rsquo;Universit\u00e9 de Salzbourg<\/a><\/strong><br \/>\nAu semestre d&rsquo;\u00e9t\u00e9 2017, un cycle de conf\u00e9rences a \u00e9t\u00e9 organis\u00e9 sur le th\u00e8me \u00ab\u00a0175 ans de principe Doppler\u00a0\u00bb (du 6 mars au 26 juin 2017, le lundi de 17h \u00e0 19h, HS 380, Rudolfskai 42) avec des intervenants issus des sciences naturelles, culturelles et sociales.<\/li>\n<li><strong><a href=\"https:\/\/www.christian-doppler.net\/christian-doppler-preis-2017\/\">Les prix Christian Doppler<\/a><br \/>\n<\/strong>En 2017, le Land de Salzbourg d\u00e9cernera \u00e0 nouveau des prix Christian-Doppler d&rsquo;un montant de 12 000 \u20ac pour des travaux et des inventions dans le domaine des sciences naturelles. La date limite de d\u00e9p\u00f4t des candidatures \u00e9tait fix\u00e9e au 31 juillet 2017.<\/li>\n<li><strong><a href=\"https:\/\/www.christian-doppler.net\/red-blue-shift\/\">Concerts Doppler de l&rsquo;Universit\u00e9 Mozarteum<\/a> <\/strong><br \/>\nDans le cadre de la s\u00e9rie de concerts \u00ab\u00a0Concerts Doppler\u00a0\u00bb de l&rsquo;Ensemble de musique contemporaine de l&rsquo;Universit\u00e9 Mozarteum sous la direction de Marino Formenti, le 4e concert Doppler a eu lieu le 2 juin 2017 \u00e0 l&rsquo;occasion du symposium d&rsquo;anniversaire. D&rsquo;autres concerts ont suivi.<\/li>\n<li><a href=\"https:\/\/www.christian-doppler.net\/christian-doppler-kompositionspreis-2017\/\"><strong>Concours de composition Christian Doppler<\/strong><\/a><span><br \/>\nMise au concours d&rsquo;un prix de composition de l&rsquo;Universit\u00e9 Mozarteum en rapport avec l&rsquo;\u0153uvre de Christian Doppler, avec des repr\u00e9sentations \u00e0 Salzbourg, Vienne, Linz et Graz.<br \/>\n<\/span><\/li>\n<li><a href=\"https:\/\/www.christian-doppler.net\/wp-content\/uploads\/Einladung_air_067_artport_Doppler_AUG17_WEB.pdf\"><strong>Exposition et prix d&rsquo;art Christian Doppler \u00e0 l&rsquo;a\u00e9roport de Salzbourg<\/strong><\/a><br \/>\nEn collaboration avec l&rsquo;a\u00e9roport de Salzbourg, un prix artistique a \u00e9t\u00e9 d\u00e9cern\u00e9 le 13 septembre en hommage \u00e0 Christian Doppler et une exposition avec d&rsquo;autres travaux a \u00e9t\u00e9 inaugur\u00e9e \u00e0 la galerie de l&rsquo;a\u00e9roport de Salzbourg, qui pouvait \u00eatre visit\u00e9e jusqu&rsquo;au 9 d\u00e9cembre.<\/li>\n<li><strong><a href=\"https:\/\/www.akad400.at\/index.html\">Semaine de festivit\u00e9s du lyc\u00e9e acad\u00e9mique<\/a><br \/>\n<\/strong>Le 9 novembre 2017, une plaque comm\u00e9morative Christian Doppler &amp; Simon Stampfer a \u00e9t\u00e9 d\u00e9voil\u00e9e \u00e0 l&rsquo;Akademisches Gymnasium dans le cadre du 400e anniversaire de l&rsquo;\u00e9cole, en l&rsquo;honneur de ses \u00e9minents \u00e9l\u00e8ves et professeurs.<\/li>\n<li><strong>S\u00e9rie de manifestations du Salzburger Bildungswerk<br \/>\n<\/strong>Le Salzburger Bildungswerk a lanc\u00e9 en automne une s\u00e9rie de manifestations sur Christian Doppler et l&rsquo;effet Doppler, avec des conf\u00e9rences et des visites guid\u00e9es, par exemple <a href=\"https:\/\/www.christian-doppler.net\/wp-content\/uploads\/Doppler-Genie-aus-Salzburg_A3.pdf\">Christian Doppler &#8211; visite de l&rsquo;exposition permanente de la Haus der Natur, 28.10.2017<\/a><\/li>\n<li><strong>Exposition Christian Doppler \u00e0 la Maison de la Nature<\/strong><br \/>\nMise \u00e0 jour de l&rsquo;espace d&rsquo;exposition consacr\u00e9 \u00e0 Christian Doppler au mus\u00e9e Haus der Natur de Salzbourg.<\/li>\n<li><strong>Rapport d&rsquo;activit\u00e9 30 ans du Fond Christian Doppler<\/strong><br \/>\nLe Fond Doppler f\u00eatera \u00e9galement un anniversaire en 2017 : 30 ans d&rsquo;activit\u00e9 du Fond Christian Doppler seront document\u00e9s dans une nouvelle brochure.<\/li>\n<li><strong>Projet Schemnitz<br \/>\n<\/strong>La ville de Bansk\u00e1 \u0160tiavnica (anciennement Schemnitz), en Slovaquie, class\u00e9e au patrimoine mondial de l&rsquo;UNESCO, est un lieu d&rsquo;activit\u00e9 de Doppler (1847-1850) qui n&rsquo;a gu\u00e8re \u00e9t\u00e9 \u00e9tudi\u00e9 jusqu&rsquo;\u00e0 pr\u00e9sent. Des recherches sont pr\u00e9vues \u00e0 l&rsquo;Acad\u00e9mie des mines de cette ville et le traitement de documents d&rsquo;archives en allemand et en slovaque. L&rsquo;apposition d&rsquo;une plaque comm\u00e9morative est pr\u00e9vue.<\/li>\n<li><strong>Coop\u00e9rations<\/strong><br \/>\navec la <a href=\"https:\/\/www.cdg.ac.at\/\" target=\"_blank\" rel=\"noopener\">soci\u00e9t\u00e9 de recherche Christian-Doppler<\/a> (CDG) \u00e0 Vienne<br \/>\navec les lyc\u00e9es Christian Doppler de <a href=\"http:\/\/www.cdgym.at\/\">Salzbourg<\/a> et de <a href=\"https:\/\/gchd.cz\/for-foreigners\/fj\">Prague<\/a><br \/>\navec la <a href=\"http:\/\/www.landeskunde.at\/\" target=\"_blank\" rel=\"noopener\">l&rsquo;association de la ville de Salzbourg<\/a>, qui invite le 22 novembre 2017 \u00e0 un entretien intitul\u00e9 \u00ab\u00a0Sur les traces de Christian Doppler\u00a0\u00bb avec Peter M. Schuster et Ewald Hiebl.<br \/>\navec <a href=\"http:\/\/www.stadtverein.at\/\">Salzburger Stadtverein<\/a>, dont la revue Bastei a publi\u00e9 en juin 2017 un article sur Christian Doppler.<br \/>\navec le <a href=\"https:\/\/www.echophysics.org\/\" target=\"_blank\" rel=\"noopener\">Centre europ\u00e9en pour l&rsquo;histoire de la physique ECHOPHYSICS<\/a> (European Centre for the History of Physics) au ch\u00e2teau de P\u00f6llau, en Styrie.<br \/>\navec la <a href=\"http:\/\/www.salk.at\/Christian-Doppler-Klinik.html\" target=\"_blank\" rel=\"noopener\">clinique Christian Doppler<\/a> et <a href=\"http:\/\/www.pmu.ac.at\/\" target=\"_blank\" rel=\"noopener\">l&rsquo;universit\u00e9 priv\u00e9e PMU<\/a> \u00e0 Salzbourg<br \/>\navec le <a href=\"http:\/\/www.salzburgerbildungswerk.at\/de\">Salzburger Bildungswerk<\/a><\/li>\n<li><strong>Autres initiatives &#8230;<\/strong><br \/>\nentretien des sites comm\u00e9moratifs Doppler en Allemagne et \u00e0 l&rsquo;\u00e9tranger<br \/>\nRelations publiques, cr\u00e9ation d&rsquo;un bulletin d&rsquo;information.<\/li>\n<\/ul>\n<p><strong>Soutenu par :<\/strong><\/p>\n<p><a href=\"http:\/\/stadt-salzburg.at\/\"><img loading=\"lazy\" decoding=\"async\" class=\"alignleft wp-image-568 size-full\" src=\"https:\/\/www.christian-doppler.net\/wp-content\/uploads\/stadtsalzburg.png\" alt=\"Ville de Salzbourg\" width=\"200\" height=\"35\" \/><\/a> <a href=\"https:\/\/www.salzburg.gv.at\/\"><img loading=\"lazy\" decoding=\"async\" class=\"alignnone wp-image-567\" src=\"https:\/\/www.christian-doppler.net\/wp-content\/uploads\/landsalzburg.png\" alt=\"Land de Salzbourg\" width=\"136\" height=\"47\" \/><\/a><\/p>\n<\/div>\n<p><!-- \/tailor:tailor_content:5c49ba9b06898 --><\/p>\n<\/div>\n<\/div>\n<p><!-- \/tailor:tailor_section:5c49ba9b06897 --><\/p>\n","protected":false},"excerpt":{"rendered":"<p>Aper\u00e7u des manifestations organis\u00e9es par le Christian Doppler Fonds et ses partenaires de coop\u00e9ration en 2017, ann\u00e9e de son anniversaire : Symposium du jubil\u00e9 Du 1er au 3 juin 2017, le symposium s&rsquo;est d\u00e9roul\u00e9 \u00e0 Salzbourg dans le grand auditorium de l&rsquo;universit\u00e9 et dans le b\u00e2timent du laboratoire universitaire des Sciences : City Itzling, avec une ouverture festive le 1er [&hellip;]<\/p>\n","protected":false},"author":1,"featured_media":0,"parent":0,"menu_order":0,"comment_status":"closed","ping_status":"closed","template":"","meta":{"_acf_changed":false,"advgb_blocks_editor_width":"","advgb_blocks_columns_visual_guide":"","footnotes":""},"class_list":["post-6901","page","type-page","status-publish","hentry"],"acf":[],"featured_image_urls_v2":{"full":"","thumbnail":"","medium":"","medium_large":"","large":"","timeline-express":"","timeline-express-thumbnail":"","1536x1536":"","2048x2048":""},"post_excerpt_stackable_v2":"<p>Aper\u00e7u des manifestations organis\u00e9es par le Christian Doppler Fonds et ses partenaires de coop\u00e9ration en 2017, ann\u00e9e de son anniversaire : Symposium du jubil\u00e9 Du 1er au 3 juin 2017, le symposium s&rsquo;est d\u00e9roul\u00e9 \u00e0 Salzbourg dans le grand auditorium de l&rsquo;universit\u00e9 et dans le b\u00e2timent du laboratoire universitaire des Sciences : City Itzling, avec une ouverture festive le 1er juin et des intervenants de renom issus du monde politique, scientifique et \u00e9conomique. Une rencontre entre les lyc\u00e9es Christian-Doppler de Salzbourg et de Prague a eu lieu dans le cadre du symposium. Deux classes ont \u00e9t\u00e9 s\u00e9lectionn\u00e9es et ont b\u00e9n\u00e9fici\u00e9\u2026<\/p>\n","category_list_v2":"","author_info_v2":{"name":"Technik Admin","url":"https:\/\/www.christian-doppler.net\/fr\/author\/wp_admin\/"},"comments_num_v2":"0 commentaire","coauthors":[],"author_meta":{"author_link":"https:\/\/www.christian-doppler.net\/fr\/author\/wp_admin\/","display_name":"Technik Admin"},"relative_dates":{"created":"Publi\u00e9 3 ans il y a","modified":"Mis \u00e0 jour 3 ans il y a"},"absolute_dates":{"created":"Publi\u00e9 le 15 novembre 2022","modified":"Mise \u00e0 jour le 15 novembre 2022"},"absolute_dates_time":{"created":"Publi\u00e9 le 15 novembre 2022 17h21","modified":"Mise \u00e0 jour le 15 novembre 2022 17h21"},"featured_img_caption":"","featured_img":false,"series_order":"","_links":{"self":[{"href":"https:\/\/www.christian-doppler.net\/fr\/wp-json\/wp\/v2\/pages\/6901","targetHints":{"allow":["GET"]}}],"collection":[{"href":"https:\/\/www.christian-doppler.net\/fr\/wp-json\/wp\/v2\/pages"}],"about":[{"href":"https:\/\/www.christian-doppler.net\/fr\/wp-json\/wp\/v2\/types\/page"}],"author":[{"embeddable":true,"href":"https:\/\/www.christian-doppler.net\/fr\/wp-json\/wp\/v2\/users\/1"}],"replies":[{"embeddable":true,"href":"https:\/\/www.christian-doppler.net\/fr\/wp-json\/wp\/v2\/comments?post=6901"}],"version-history":[{"count":1,"href":"https:\/\/www.christian-doppler.net\/fr\/wp-json\/wp\/v2\/pages\/6901\/revisions"}],"predecessor-version":[{"id":6902,"href":"https:\/\/www.christian-doppler.net\/fr\/wp-json\/wp\/v2\/pages\/6901\/revisions\/6902"}],"wp:attachment":[{"href":"https:\/\/www.christian-doppler.net\/fr\/wp-json\/wp\/v2\/media?parent=6901"}],"curies":[{"name":"wp","href":"https:\/\/api.w.org\/{rel}","templated":true}]}}