{"id":6895,"date":"2022-11-15T16:15:23","date_gmt":"2022-11-15T15:15:23","guid":{"rendered":"https:\/\/www.christian-doppler.net\/?page_id=6895"},"modified":"2022-11-29T09:18:13","modified_gmt":"2022-11-29T08:18:13","slug":"lannee-du-jubile-2017","status":"publish","type":"page","link":"https:\/\/www.christian-doppler.net\/fr\/lannee-du-jubile-2017\/","title":{"rendered":"L&rsquo;ann\u00e9e du jubil\u00e9 2017"},"content":{"rendered":"<p>Le 25 mai 1842, il y a 175 ans, le physicien et math\u00e9maticien Christian Andreas Doppler, n\u00e9 le 29 novembre 1803 au num\u00e9ro 1 de la Makartplatz \u00e0 Salzbourg, pr\u00e9sentait son \u0153uvre principale \u00e0 l&rsquo;universit\u00e9 de Prague :<\/p>\n<p><em>\u00ab\u00a0Ueber das farbige Licht der Doppelsterne und einige anderen Gestirne des Himmels\u00a0\u00bb (Sur la lumi\u00e8re color\u00e9e des \u00e9toiles doubles et de quelques autres astres du ciel).<br \/>\n<\/em><br \/>\nCe travail scientifique allait rendre Christian Doppler mondialement connu, il d\u00e9crit l&rsquo;influence de l&rsquo;\u00e9tat de mouvement des objets c\u00e9lestes sur leur couleur, un principe naturel qui portera plus tard son nom et qui est aujourd&rsquo;hui connu sous le nom d&rsquo;effet Doppler.<\/p>\n<p>En septembre 1909, lors de la 81e assembl\u00e9e de la \u00ab\u00a0Gesellschaft deutscher Naturforscher und \u00c4rzte\u00a0\u00bb (Soci\u00e9t\u00e9 des naturalistes et m\u00e9decins allemands) \u00e0 l&rsquo;\u00e9cole Andr\u00e4 de Salzbourg, Albert Einstein a pr\u00e9sent\u00e9 la th\u00e9orie de la relativit\u00e9 \u00e0 de nombreux repr\u00e9sentants de l&rsquo;\u00e9lite scientifique de l&rsquo;\u00e9poque (Max Planck, Lise Meitner, Max von Laue, Wilhelm Wien, Max Born, etc. et a impr\u00e9gn\u00e9 la phrase\u00a0:<\/p>\n<p><em>\u00ab\u00a0Quelle que soit la forme que prendra la th\u00e9orie des processus \u00e9lectromagn\u00e9tiques, le principe Doppler sera conserv\u00e9 dans tous les cas\u00a0\u00bb.<br \/>\n<\/em><br \/>\nEn 2007, le physicien quantique et pr\u00e9sident de l&rsquo;Acad\u00e9mie autrichienne des sciences Anton Zeilinger a d\u00e9clar\u00e9, lors de sa conf\u00e9rence \u00e0 l&rsquo;universit\u00e9 de Salzbourg, que l&rsquo;effet Doppler \u00e9tait : <em>\u00ab\u00a0l&rsquo;effet mill\u00e9naire\u00a0\u00bb<\/em><\/p>\n<p>Peu de d\u00e9couvertes en sciences ont eu un impact aussi d\u00e9cisif sur notre vision du monde que le principe Doppler. Pas moins de 19 recherches r\u00e9compens\u00e9es par des prix Nobel, avec d&rsquo;innombrables applications dans les domaines les plus divers des sciences, de la m\u00e9decine et de la technique, reposent sur une application directe ou indirecte de l&rsquo;effet Doppler. Outre Wolfgang Amadeus Mozart, Christian Andreas Doppler est aujourd&rsquo;hui probablement le Salzbourgeois le plus connu au monde. Les d\u00e9couvertes scientifiques r\u00e9volutionnaires de Doppler font partie int\u00e9grante de notre vie quotidienne, tant par leur importance fondamentale pour notre vie de tous les jours que par leur dimension \u00e9pist\u00e9mologique qui caract\u00e9rise notre vision moderne du monde.<\/p>\n<p>Selon la devise de Christian Andreas Doppler<\/p>\n<p><em>\u00ab\u00a0Les recherches les plus enrichissantes sont celles qui, en r\u00e9jouissant le penseur, sont en m\u00eame temps utiles \u00e0 l&rsquo;humanit\u00e9\u00a0\u00bb<br \/>\n<\/em><br \/>\nle Fonds Christian Doppler a saisi l&rsquo;occasion de l&rsquo;ann\u00e9e anniversaire 2017 &#8211; 175 ans de l&rsquo;effet Doppler &#8211; pour rendre hommage \u00e0 la vie et \u00e0 l&rsquo;\u0153uvre de Christian Andreas Doppler \u00e0 travers de nombreuses manifestations et les rendre ainsi accessibles \u00e0 un large public.<\/p>\n","protected":false},"excerpt":{"rendered":"<p>Le 25 mai 1842, il y a 175 ans, le physicien et math\u00e9maticien Christian Andreas Doppler, n\u00e9 le 29 novembre 1803 au num\u00e9ro 1 de la Makartplatz \u00e0 Salzbourg, pr\u00e9sentait son \u0153uvre principale \u00e0 l&rsquo;universit\u00e9 de Prague : \u00ab\u00a0Ueber das farbige Licht der Doppelsterne und einige anderen Gestirne des Himmels\u00a0\u00bb (Sur la lumi\u00e8re color\u00e9e des \u00e9toiles doubles et de quelques [&hellip;]<\/p>\n","protected":false},"author":1,"featured_media":0,"parent":0,"menu_order":0,"comment_status":"closed","ping_status":"closed","template":"","meta":{"_acf_changed":false,"advgb_blocks_editor_width":"","advgb_blocks_columns_visual_guide":"","footnotes":""},"class_list":["post-6895","page","type-page","status-publish","hentry"],"acf":[],"featured_image_urls_v2":{"full":"","thumbnail":"","medium":"","medium_large":"","large":"","timeline-express":"","timeline-express-thumbnail":"","1536x1536":"","2048x2048":""},"post_excerpt_stackable_v2":"<p>Le 25 mai 1842, il y a 175 ans, le physicien et math\u00e9maticien Christian Andreas Doppler, n\u00e9 le 29 novembre 1803 au num\u00e9ro 1 de la Makartplatz \u00e0 Salzbourg, pr\u00e9sentait son \u0153uvre principale \u00e0 l&rsquo;universit\u00e9 de Prague : \u00ab\u00a0Ueber das farbige Licht der Doppelsterne und einige anderen Gestirne des Himmels\u00a0\u00bb (Sur la lumi\u00e8re color\u00e9e des \u00e9toiles doubles et de quelques autres astres du ciel). Ce travail scientifique allait rendre Christian Doppler mondialement connu, il d\u00e9crit l&rsquo;influence de l&rsquo;\u00e9tat de mouvement des objets c\u00e9lestes sur leur couleur, un principe naturel qui portera plus tard son nom et qui est aujourd&rsquo;hui connu\u2026<\/p>\n","category_list_v2":"","author_info_v2":{"name":"Technik Admin","url":"https:\/\/www.christian-doppler.net\/fr\/author\/wp_admin\/"},"comments_num_v2":"0 commentaire","coauthors":[],"author_meta":{"author_link":"https:\/\/www.christian-doppler.net\/fr\/author\/wp_admin\/","display_name":"Technik Admin"},"relative_dates":{"created":"Publi\u00e9 3 ans il y a","modified":"Mis \u00e0 jour 3 ans il y a"},"absolute_dates":{"created":"Publi\u00e9 le 15 novembre 2022","modified":"Mise \u00e0 jour le 29 novembre 2022"},"absolute_dates_time":{"created":"Publi\u00e9 le 15 novembre 2022 16h15","modified":"Mise \u00e0 jour le 29 novembre 2022 9h18"},"featured_img_caption":"","featured_img":false,"series_order":"","_links":{"self":[{"href":"https:\/\/www.christian-doppler.net\/fr\/wp-json\/wp\/v2\/pages\/6895","targetHints":{"allow":["GET"]}}],"collection":[{"href":"https:\/\/www.christian-doppler.net\/fr\/wp-json\/wp\/v2\/pages"}],"about":[{"href":"https:\/\/www.christian-doppler.net\/fr\/wp-json\/wp\/v2\/types\/page"}],"author":[{"embeddable":true,"href":"https:\/\/www.christian-doppler.net\/fr\/wp-json\/wp\/v2\/users\/1"}],"replies":[{"embeddable":true,"href":"https:\/\/www.christian-doppler.net\/fr\/wp-json\/wp\/v2\/comments?post=6895"}],"version-history":[{"count":2,"href":"https:\/\/www.christian-doppler.net\/fr\/wp-json\/wp\/v2\/pages\/6895\/revisions"}],"predecessor-version":[{"id":6967,"href":"https:\/\/www.christian-doppler.net\/fr\/wp-json\/wp\/v2\/pages\/6895\/revisions\/6967"}],"wp:attachment":[{"href":"https:\/\/www.christian-doppler.net\/fr\/wp-json\/wp\/v2\/media?parent=6895"}],"curies":[{"name":"wp","href":"https:\/\/api.w.org\/{rel}","templated":true}]}}