{"id":6865,"date":"2022-11-14T17:52:08","date_gmt":"2022-11-14T16:52:08","guid":{"rendered":"https:\/\/www.christian-doppler.net\/?page_id=6865"},"modified":"2024-05-15T16:29:13","modified_gmt":"2024-05-15T14:29:13","slug":"declaration-de-protection-des-donnees","status":"publish","type":"page","link":"https:\/\/www.christian-doppler.net\/fr\/declaration-de-protection-des-donnees\/","title":{"rendered":"D\u00e9claration de protection des donn\u00e9es"},"content":{"rendered":"\n<p>Mise \u00e0 jour : 31 ao\u00fbt 2023<\/p>\n\n\n\n<p>Nous prenons la protection de vos donn\u00e9es personnelles tr\u00e8s au s\u00e9rieux. Nous traitons vos donn\u00e9es personnelles conform\u00e9ment aux dispositions l\u00e9gales en mati\u00e8re de protection des donn\u00e9es et \u00e0 la pr\u00e9sente d\u00e9claration de protection des donn\u00e9es.<br>En r\u00e8gle g\u00e9n\u00e9rale, l&rsquo;utilisation de notre site web est possible sans indication de donn\u00e9es personnelles. Dans la mesure o\u00f9 des donn\u00e9es personnelles (par exemple nom, adresse ou adresse e-mail) sont collect\u00e9es sur nos pages, cela se fait toujours sur une base volontaire, sauf si cela est techniquement indispensable au fonctionnement du site.<br><br>Ce site web utilise vos donn\u00e9es avec parcimonie et ne traite que les donn\u00e9es techniquement n\u00e9cessaires et ne n\u00e9cessitant pas de consentement. C&rsquo;est pourquoi ce site web ne dispose pas d&rsquo;une barre \u00ab\u00a0cockie\u00a0\u00bb pour obtenir votre consentement.<\/p>\n\n\n\n<h2 class=\"wp-block-heading\">Responsable<\/h2>\n\n\n\n<p>Le responsable du traitement de vos donn\u00e9es personnelles sur ce site web est la Salzburg Research Forschungsgesellschaft m.b.H., Jakob Haringer Stra\u00dfe 5\/3, 5020 Salzburg, info@salzburgresearch.at, 0662\/2288-0.<\/p>\n\n\n\n<h2 class=\"wp-block-heading\">H\u00e9bergement<\/h2>\n\n\n\n<p>Ce site web est h\u00e9berg\u00e9 par all-inkl.com. Nous traitons les donn\u00e9es de connexion personnelles \u00e0 des fins de s\u00e9curit\u00e9 des donn\u00e9es et de s\u00e9curit\u00e9 contre les d\u00e9faillances pour une dur\u00e9e maximale de 7 jours.<\/p>\n\n\n\n<p>La base juridique de ce traitement est notre int\u00e9r\u00eat l\u00e9gitime conform\u00e9ment \u00e0 l&rsquo;article 6, paragraphe 1, point f) du RGPD (mesures techniques de s\u00e9curit\u00e9).<\/p>\n\n\n\n<h2 class=\"wp-block-heading\">Fichiers journaux du serveur<\/h2>\n\n\n\n<p>Nous traitons des donn\u00e9es \u00e0 caract\u00e8re personnel, telles que l&rsquo;adresse IP, dans un fichier journal du serveur pour une dur\u00e9e maximale de 7 jours afin de surveiller le fonctionnement technique et d&rsquo;am\u00e9liorer la s\u00e9curit\u00e9 d&rsquo;exploitation sur la base juridique de l&rsquo;int\u00e9r\u00eat l\u00e9gitime conform\u00e9ment \u00e0 l&rsquo;art. 6, par. 1, point f) du RGPD (mesures de s\u00e9curit\u00e9 techniques).<\/p>\n\n\n\n<ul class=\"wp-block-list\">\n<li>Timestamp (date et heure du hit)<\/li>\n\n\n\n<li>Type de requ\u00eate de l&rsquo;utilisateur<\/li>\n\n\n\n<li>IP de l&rsquo;utilisateur<\/li>\n\n\n\n<li>Informations de r\u00e9f\u00e9rence de l&rsquo;utilisateur (c&rsquo;est-\u00e0-dire la source de l&rsquo;acc\u00e8s)<\/li>\n\n\n\n<li>Client de l&rsquo;utilisateur (type de client, version du client)<\/li>\n\n\n\n<li>Syst\u00e8me d&rsquo;exploitation de l&rsquo;utilisateur (appareil, version OS de l&rsquo;appareil)<\/li>\n<\/ul>\n\n\n\n<p>Su questo sito Web utilizziamo l&rsquo;offerta di fornitori di servizi di mappe sotto forma di incorporamento iFrame.&nbsp;Ci\u00f2 ci consente di visualizzare mappe interattive direttamente sul sito Web e consente un comodo utilizzo delle funzioni della mappa.<\/p>\n\n\n\n<h2 class=\"wp-block-heading\">Services de cartographie<\/h2>\n\n\n\n<p>Sur ce site web, nous utilisons l&rsquo;offre de prestataires de services de cartographie sous la forme d&rsquo;une int\u00e9gration iFrame. Cela nous permet d&rsquo;afficher des cartes interactives directement sur le site web et permet une utilisation confortable des fonctions de cartographie.<\/p>\n\n\n\n<h3 class=\"wp-block-heading\">Services cloud de Wikimedia<\/h3>\n\n\n\n<p>En tant que responsables communs avec Wikimedia Cloud Services, The Wikimedia Foundation, \u2105 CT Corporation System, 818 West Seventh Street, Los Angeles, CA 90017, \u00c9tats-Unis, nous traitons les donn\u00e9es de connexion et les donn\u00e9es de navigation dans le but d&rsquo;afficher une carte interactive pendant la dur\u00e9e de l&rsquo;affichage de la carte.<\/p>\n\n\n\n<p>La base juridique de ce traitement est le consentement que vous avez donn\u00e9 conform\u00e9ment \u00e0 l&rsquo;article 96, paragraphe 3, de la loi sur les t\u00e9l\u00e9communications et \u00e0 l&rsquo;article 6, paragraphe 1, point a), du RGPD. La connexion \u00e0 Wikimedia Cloud Services n&rsquo;est \u00e9tablie qu&rsquo;apr\u00e8s votre consentement en cliquant sur un bouton.<\/p>\n\n\n\n<p>Dans la mesure o\u00f9 Wikimedia Cloud Services proc\u00e8de \u00e0 un traitement autonome des donn\u00e9es, Wikimedia Cloud Services en est le seul responsable. Pour plus de d\u00e9tails, veuillez consulter la\u00a0<a href=\"https:\/\/foundation.wikimedia.org\/wiki\/Policy:Privacy_policy\/fr\" target=\"_blank\" rel=\"noreferrer noopener\">d\u00e9claration de confidentialit\u00e9<\/a> de Wikimedia Cloud Services.<\/p>\n\n\n\n<h2 class=\"wp-block-heading\">Services vid\u00e9o<\/h2>\n\n\n\n<p>Sur notre site web, nous vous offrons la possibilit\u00e9 de regarder nos vid\u00e9os YouTube directement via une int\u00e9gration iFrame. Apr\u00e8s avoir obtenu votre consentement conform\u00e9ment \u00e0 l&rsquo;article 6, paragraphe 1, point a) du RGPD, nous permettons au fournisseur de services Google Ireland Limited, Gordon House, Barrow Street, Dublin 4, Irlande, de collecter des donn\u00e9es \u00e0 caract\u00e8re personnel vous concernant dans le but de lire la vid\u00e9o pendant la dur\u00e9e de votre visite sur le site Web consult\u00e9. Nous ne traitons ni n&rsquo;enregistrons les donn\u00e9es collect\u00e9es par Google. Votre consentement n&rsquo;est valable que jusqu&rsquo;\u00e0 ce que vous quittiez le site web concern\u00e9 et n&rsquo;est pas enregistr\u00e9.<\/p>\n\n\n\n<p>Nous utilisons les services suivants :<\/p>\n\n\n\n<p><strong>Service : <\/strong>Youtube <br><strong>Exploitant :<\/strong> Google Ireland Limited, Gordon House, Barrow Street, Dublin 4, Irlande <br><strong><strong>D\u00e9claration de protection des donn\u00e9es<\/strong> :<\/strong>&nbsp;<a href=\"https:\/\/policies.google.com\/privacy?gl=EN&amp;hl=fr#intro\" target=\"_blank\" rel=\"noreferrer noopener\">https:\/\/policies.google.com\/privacy?gl=ES&amp;hl=es#intro<\/a><\/p>\n\n\n\n<h2 class=\"wp-block-heading\">Services d&rsquo;analyse<\/h2>\n\n\n\n<p>Sur notre site web, nous utilisons des services d&rsquo;analyse dans le but d&rsquo;analyser l&rsquo;utilisation de notre site web, de corriger les erreurs et de d\u00e9velopper le contenu.<\/p>\n\n\n\n<h3 class=\"wp-block-heading\">Logiciel d&rsquo;analyse local<\/h3>\n\n\n\n<p>Nous traitons, au moyen d&rsquo;un logiciel d&rsquo;analyse local, les donn\u00e9es de connexion et les donn\u00e9es du navigateur dans le but d&rsquo;analyser l&rsquo;utilisation de notre site web, de corriger les erreurs et de d\u00e9velopper le contenu jusqu&rsquo;\u00e0 ce qu&rsquo;il y ait opposition.<br>La base juridique du traitement est la n\u00e9cessit\u00e9 technique absolue de traiter les donn\u00e9es d&rsquo;analyse pour fournir le service d&rsquo;un site web express\u00e9ment demand\u00e9 par les utilisateurs, conform\u00e9ment \u00e0 l&rsquo;article 96, paragraphe 3, de la loi sur les t\u00e9l\u00e9communications et \u00e0 l&rsquo;article 6, paragraphe 1, point f, du RGPD.<br><\/p>\n\n\n\n<iframe style=\"border: 0; height: 200px; width: 600px;\" src=\"https:\/\/stats.salzburgresearch.at\/index.php?module=CoreAdminHome&amp;action=optOut&amp;language=fr&amp;backgroundColor=&amp;fontColor=&amp;fontSize=&amp;fontFamily=Helvetica%2C%20Arial%2C%20Sans-Serif\" data-mce-fragment=\"1\"><\/iframe>\n\n\n\n<h2 class=\"wp-block-heading\">M\u00e9dias sociaux<\/h2>\n\n\n\n<h3 class=\"wp-block-heading\">Pr\u00e9sences en ligne dans les m\u00e9dias sociaux<\/h3>\n\n\n\n<p>Nous entretenons des pr\u00e9sences en ligne au sein de r\u00e9seaux sociaux et de plateformes afin de communiquer avec les personnes int\u00e9ress\u00e9es et les utilisateurs qui y sont actifs et de pouvoir les informer sur les d\u00e9tails du projet. Lors de l&rsquo;appel des r\u00e9seaux et plateformes respectifs, les conditions g\u00e9n\u00e9rales et les directives de traitement des donn\u00e9es s&rsquo;appliquent.<\/p>\n\n\n\n<h3 class=\"wp-block-heading\">Boutons de partage<\/h3>\n\n\n\n<p>Notre site web dispose sur certaines pages des boutons permettant de partager le contenu des pages sur les plates-formes de m\u00e9dias sociaux. Les boutons sont con\u00e7us de mani\u00e8re id\u00e9ale dans le sens de la protection des donn\u00e9es personnelles des visiteurs de notre site web, car le script (programme informatique) qui se trouve derri\u00e8re les boutons ne saisit ni ne traite de donn\u00e9es personnelles. En tant qu&rsquo;\u00e9diteur du magazine informatique c&rsquo;t et d\u00e9veloppeur des boutons, la maison d&rsquo;\u00e9dition Heise Verlag fournit des&nbsp;<a rel=\"noreferrer noopener\" href=\"https:\/\/translate.google.com\/translate?hl=de&amp;prev=_t&amp;sl=de&amp;tl=fr&amp;u=http:\/\/ct.de\/-2467514\" target=\"_blank\">informations pr\u00e9cises<\/a>&nbsp;<\/p>\n\n\n\n<p>sur la fonction des boutons. Les visiteurs du site Web qui souhaitent partager notre page sont directement dirig\u00e9s vers les pages \u00ab\u00a0Partager\u00a0\u00bb des plates-formes de m\u00e9dias sociaux respectives lorsqu&rsquo;ils cliquent sur les boutons. Ce n&rsquo;est qu&rsquo;\u00e0 cet endroit que les scripts n\u00e9cessaires au partage des contenus de la page sont charg\u00e9s. Les conditions commerciales et de protection des donn\u00e9es convenues par le visiteur du site web avec les plateformes de m\u00e9dias sociaux respectives s&rsquo;appliquent alors. Les plateformes respectives <a rel=\"noreferrer noopener\" href=\"https:\/\/www.facebook.com\/policy.php\" target=\"_blank\">Facebook<\/a>,&nbsp;<a rel=\"noreferrer noopener\" href=\"https:\/\/help.instagram.com\/519522125107875\" target=\"_blank\">Instagram<\/a>,&nbsp;<a href=\"https:\/\/fr.linkedin.com\/legal\/privacy-policy\">LinkedIn<\/a>,&nbsp;<a rel=\"noreferrer noopener\" href=\"https:\/\/policy.pinterest.com\/fr\/privacy-policy\" target=\"_blank\">Pinterest<\/a>,&nbsp;<a rel=\"noreferrer noopener\" href=\"https:\/\/twitter.com\/fr\/privacy\" target=\"_blank\">Twitter<\/a> fournissent des informations pr\u00e9cises \u00e0 ce sujet.<\/p>\n\n\n\n<h2 class=\"wp-block-heading\">Droit d&rsquo;opposition<\/h2>\n\n\n\n<p>Dans la mesure o\u00f9 le traitement de vos donn\u00e9es personnelles est fond\u00e9 sur l&rsquo;int\u00e9r\u00eat l\u00e9gitime, vous avez le droit de vous opposer \u00e0 ce traitement. \u00c0 moins qu&rsquo;il n&rsquo;existe des raisons imp\u00e9rieuses et l\u00e9gitimes pour le traitement de notre part, le traitement de vos donn\u00e9es sur la base de ce fondement juridique sera interrompu.<\/p>\n\n\n\n<p>La l\u00e9galit\u00e9 des donn\u00e9es trait\u00e9es jusqu&rsquo;\u00e0 l&rsquo;opposition n&rsquo;est pas affect\u00e9e par l&rsquo;opposition.<\/p>\n\n\n\n<h2 class=\"wp-block-heading\">Droit de r\u00e9tractation<\/h2>\n\n\n\n<p>Vous avez le droit de r\u00e9voquer \u00e0 tout moment le consentement que vous nous avez donn\u00e9. Dans le cas o\u00f9 le consentement a \u00e9t\u00e9 donn\u00e9 par \u00e9crit, la r\u00e9vocation ne peut se faire que par \u00e9crit ; dans le cas du consentement \u00e0 la r\u00e9ception de publicit\u00e9 \u00e9lectronique, cela peut \u00e9galement se faire, le cas \u00e9ch\u00e9ant, en cliquant sur le lien de d\u00e9sinscription. Dans ce cas, le traitement est interrompu, sauf s&rsquo;il existe une autre base juridique.<\/p>\n\n\n\n<p>La l\u00e9galit\u00e9 des donn\u00e9es trait\u00e9es jusqu&rsquo;\u00e0 la r\u00e9vocation n&rsquo;est pas affect\u00e9e par la r\u00e9vocation.<\/p>\n\n\n\n<h2 class=\"wp-block-heading\">Droits des personnes concern\u00e9es<\/h2>\n\n\n\n<p>Vous avez le droit d&rsquo;obtenir des informations, de rectifier, de supprimer et de limiter le traitement de vos donn\u00e9es personnelles.<\/p>\n\n\n\n<p>Dans la mesure o\u00f9 la base juridique du traitement de vos donn\u00e9es \u00e0 caract\u00e8re personnel r\u00e9side dans votre consentement ou dans un contrat conclu avec vous, vous avez en outre le droit \u00e0 la portabilit\u00e9 des donn\u00e9es.<\/p>\n\n\n\n<p>Vous avez le droit de r\u00e9voquer le consentement que vous avez \u00e9ventuellement donn\u00e9 pour le traitement de vos donn\u00e9es \u00e0 caract\u00e8re personnel. La l\u00e9galit\u00e9 du traitement des donn\u00e9es \u00e0 caract\u00e8re personnel jusqu&rsquo;\u00e0 la r\u00e9vocation n&rsquo;est pas affect\u00e9e par la r\u00e9vocation.<\/p>\n\n\n\n<p>Vous avez le droit de vous opposer au traitement de vos donn\u00e9es \u00e0 caract\u00e8re personnel \u00e0 des fins de publicit\u00e9 directe. En cas d&rsquo;opposition, vos donn\u00e9es \u00e0 caract\u00e8re personnel ne seront plus trait\u00e9es \u00e0 des fins de publicit\u00e9 directe.<\/p>\n\n\n\n<p>Vous avez \u00e9galement le droit de d\u00e9poser une plainte aupr\u00e8s de l&rsquo;autorit\u00e9 de surveillance. Les coordonn\u00e9es de l&rsquo;autorit\u00e9 autrichienne de protection des donn\u00e9es sont les suivantes : Autorit\u00e9 autrichienne de protection des donn\u00e9es, Barichgasse 40-42, A-1030 Vienne.<\/p>\n","protected":false},"excerpt":{"rendered":"<p>Mise \u00e0 jour : 31 ao\u00fbt 2023 Nous prenons la protection de vos donn\u00e9es personnelles tr\u00e8s au s\u00e9rieux. Nous traitons vos donn\u00e9es personnelles conform\u00e9ment aux dispositions l\u00e9gales en mati\u00e8re de protection des donn\u00e9es et \u00e0 la pr\u00e9sente d\u00e9claration de protection des donn\u00e9es.En r\u00e8gle g\u00e9n\u00e9rale, l&rsquo;utilisation de notre site web est possible sans indication de donn\u00e9es personnelles. Dans la mesure o\u00f9 [&hellip;]<\/p>\n","protected":false},"author":1,"featured_media":0,"parent":0,"menu_order":0,"comment_status":"closed","ping_status":"closed","template":"","meta":{"_acf_changed":false,"advgb_blocks_editor_width":"","advgb_blocks_columns_visual_guide":"","footnotes":""},"class_list":["post-6865","page","type-page","status-publish","hentry"],"acf":[],"featured_image_urls_v2":{"full":"","thumbnail":"","medium":"","medium_large":"","large":"","timeline-express":"","timeline-express-thumbnail":"","1536x1536":"","2048x2048":""},"post_excerpt_stackable_v2":"<p>Mise \u00e0 jour : 31 ao\u00fbt 2023 Nous prenons la protection de vos donn\u00e9es personnelles tr\u00e8s au s\u00e9rieux. Nous traitons vos donn\u00e9es personnelles conform\u00e9ment aux dispositions l\u00e9gales en mati\u00e8re de protection des donn\u00e9es et \u00e0 la pr\u00e9sente d\u00e9claration de protection des donn\u00e9es.En r\u00e8gle g\u00e9n\u00e9rale, l&rsquo;utilisation de notre site web est possible sans indication de donn\u00e9es personnelles. Dans la mesure o\u00f9 des donn\u00e9es personnelles (par exemple nom, adresse ou adresse e-mail) sont collect\u00e9es sur nos pages, cela se fait toujours sur une base volontaire, sauf si cela est techniquement indispensable au fonctionnement du site.Ce site web utilise vos donn\u00e9es avec parcimonie\u2026<\/p>\n","category_list_v2":"","author_info_v2":{"name":"Technik Admin","url":"https:\/\/www.christian-doppler.net\/fr\/author\/wp_admin\/"},"comments_num_v2":"0 commentaire","coauthors":[],"author_meta":{"author_link":"https:\/\/www.christian-doppler.net\/fr\/author\/wp_admin\/","display_name":"Technik Admin"},"relative_dates":{"created":"Publi\u00e9 3 ans il y a","modified":"Mis \u00e0 jour 2 ans il y a"},"absolute_dates":{"created":"Publi\u00e9 le 14 novembre 2022","modified":"Mise \u00e0 jour le 15 mai 2024"},"absolute_dates_time":{"created":"Publi\u00e9 le 14 novembre 2022 17h52","modified":"Mise \u00e0 jour le 15 mai 2024 16h29"},"featured_img_caption":"","featured_img":false,"series_order":"","_links":{"self":[{"href":"https:\/\/www.christian-doppler.net\/fr\/wp-json\/wp\/v2\/pages\/6865","targetHints":{"allow":["GET"]}}],"collection":[{"href":"https:\/\/www.christian-doppler.net\/fr\/wp-json\/wp\/v2\/pages"}],"about":[{"href":"https:\/\/www.christian-doppler.net\/fr\/wp-json\/wp\/v2\/types\/page"}],"author":[{"embeddable":true,"href":"https:\/\/www.christian-doppler.net\/fr\/wp-json\/wp\/v2\/users\/1"}],"replies":[{"embeddable":true,"href":"https:\/\/www.christian-doppler.net\/fr\/wp-json\/wp\/v2\/comments?post=6865"}],"version-history":[{"count":5,"href":"https:\/\/www.christian-doppler.net\/fr\/wp-json\/wp\/v2\/pages\/6865\/revisions"}],"predecessor-version":[{"id":7390,"href":"https:\/\/www.christian-doppler.net\/fr\/wp-json\/wp\/v2\/pages\/6865\/revisions\/7390"}],"wp:attachment":[{"href":"https:\/\/www.christian-doppler.net\/fr\/wp-json\/wp\/v2\/media?parent=6865"}],"curies":[{"name":"wp","href":"https:\/\/api.w.org\/{rel}","templated":true}]}}