{"id":6115,"date":"2022-05-30T10:37:53","date_gmt":"2022-05-30T08:37:53","guid":{"rendered":"https:\/\/www.christian-doppler.net\/?page_id=6115"},"modified":"2024-05-15T14:48:14","modified_gmt":"2024-05-15T12:48:14","slug":"el-efecto-doppler-y-sus-ganadores-del-premio-nobel","status":"publish","type":"page","link":"https:\/\/www.christian-doppler.net\/es\/el-efecto-doppler-y-sus-ganadores-del-premio-nobel\/","title":{"rendered":"El efecto Doppler y sus ganadores del premio Nobel"},"content":{"rendered":"\n<p>Gracias a su descubrimiento de la dinamita y a la patente que se le concedi\u00f3 (1867), el inventor y qu\u00edmico sueco Alfred Nobel (1833-1896) r\u00e1pidamente acumul\u00f3 una considerable fortuna. En su testamento declar\u00f3 que su fortuna se destinar\u00eda a \u00abcrear un fondo cuyos intereses anuales se distribuir\u00edan como premio a las personas que m\u00e1s hubieran contribuido a la humanidad en el \u00faltimo a\u00f1o\u00bb (desde 1901 llamado el Premio Nobel). La suma deb\u00eda dividirse en cinco partes iguales para premios en las siguientes \u00e1reas: f\u00edsica, qu\u00edmica, fisiolog\u00eda o medicina, literatura y paz.<\/p>\n\n\n\n<p>En aquel momento, nadie sab\u00eda el alcance del impacto que tendr\u00eda el descubrimiento de Doppler en el desarrollo de algunas de estas \u00e1reas cient\u00edficas. En la actualidad, se han concedido 24 premios Nobel por logros en medicina, tecnolog\u00eda y ciencias naturales que no habr\u00edan sido posibles sin el uso del efecto Doppler.<\/p>\n\n\n\n<div class=\"wp-block-cp-timeline-content-timeline-block Cool-Content-Timeline advgb-block-3f5c1c11-2917-4ea9-bea3-7e23cc9d1d8a\"><div class=\"cool-timeline-block-3f5c1c11-2917-4ea9-bea3-7e23cc9d1d8a\"><div class=\"cool-vertical-timeline-body ctlb-wrapper both-sided left\"><div class=\"cool-timeline-block-list\">\n<div class=\"wp-block-cp-timeline-content-timeline-block-child swiper-slide advgb-block-8f0a4f14-606b-4dfb-b603-8142c2a752c1\"><div class=\"timeline-content icon-false \"><div class=\"timeline-block-timeline ctl-row  position-right\"><div class=\"ctl-6 timeline-block-time\"><div class=\"story-time\"><p>2020<\/p><\/div><\/div><div class=\"timeline-block-icon\"><svg stroke=\"currentColor\" fill=\"currentColor\" stroke-width=\"0\" viewBox=\"0 0 512 512\" height=\"1em\" width=\"1em\" xmlns=\"http:\/\/www.w3.org\/2000\/svg\"><path d=\"M256 8C119 8 8 119 8 256s111 248 248 248 248-111 248-248S393 8 256 8z\"><\/path><\/svg><\/div><div class=\"ctl-6 timeline-block-detail\"><div class=\"story-details\"><div class=\"story-content\">\n<figure class=\"wp-block-image ctlb-block-image\"><img decoding=\"async\" src=\"https:\/\/www.christian-doppler.net\/wp-content\/uploads\/nobelpreistraeger2020.jpg\" alt=\"\" style=\"aspect-ratio:4\/3;object-fit:cover\"\/><\/figure>\n\n\n\n<h3 class=\"wp-block-heading ctlb-block-title\" style=\"padding-top:0px;padding-right:0px;padding-bottom:0px;padding-left:0px\">Estudio de los agujeros negros y descubrimiento de un objeto compacto supermasivo en el centro de nuestra galaxia<\/h3>\n\n\n\n<p class=\"ctlb-block-desc\" style=\"padding-top:0px;padding-right:0px;padding-bottom:0px;padding-left:0px\"><br><strong><a href=\"https:\/\/es.wikipedia.org\/wiki\/Roger_Penrose\" target=\"_blank\" rel=\"noreferrer noopener\">Roger Penrose<\/a>\u00a0(* 1931, Universidad de Oxford, RU)<br><\/strong><em>Justificaci\u00f3n del premio: \u00abpor el descubrimiento de que la formaci\u00f3n de agujeros negros es una predicci\u00f3n s\u00f3lida de la teor\u00eda general de la relatividad\u00bb<\/em><br><br><strong><a href=\"https:\/\/es.wikipedia.org\/wiki\/Andrea_M._Ghez\" target=\"_blank\" rel=\"noreferrer noopener\">Andrea Ghez<\/a>\u00a0(* 1965, Universidad de California, Los Angeles, EUA) y<a href=\"https:\/\/es.wikipedia.org\/wiki\/Reinhard_Genzel\" target=\"_blank\" rel=\"noreferrer noopener\">Reinhard Genzel<\/a>\u00a0(* 1952, Instituto Max Planck de F\u00edsica Extraterrestre, Garching, Alemania y Universidad de California, Berkeley, EU)<br><\/strong><em>Justificaci\u00f3n del premio: \u00abpor el descubrimiento de un objeto compacto supermasivo en el centro de nuestra galaxia\u00bb<\/em><br><br><a href=\"https:\/\/www.nobelprize.org\/prizes\/physics\/2020\/advanced-information\" target=\"_blank\" rel=\"noreferrer noopener\">https:\/\/www.nobelprize.org\/prizes\/physics\/2020\/advanced-information<\/a><br><a href=\"https:\/\/www.nobelprize.org\/prizes\/physics\/2020\/press-release\" target=\"_blank\" rel=\"noreferrer noopener\">https:\/\/www.nobelprize.org\/prizes\/physics\/2020\/press-release<\/a><br><br><small>Bild (Penrose): Wikipedia\/Wikimedia Commons (<a href=\"https:\/\/creativecommons.org\/licenses\/by\/3.0\" target=\"_blank\" rel=\"noreferrer noopener\">CC BY 3.0<\/a>), <a href=\"https:\/\/commons.wikimedia.org\/wiki\/File:Roger_Penrose_9560.JPG\">Link<\/a><br>Bild (Ghez): zimbio.com, <a href=\"https:\/\/www.zimbio.com\/photos\/Andrea+Ghez\">Link<\/a><br>Bild (Genzel): Wikipedia\/Wikimedia (<a href=\"http:\/\/creativecommons.org\/licenses\/by-sa\/4.0\/\">cc-b<\/a><a href=\"https:\/\/creativecommons.org\/licenses\/by\/3.0\" target=\"_blank\" rel=\"noreferrer noopener\">CC BY 3.0<\/a>), <a href=\"https:\/\/commons.wikimedia.org\/wiki\/File:Reinhard_Genzel.jpg\">Link<\/a><\/small><\/p>\n<\/div><\/div><\/div><\/div><\/div><\/div>\n\n\n\n<div class=\"wp-block-cp-timeline-content-timeline-block-child swiper-slide\"><div class=\"timeline-content icon-false \"><div class=\"timeline-block-timeline ctl-row  position-left\"><div class=\"ctl-6 timeline-block-time\"><div class=\"story-time\"><p>2019<\/p><\/div><\/div><div class=\"timeline-block-icon\"><svg stroke=\"currentColor\" fill=\"currentColor\" stroke-width=\"0\" viewBox=\"0 0 512 512\" height=\"1em\" width=\"1em\" xmlns=\"http:\/\/www.w3.org\/2000\/svg\"><path d=\"M256 8C119 8 8 119 8 256s111 248 248 248 248-111 248-248S393 8 256 8z\"><\/path><\/svg><\/div><div class=\"ctl-6 timeline-block-detail\"><div class=\"story-details\"><div class=\"story-content\">\n<figure class=\"wp-block-image ctlb-block-image\"><img decoding=\"async\" src=\"https:\/\/www.christian-doppler.net\/wp-content\/uploads\/mayor-queloz.jpg\" alt=\"\" style=\"aspect-ratio:4\/3;object-fit:cover\"\/><\/figure>\n\n\n\n<h3 class=\"wp-block-heading ctlb-block-title\" style=\"padding-top:0px;padding-right:0px;padding-bottom:0px;padding-left:0px\">Descubrimiento del primer exoplaneta (Mayor &amp; Queloz) y descubrimientos te\u00f3ricos en cosmolog\u00eda f\u00edsica (Peebles)<\/h3>\n\n\n\n<p class=\"ctlb-block-desc\" style=\"padding-top:0px;padding-right:0px;padding-bottom:0px;padding-left:0px\"><br><a href=\"https:\/\/es.wikipedia.org\/wiki\/Michel_Mayor\" target=\"_blank\" rel=\"noreferrer noopener\"><strong>Michel Mayor<\/strong><\/a><strong>\u00a0(* 1942, Suiza),<\/strong><a href=\"https:\/\/es.wikipedia.org\/wiki\/Didier_Queloz\" target=\"_blank\" rel=\"noreferrer noopener\"><strong>Didier Queloz<\/strong><\/a><strong>\u00a0(* 1966, Suiza)<\/strong><br><em>Justificaci\u00f3n del premio: \u00abpor el descubrimiento de un<\/em> <a href=\"https:\/\/es.wikipedia.org\/wiki\/Planeta_extrasolar\" target=\"_blank\" rel=\"noreferrer noopener\"><em>exoplaneta<\/em><\/a><em> que orbita una<\/em> <a href=\"https:\/\/es.wikipedia.org\/wiki\/An%C3%A1logo_solar\" target=\"_blank\" rel=\"noreferrer noopener\"><em>estrella de tipo solar<\/em><\/a><em>\u00ab.<\/em><br><br><small>Imagen (izquierda): Observatorio Europeo Austral, Wikipedia\/Wikimedia Commons (<a href=\"http:\/\/creativecommons.org\/licenses\/by-sa\/2.0\/\">cc-by-sa-2.0<\/a>), <a href=\"http:\/\/creativecommons.org\/licenses\/by-sa\/2.0\">CC BY-SA 2.0<\/a>, <a href=\"https:\/\/commons.wikimedia.org\/wiki\/File:Michel_Mayor,_2012_(cropped).jpg\">Link<\/a><\/small><br><small>Image (derecha): M.McCaughrean (ESA)\/ESO, Wikipedia\/Wikimedia (<a href=\"http:\/\/creativecommons.org\/licenses\/by-sa\/4.0\/\">cc-by-sa-4.0<\/a>), <a href=\"http:\/\/creativecommons.org\/licenses\/by-sa\/4.0\">CC BY-SA 4.0<\/a>, <a href=\"https:\/\/commons.wikimedia.org\/wiki\/File:Didier_Queloz,_2012_(cropped).jpg\">Link<\/a><\/small><\/p>\n<\/div><\/div><\/div><\/div><\/div><\/div>\n\n\n\n<div class=\"wp-block-cp-timeline-content-timeline-block-child swiper-slide\"><div class=\"timeline-content icon-false \"><div class=\"timeline-block-timeline ctl-row  position-right\"><div class=\"ctl-6 timeline-block-time\"><div class=\"story-time\"><p>2011<\/p><\/div><\/div><div class=\"timeline-block-icon\"><svg stroke=\"currentColor\" fill=\"currentColor\" stroke-width=\"0\" viewBox=\"0 0 512 512\" height=\"1em\" width=\"1em\" xmlns=\"http:\/\/www.w3.org\/2000\/svg\"><path d=\"M256 8C119 8 8 119 8 256s111 248 248 248 248-111 248-248S393 8 256 8z\"><\/path><\/svg><\/div><div class=\"ctl-6 timeline-block-detail\"><div class=\"story-details\"><div class=\"story-content\">\n<figure class=\"wp-block-image ctlb-block-image\"><img decoding=\"async\" src=\"https:\/\/www.christian-doppler.net\/wp-content\/uploads\/2011.jpg\" alt=\"\" style=\"aspect-ratio:4\/3;object-fit:cover\"\/><\/figure>\n\n\n\n<h3 class=\"wp-block-heading ctlb-block-title\" style=\"padding-top:0px;padding-right:0px;padding-bottom:0px;padding-left:0px\">Descubrimiento de la expansi\u00f3n acelerada del Universo mediante observaciones de supernovas lejanas<\/h3>\n\n\n\n<p class=\"ctlb-block-desc\" style=\"padding-top:0px;padding-right:0px;padding-bottom:0px;padding-left:0px\"><br><a href=\"https:\/\/es.wikipedia.org\/wiki\/Saul_Perlmutter\" target=\"_blank\" rel=\"noreferrer noopener\"><strong>Saul Perlmutter<\/strong><\/a><strong>\u00a0(1959 \u2013 , EUA),<\/strong><a href=\"https:\/\/es.wikipedia.org\/wiki\/Brian_Schmidt\" target=\"_blank\" rel=\"noreferrer noopener\"><strong>Brian P. Schmidt<\/strong><\/a><strong>\u00a0(1967 \u2013 , EUA) y\u00a0<\/strong><a href=\"https:\/\/es.wikipedia.org\/wiki\/Adam_Riess\" target=\"_blank\" rel=\"noreferrer noopener\"><strong>Adam Riess<\/strong><\/a><strong>\u00a0(1969 \u2013 , EUA)<\/strong><br><em>Justificaci\u00f3n del premio: \u00abPor el descubrimiento de la<\/em> <a href=\"https:\/\/es.wikipedia.org\/wiki\/Expansi%C3%B3n_m%C3%A9trica_del_espacio\" target=\"_blank\" rel=\"noreferrer noopener\"><em>expansi\u00f3n acelerada del Universo<\/em><\/a><em> mediante observaciones de<\/em> <a href=\"https:\/\/es.wikipedia.org\/wiki\/Supernova\" target=\"_blank\" rel=\"noreferrer noopener\"><em>supernovas<\/em><\/a><em> lejanas\u00bb.<\/em><br><br><small>Imagen: Saul Perlmutter por Holger Motzkau, Wikipedia\/<\/small><br><small>Wikimedia Commons (<a href=\"http:\/\/creativecommons.org\/licenses\/by-sa\/3.0\/\">cc-by-sa-3.0<\/a>), <a href=\"http:\/\/creativecommons.org\/licenses\/by-sa\/3.0\">CC BY-SA 3.0<\/a>, <a href=\"https:\/\/commons.wikimedia.org\/w\/index.php?curid=17637138\">Link<\/a><\/small><br><small>Imagen: Brian P. Schmidt por Tim Wetherell \u2013 foto tomada por Tim Wetherell, <a href=\"http:\/\/creativecommons.org\/licenses\/by-sa\/3.0\">CC BY-SA 3.0<\/a>, <a href=\"https:\/\/commons.wikimedia.org\/w\/index.php?curid=16969006\">Link<\/a><\/small><br><small>Imagen: Adam Riess por Holger Motzkau, Wikipedia\/Wikimedia (<a href=\"http:\/\/creativecommons.org\/licenses\/by-sa\/3.0\/\">cc-by-sa-3.0<\/a>), <a href=\"http:\/\/creativecommons.org\/licenses\/by-sa\/3.0\">CC BY-SA 3.0<\/a>, <a href=\"https:\/\/commons.wikimedia.org\/w\/index.php?curid=17637112\">Link<\/a><\/small><\/p>\n<\/div><\/div><\/div><\/div><\/div><\/div>\n\n\n\n<div class=\"wp-block-cp-timeline-content-timeline-block-child swiper-slide\"><div class=\"timeline-content icon-false \"><div class=\"timeline-block-timeline ctl-row  position-left\"><div class=\"ctl-6 timeline-block-time\"><div class=\"story-time\"><p>2006<\/p><\/div><\/div><div class=\"timeline-block-icon\"><svg stroke=\"currentColor\" fill=\"currentColor\" stroke-width=\"0\" viewBox=\"0 0 512 512\" height=\"1em\" width=\"1em\" xmlns=\"http:\/\/www.w3.org\/2000\/svg\"><path d=\"M256 8C119 8 8 119 8 256s111 248 248 248 248-111 248-248S393 8 256 8z\"><\/path><\/svg><\/div><div class=\"ctl-6 timeline-block-detail\"><div class=\"story-details\"><div class=\"story-content\">\n<figure class=\"wp-block-image ctlb-block-image\"><img decoding=\"async\" src=\"https:\/\/www.christian-doppler.net\/wp-content\/uploads\/2006.jpg\" alt=\"\" style=\"aspect-ratio:4\/3;object-fit:cover\"\/><\/figure>\n\n\n\n<h3 class=\"wp-block-heading ctlb-block-title\" style=\"padding-top:0px;padding-right:0px;padding-bottom:0px;padding-left:0px\">Investigaci\u00f3n sobre la radiaci\u00f3n c\u00f3smica de fondo<\/h3>\n\n\n\n<p class=\"ctlb-block-desc\" style=\"padding-top:0px;padding-right:0px;padding-bottom:0px;padding-left:0px\"><br><a href=\"https:\/\/es.wikipedia.org\/wiki\/John_Mather\" target=\"_blank\" rel=\"noreferrer noopener\"><strong>John Cromwell Mather<\/strong><\/a><strong>\u00a0(1946 \u2013 , EUA) y<\/strong><a href=\"https:\/\/es.wikipedia.org\/wiki\/George_Smoot\" target=\"_blank\" rel=\"noreferrer noopener\"><strong>George Smoot<\/strong><\/a><strong>\u00a0(1945 \u2013 , EUA)<\/strong><br><em>Justificaci\u00f3n del premio: \u00abpor su descubrimiento de la forma de cuerpo negro y la anisotrop\u00eda de la<\/em> <a href=\"https:\/\/es.wikipedia.org\/wiki\/Radiaci%C3%B3n_de_fondo_de_microondas\" target=\"_blank\" rel=\"noreferrer noopener\"><em>radiaci\u00f3n c\u00f3smica de fondo de microondas<\/em><\/a><em>\u00ab.<\/em><br><br><small>Imagen: George Smoot por <a href=\"\/\/commons.wikimedia.org\/wiki\/User:Nomo\">Nomo<\/a> michael hoefner <a href=\"http:\/\/www.zwo5.de\">http:\/\/www.zwo5.de<\/a>\u00a0\u2013 Trabajo propio, <a href=\"http:\/\/creativecommons.org\/licenses\/by\/3.0\">CC BY 3.0<\/a>, <a href=\"https:\/\/commons.wikimedia.org\/w\/index.php?curid=7131137\">Link<\/a><\/small><\/p>\n<\/div><\/div><\/div><\/div><\/div><\/div>\n\n\n\n<div class=\"wp-block-cp-timeline-content-timeline-block-child swiper-slide\"><div class=\"timeline-content icon-false \"><div class=\"timeline-block-timeline ctl-row  position-right\"><div class=\"ctl-6 timeline-block-time\"><div class=\"story-time\"><p>2005<\/p><\/div><\/div><div class=\"timeline-block-icon\"><svg stroke=\"currentColor\" fill=\"currentColor\" stroke-width=\"0\" viewBox=\"0 0 512 512\" height=\"1em\" width=\"1em\" xmlns=\"http:\/\/www.w3.org\/2000\/svg\"><path d=\"M256 8C119 8 8 119 8 256s111 248 248 248 248-111 248-248S393 8 256 8z\"><\/path><\/svg><\/div><div class=\"ctl-6 timeline-block-detail\"><div class=\"story-details\"><div class=\"story-content\">\n<figure class=\"wp-block-image ctlb-block-image\"><img decoding=\"async\" src=\"https:\/\/www.christian-doppler.net\/wp-content\/uploads\/2005.jpg\" alt=\"\" style=\"aspect-ratio:4\/3;object-fit:cover\"\/><\/figure>\n\n\n\n<h3 class=\"wp-block-heading ctlb-block-title\" style=\"padding-top:0px;padding-right:0px;padding-bottom:0px;padding-left:0px\">Contribuciones al desarrollo de la espectroscopia de precisi\u00f3n basada en el l\u00e1ser, incluida la t\u00e9cnica del peine de frecuencias \u00f3pticas<\/h3>\n\n\n\n<p class=\"ctlb-block-desc\" style=\"padding-top:0px;padding-right:0px;padding-bottom:0px;padding-left:0px\"><br><a href=\"https:\/\/es.wikipedia.org\/wiki\/John_L._Hall\" target=\"_blank\" rel=\"noreferrer noopener\"><strong>John Lewis Hall<\/strong><\/a><strong> (1934 \u2013 , EUA) y\u00a0<\/strong><a href=\"https:\/\/es.wikipedia.org\/wiki\/Theodor_W._H%C3%A4nsch\" target=\"_blank\" rel=\"noreferrer noopener\"><strong>Theodor H\u00e4nsch<\/strong><\/a><strong>\u00a0(1941 \u2013 , Alemania)<\/strong><br>Justificaci\u00f3n del premio: \u00abpor sus contribuciones al desarrollo de la espectroscopia de precisi\u00f3n basada en el l\u00e1ser, incluida la t\u00e9cnica del <a href=\"https:\/\/es.wikipedia.org\/wiki\/Peine_de_frecuencias_%C3%B3pticas\" target=\"_blank\" rel=\"noreferrer noopener\">peine de frecuencias \u00f3pticas<\/a>\u00ab.<br><br><small>Imagen: Theodor H\u00e4nsch | La autor\u00eda no se indica en una formato legible por m\u00e1quina. <a href=\"\/\/commons.wikimedia.org\/wiki\/User:Blinking_Spirit\">Blinking Spirit<\/a> se supone que es el titular de los derechos (basado en las indicaciones del titular de los derechos). La autor\u00eda no se indica en un formato legible por m\u00e1quina. Se supone que es una obra propia (bas\u00e1ndose en las indicaciones del titular de los derechos). <a href=\"http:\/\/creativecommons.org\/licenses\/by-sa\/3.0\/\">CC BY-SA 3.0<\/a>, <a href=\"https:\/\/commons.wikimedia.org\/w\/index.php?curid=1315253\">Link<\/a><\/small><\/p>\n<\/div><\/div><\/div><\/div><\/div><\/div>\n\n\n\n<div class=\"wp-block-cp-timeline-content-timeline-block-child swiper-slide\"><div class=\"timeline-content icon-false \"><div class=\"timeline-block-timeline ctl-row  position-left\"><div class=\"ctl-6 timeline-block-time\"><div class=\"story-time\"><p>2001<\/p><\/div><\/div><div class=\"timeline-block-icon\"><svg stroke=\"currentColor\" fill=\"currentColor\" stroke-width=\"0\" viewBox=\"0 0 512 512\" height=\"1em\" width=\"1em\" xmlns=\"http:\/\/www.w3.org\/2000\/svg\"><path d=\"M256 8C119 8 8 119 8 256s111 248 248 248 248-111 248-248S393 8 256 8z\"><\/path><\/svg><\/div><div class=\"ctl-6 timeline-block-detail\"><div class=\"story-details\"><div class=\"story-content\">\n<figure class=\"wp-block-image ctlb-block-image\"><img decoding=\"async\" src=\"https:\/\/www.christian-doppler.net\/wp-content\/uploads\/2001.jpg\" alt=\"\" style=\"aspect-ratio:4\/3;object-fit:cover\"\/><\/figure>\n\n\n\n<h3 class=\"wp-block-heading ctlb-block-title\" style=\"padding-top:0px;padding-right:0px;padding-bottom:0px;padding-left:0px\">Por la consecuci\u00f3n de la condensaci\u00f3n de Bose-Einstein en gases diluidos de \u00e1tomos alcalinos, y por los primeros estudios fundamentales de las propiedades de los condensados<\/h3>\n\n\n\n<p class=\"ctlb-block-desc\" style=\"padding-top:0px;padding-right:0px;padding-bottom:0px;padding-left:0px\"><br><a href=\"https:\/\/es.wikipedia.org\/wiki\/Eric_A._Cornell\" target=\"_blank\" rel=\"noreferrer noopener\"><strong>Eric Allin Cornell<\/strong><\/a><strong> (1961 \u2013 , EUA),<\/strong> <a href=\"https:\/\/es.wikipedia.org\/wiki\/Wolfgang_Ketterle\" target=\"_blank\" rel=\"noreferrer noopener\"><strong>Wolfgang Ketterle<\/strong><\/a><strong> (1957 \u2013 , Alemania) y\u00a0<\/strong><a href=\"https:\/\/es.wikipedia.org\/wiki\/Carl_E._Wieman\" target=\"_blank\" rel=\"noreferrer noopener\"><strong>Carl Edwin<\/strong><\/a> <a href=\"https:\/\/es.wikipedia.org\/wiki\/Carl_E._Wieman\" target=\"_blank\" rel=\"noreferrer noopener\"><strong>Wieman<\/strong><\/a><strong>\u00a0(1951 \u2013 , Germany)<\/strong><br><em>Justificaci\u00f3n del premio: \u00abpor el logro de la <\/em><a href=\"https:\/\/es.wikipedia.org\/wiki\/Condensado_de_Bose-Einstein\" target=\"_blank\" rel=\"noreferrer noopener\">condensaci\u00f3n de Bose-Einstein<\/a><em> en gases diluidos de \u00e1tomos alcalinos, y por los primeros estudios fundamentales de las propiedades de los condensados\u00bb.<\/em><br><br><small>Imagen: Eric Allin Cornell por <a href=\"\/\/commons.wikimedia.org\/wiki\/User:Betsythedevine\">Betsythedevine<\/a> \u2013 Trabajo propio, <a href=\"http:\/\/creativecommons.org\/licenses\/by-sa\/4.0\">CC-BY-SA 4.0<\/a>, <a href=\"https:\/\/commons.wikimedia.org\/w\/index.php?curid=46346398\">Link<\/a><\/small><br><small>Imagen: Wolfgang Ketterle por\u00a0 <a href=\"\/\/commons.wikimedia.org\/wiki\/User:Kzirkel\">Kzirkel<\/a> Imagen: Wolfgang Ketterle por <a href=\"http:\/\/creativecommons.org\/licenses\/by-sa\/3.0\/\">CC BY-SA 3.0<\/a>, <a href=\"https:\/\/commons.wikimedia.org\/w\/index.php?curid=1942387\">Link<\/a><\/small><\/p>\n<\/div><\/div><\/div><\/div><\/div><\/div>\n\n\n\n<div class=\"wp-block-cp-timeline-content-timeline-block-child swiper-slide\"><div class=\"timeline-content icon-false \"><div class=\"timeline-block-timeline ctl-row  position-right\"><div class=\"ctl-6 timeline-block-time\"><div class=\"story-time\"><p>1997<\/p><\/div><\/div><div class=\"timeline-block-icon\"><svg stroke=\"currentColor\" fill=\"currentColor\" stroke-width=\"0\" viewBox=\"0 0 512 512\" height=\"1em\" width=\"1em\" xmlns=\"http:\/\/www.w3.org\/2000\/svg\"><path d=\"M256 8C119 8 8 119 8 256s111 248 248 248 248-111 248-248S393 8 256 8z\"><\/path><\/svg><\/div><div class=\"ctl-6 timeline-block-detail\"><div class=\"story-details\"><div class=\"story-content\">\n<figure class=\"wp-block-image ctlb-block-image\"><img decoding=\"async\" src=\"https:\/\/www.christian-doppler.net\/wp-content\/uploads\/1997.jpg\" alt=\"\" style=\"aspect-ratio:4\/3;object-fit:cover\"\/><\/figure>\n\n\n\n<h3 class=\"wp-block-heading ctlb-block-title\" style=\"padding-top:0px;padding-right:0px;padding-bottom:0px;padding-left:0px\">Desarrollo de m\u00e9todos para enfriar y atrapar \u00e1tomos con la ayuda de l\u00e1seres<\/h3>\n\n\n\n<p class=\"ctlb-block-desc\" style=\"padding-top:0px;padding-right:0px;padding-bottom:0px;padding-left:0px\"><br><a href=\"https:\/\/es.wikipedia.org\/wiki\/Steven_Chu\" target=\"_blank\" rel=\"noreferrer noopener\"><strong>Steven Chu<\/strong><\/a><strong>\u00a0(1948 \u2013 , EUA),\u00a0<\/strong><a href=\"https:\/\/es.wikipedia.org\/wiki\/Claude_Cohen-Tannoudji\" target=\"_blank\" rel=\"noreferrer noopener\"><strong>Claude Cohen-Tannoudji<\/strong><\/a><strong>(1933 \u2013 , Francia, nacido en Algeria) y\u00a0<\/strong><a href=\"https:\/\/es.wikipedia.org\/wiki\/William_Daniel_Phillips\" target=\"_blank\" rel=\"noreferrer noopener\"><strong>William Daniel Phillips<\/strong><\/a><strong>\u00a0(1948 \u2013 , EUA)<\/strong><br><em>Justificaci\u00f3n del premio: \u00abPor el desarrollo de m\u00e9todos para<\/em> <a href=\"https:\/\/es.wikipedia.org\/wiki\/Enfriamiento_l%C3%A1ser\" target=\"_blank\" rel=\"noreferrer noopener\">enfriar<\/a><em> y<\/em> <a href=\"https:\/\/es.wikipedia.org\/wiki\/Trampa_magneto-%C3%B3ptica\" target=\"_blank\" rel=\"noreferrer noopener\">atrapar<\/a><em> \u00e1tomos con<\/em> <a href=\"https:\/\/es.wikipedia.org\/wiki\/L%C3%A1ser\" target=\"_blank\" rel=\"noreferrer noopener\">luz l\u00e1ser<\/a><em>\u00ab.<\/em><br><br><small>Imagen: Claude Cohen-Tannoudji (2007) por <a href=\"Amirber\" target=\"_blank\" rel=\"noreferrer noopener\">Amir Bernat<\/a> \u2013 I phtographed., <a href=\"http:\/\/www.gnu.org\/copyleft\/fdl.html\" target=\"_blank\" rel=\"noreferrer noopener\">GFDL<\/a>, <a href=\"https:\/\/commons.wikimedia.org\/w\/index.php?curid=4104959\" target=\"_blank\" rel=\"noreferrer noopener\">Link<\/a><\/small><\/p>\n<\/div><\/div><\/div><\/div><\/div><\/div>\n\n\n\n<div class=\"wp-block-cp-timeline-content-timeline-block-child swiper-slide\"><div class=\"timeline-content icon-false \"><div class=\"timeline-block-timeline ctl-row  position-left\"><div class=\"ctl-6 timeline-block-time\"><div class=\"story-time\"><p>1989<\/p><\/div><\/div><div class=\"timeline-block-icon\"><svg stroke=\"currentColor\" fill=\"currentColor\" stroke-width=\"0\" viewBox=\"0 0 512 512\" height=\"1em\" width=\"1em\" xmlns=\"http:\/\/www.w3.org\/2000\/svg\"><path d=\"M256 8C119 8 8 119 8 256s111 248 248 248 248-111 248-248S393 8 256 8z\"><\/path><\/svg><\/div><div class=\"ctl-6 timeline-block-detail\"><div class=\"story-details\"><div class=\"story-content\">\n<h3 class=\"wp-block-heading ctlb-block-title\" style=\"padding-top:0px;padding-right:0px;padding-bottom:0px;padding-left:0px\">Desarrollo de la T\u00e9cnica de la Trampa I\u00f3nica<\/h3>\n\n\n\n<p class=\"ctlb-block-desc\" style=\"padding-top:0px;padding-right:0px;padding-bottom:0px;padding-left:0px\"><br><a href=\"https:\/\/es.wikipedia.org\/wiki\/Wolfgang_Paul\" target=\"_blank\" rel=\"noreferrer noopener\"><strong>Wolfgang Paul<\/strong><\/a><strong>\u00a0(1913\u20131993, Alemania) and<\/strong><a href=\"https:\/\/es.wikipedia.org\/wiki\/Hans_Georg_Dehmelt\" target=\"_blank\" rel=\"noreferrer noopener\"><strong>Hans Georg Dehmelt<\/strong><\/a><strong> (1922-2017, EUA \u2013 nacido en Alemania)<\/strong><br><em>Justificaci\u00f3n del premio: \u00abpor su desarrollo de la t\u00e9cnica de la trampa i\u00f3nica\u00bb<\/em><br>\u00a0<\/p>\n<\/div><\/div><\/div><\/div><\/div><\/div>\n\n\n\n<div class=\"wp-block-cp-timeline-content-timeline-block-child swiper-slide\"><div class=\"timeline-content icon-false \"><div class=\"timeline-block-timeline ctl-row  position-right\"><div class=\"ctl-6 timeline-block-time\"><div class=\"story-time\"><p>1981<\/p><\/div><\/div><div class=\"timeline-block-icon\"><svg stroke=\"currentColor\" fill=\"currentColor\" stroke-width=\"0\" viewBox=\"0 0 512 512\" height=\"1em\" width=\"1em\" xmlns=\"http:\/\/www.w3.org\/2000\/svg\"><path d=\"M256 8C119 8 8 119 8 256s111 248 248 248 248-111 248-248S393 8 256 8z\"><\/path><\/svg><\/div><div class=\"ctl-6 timeline-block-detail\"><div class=\"story-details\"><div class=\"story-content\">\n<figure class=\"wp-block-image ctlb-block-image\"><img decoding=\"async\" src=\"https:\/\/www.christian-doppler.net\/wp-content\/uploads\/Johannes_Stark1.jpg\" alt=\"\" style=\"aspect-ratio:4\/3;object-fit:cover\"\/><\/figure>\n\n\n\n<h3 class=\"wp-block-heading ctlb-block-title\" style=\"padding-top:0px;padding-right:0px;padding-bottom:0px;padding-left:0px\">Contribuci\u00f3n al desarrollo de la espectroscopia l\u00e1ser<\/h3>\n\n\n\n<p class=\"ctlb-block-desc\" style=\"padding-top:0px;padding-right:0px;padding-bottom:0px;padding-left:0px\"><strong><a href=\"https:\/\/es.wikipedia.org\/wiki\/Nicolaas_Bloembergen\" target=\"_blank\" rel=\"noreferrer noopener\">Nicolaas Bloembergen<\/a> (1920-2017, EUA, nacido en los Pa\u00edses Bajos) and<\/strong> <a href=\"https:\/\/es.wikipedia.org\/wiki\/Arthur_Leonard_Schawlow\" target=\"_blank\" rel=\"noreferrer noopener\"><strong>Arthur Leonard Schawlow<\/strong><\/a><strong>\u00a0(1921\u20131999, EUA)<\/strong><br><em>Justificaci\u00f3n del premio: \u00abpor sus contribuciones al desarrollo de la espectroscopia l\u00e1ser\u00bb<\/em><\/p>\n<\/div><\/div><\/div><\/div><\/div><\/div>\n\n\n\n<div class=\"wp-block-cp-timeline-content-timeline-block-child swiper-slide\"><div class=\"timeline-content icon-false \"><div class=\"timeline-block-timeline ctl-row  position-left\"><div class=\"ctl-6 timeline-block-time\"><div class=\"story-time\"><p>1961<\/p><\/div><\/div><div class=\"timeline-block-icon\"><svg stroke=\"currentColor\" fill=\"currentColor\" stroke-width=\"0\" viewBox=\"0 0 512 512\" height=\"1em\" width=\"1em\" xmlns=\"http:\/\/www.w3.org\/2000\/svg\"><path d=\"M256 8C119 8 8 119 8 256s111 248 248 248 248-111 248-248S393 8 256 8z\"><\/path><\/svg><\/div><div class=\"ctl-6 timeline-block-detail\"><div class=\"story-details\"><div class=\"story-content\">\n<figure class=\"wp-block-image ctlb-block-image\"><img decoding=\"async\" src=\"https:\/\/www.christian-doppler.net\/wp-content\/uploads\/Mossbauer.jpg\" alt=\"\" style=\"aspect-ratio:4\/3;object-fit:cover\"\/><\/figure>\n\n\n\n<h3 class=\"wp-block-heading ctlb-block-title\" style=\"padding-top:0px;padding-right:0px;padding-bottom:0px;padding-left:0px\">Investigaci\u00f3n de la emisi\u00f3n y la absorci\u00f3n resonante y sin retroceso de la radiaci\u00f3n gamma: el efecto M\u00f6ssbauer.<\/h3>\n\n\n\n<p class=\"ctlb-block-desc\" style=\"padding-top:0px;padding-right:0px;padding-bottom:0px;padding-left:0px\"><br><strong><a href=\"https:\/\/es.wikipedia.org\/wiki\/Rudolf_Ludwig_M%C3%B6%C3%9Fbauer\" target=\"_blank\" rel=\"noreferrer noopener\">Rudolf L. M\u00f6\u00dfbauer<\/a>\u00a0(1929 \u2013 2011, Alemania)<\/strong><br><em>Justificaci\u00f3n del premio: \u00abpor sus investigaciones sobre la absorci\u00f3n por resonancia de la <\/em><a href=\"https:\/\/es.wikipedia.org\/wiki\/Rayos_gamma\" target=\"_blank\" rel=\"noreferrer noopener\"><em>radiaci\u00f3n gamma<\/em><\/a><em> y su descubrimiento en este sentido del <\/em><a href=\"https:\/\/es.wikipedia.org\/wiki\/Efecto_M%C3%B6%C3%9Fbauer\" target=\"_blank\" rel=\"noreferrer noopener\"><em>efecto que lleva su nombre<\/em><\/a><em>\u00ab.<\/em><br><br><em>Nacido en M\u00fanich, y a la edad de 32 a\u00f1os el Premio Nobel m\u00e1s joven de la \u00e9poca, M\u00f6ssbauer descubri\u00f3 el siguiente fen\u00f3meno: si un n\u00facleo at\u00f3mico se mantiene dentro de un cristal, su comportamiento de absorci\u00f3n es diferente a cuando est\u00e1 en estado libre, y de acuerdo con el desplazamiento de frecuencia Doppler, el n\u00facleo muestra un patr\u00f3n de l\u00edneas espectrales diferente.<\/em><\/p>\n<\/div><\/div><\/div><\/div><\/div><\/div>\n\n\n\n<div class=\"wp-block-cp-timeline-content-timeline-block-child swiper-slide\"><div class=\"timeline-content icon-false \"><div class=\"timeline-block-timeline ctl-row  position-right\"><div class=\"ctl-6 timeline-block-time\"><div class=\"story-time\"><p>1919<\/p><\/div><\/div><div class=\"timeline-block-icon\"><svg stroke=\"currentColor\" fill=\"currentColor\" stroke-width=\"0\" viewBox=\"0 0 512 512\" height=\"1em\" width=\"1em\" xmlns=\"http:\/\/www.w3.org\/2000\/svg\"><path d=\"M256 8C119 8 8 119 8 256s111 248 248 248 248-111 248-248S393 8 256 8z\"><\/path><\/svg><\/div><div class=\"ctl-6 timeline-block-detail\"><div class=\"story-details\"><div class=\"story-content\">\n<figure class=\"wp-block-image ctlb-block-image\"><img decoding=\"async\" src=\"https:\/\/www.christian-doppler.net\/wp-content\/uploads\/Johannes_Stark.jpg\" alt=\"\" style=\"aspect-ratio:4\/3;object-fit:cover\"\/><\/figure>\n\n\n\n<h3 class=\"wp-block-heading ctlb-block-title\" style=\"padding-top:0px;padding-right:0px;padding-bottom:0px;padding-left:0px\">Prueba del efecto Doppler a trav\u00e9s de los rayos de canal y el desdoblamiento de las l\u00edneas espectrales en los campos el\u00e9ctricos.<\/h3>\n\n\n\n<p class=\"ctlb-block-desc\" style=\"padding-top:0px;padding-right:0px;padding-bottom:0px;padding-left:0px\"><br><strong><a href=\"https:\/\/es.wikipedia.org\/wiki\/Johannes_Stark\">Johannes Stark<\/a> (1874\u20131957, Alemania)<\/strong><br><em>Justificaci\u00f3n del premio: \u00abpor su descubrimiento del <a href=\"https:\/\/www.christian-doppler.net\/es\/el-efecto-doppler\/\">efecto Doppler<\/a> en los\u00a0<a href=\"https:\/\/es.wikipedia.org\/wiki\/Rayo_an%C3%B3dico\">rayos de canal<\/a> y la divisi\u00f3n de las <a href=\"https:\/\/es.wikipedia.org\/wiki\/L%C3%ADnea_espectral\">l\u00edneas espectrales<\/a> en los campos el\u00e9ctricos\u00bb (<a href=\"https:\/\/es.wikipedia.org\/wiki\/Efecto_Stark\">efecto Stark<\/a>)<br><\/em><br><em>El f\u00edsico alem\u00e1n descubri\u00f3 el efecto \u00f3ptico Doppler en los rayos de canal en 1905. Pudo demostrar experimentalmente la hip\u00f3tesis de Doppler de que el movimiento de una fuente de luz afectaba a la frecuencia que emit\u00eda.<\/em><\/p>\n<\/div><\/div><\/div><\/div><\/div><\/div>\n<\/div><\/div><\/div><\/div>\n<style class=\"advgb-styles-renderer\">.cool-timeline-block-3f5c1c11-2917-4ea9-bea3-7e23cc9d1d8a .cool-vertical-timeline-body{--ctlb-icon-color: #fff;--ctlb-line-color: #ffa500;--ctlb-icon-bg: #131313;--ctlb-story-border-color: #000000;}<\/style>","protected":false},"excerpt":{"rendered":"<p>Gracias a su descubrimiento de la dinamita y a la patente que se le concedi\u00f3 (1867), el inventor y qu\u00edmico sueco Alfred Nobel (1833-1896) r\u00e1pidamente acumul\u00f3 una considerable fortuna. En su testamento declar\u00f3 que su fortuna se destinar\u00eda a \u00abcrear un fondo cuyos intereses anuales se distribuir\u00edan como premio a las personas que m\u00e1s hubieran contribuido a la humanidad en [&hellip;]<\/p>\n","protected":false},"author":1,"featured_media":0,"parent":0,"menu_order":0,"comment_status":"closed","ping_status":"closed","template":"","meta":{"_acf_changed":false,"advgb_blocks_editor_width":"","advgb_blocks_columns_visual_guide":"","footnotes":""},"class_list":["post-6115","page","type-page","status-publish","hentry"],"acf":[],"featured_image_urls_v2":{"full":"","thumbnail":"","medium":"","medium_large":"","large":"","timeline-express":"","timeline-express-thumbnail":"","1536x1536":"","2048x2048":""},"post_excerpt_stackable_v2":"<p>Gracias a su descubrimiento de la dinamita y a la patente que se le concedi\u00f3 (1867), el inventor y qu\u00edmico sueco Alfred Nobel (1833-1896) r\u00e1pidamente acumul\u00f3 una considerable fortuna. En su testamento declar\u00f3 que su fortuna se destinar\u00eda a \u00abcrear un fondo cuyos intereses anuales se distribuir\u00edan como premio a las personas que m\u00e1s hubieran contribuido a la humanidad en el \u00faltimo a\u00f1o\u00bb (desde 1901 llamado el Premio Nobel). La suma deb\u00eda dividirse en cinco partes iguales para premios en las siguientes \u00e1reas: f\u00edsica, qu\u00edmica, fisiolog\u00eda o medicina, literatura y paz. En aquel momento, nadie sab\u00eda el alcance del impacto&hellip;<\/p>\n","category_list_v2":"","author_info_v2":{"name":"Technik Admin","url":"https:\/\/www.christian-doppler.net\/es\/author\/wp_admin\/"},"comments_num_v2":"0 comentarios","coauthors":[],"author_meta":{"author_link":"https:\/\/www.christian-doppler.net\/es\/author\/wp_admin\/","display_name":"Technik Admin"},"relative_dates":{"created":"Publicado 4 a\u00f1os hace","modified":"Actualizado 2 a\u00f1os hace"},"absolute_dates":{"created":"Publicado el 30 de mayo de 2022","modified":"Actualizado el 15 de mayo de 2024"},"absolute_dates_time":{"created":"Publicado el 30 de mayo de 2022 10:37","modified":"Actualizado el 15 de mayo de 2024 14:48"},"featured_img_caption":"","featured_img":false,"series_order":"","_links":{"self":[{"href":"https:\/\/www.christian-doppler.net\/es\/wp-json\/wp\/v2\/pages\/6115","targetHints":{"allow":["GET"]}}],"collection":[{"href":"https:\/\/www.christian-doppler.net\/es\/wp-json\/wp\/v2\/pages"}],"about":[{"href":"https:\/\/www.christian-doppler.net\/es\/wp-json\/wp\/v2\/types\/page"}],"author":[{"embeddable":true,"href":"https:\/\/www.christian-doppler.net\/es\/wp-json\/wp\/v2\/users\/1"}],"replies":[{"embeddable":true,"href":"https:\/\/www.christian-doppler.net\/es\/wp-json\/wp\/v2\/comments?post=6115"}],"version-history":[{"count":4,"href":"https:\/\/www.christian-doppler.net\/es\/wp-json\/wp\/v2\/pages\/6115\/revisions"}],"predecessor-version":[{"id":7343,"href":"https:\/\/www.christian-doppler.net\/es\/wp-json\/wp\/v2\/pages\/6115\/revisions\/7343"}],"wp:attachment":[{"href":"https:\/\/www.christian-doppler.net\/es\/wp-json\/wp\/v2\/media?parent=6115"}],"curies":[{"name":"wp","href":"https:\/\/api.w.org\/{rel}","templated":true}]}}