{"id":5431,"date":"2022-01-26T13:34:44","date_gmt":"2022-01-26T12:34:44","guid":{"rendered":"https:\/\/www.christian-doppler.net\/?page_id=5431"},"modified":"2022-01-26T13:34:45","modified_gmt":"2022-01-26T12:34:45","slug":"jubilejni-rok-2017","status":"publish","type":"page","link":"https:\/\/www.christian-doppler.net\/cs\/jubilejni-rok-2017\/","title":{"rendered":"JUBILEJN\u00cd ROK 2017"},"content":{"rendered":"\n<p><em>Fyzik a matematik Christian Andreas Doppler, narozen\u00fd 29. listopadu 1803 v&nbsp;dom\u011b \u010dp. 1 na Makartov\u011b n\u00e1m\u011bst\u00ed v&nbsp;Salcburku, p\u0159edstavil p\u0159ed 175 lety dne 25. kv\u011btna 1842 na pra\u017esk\u00e9 univerzit\u011b sv\u00e9 st\u011b\u017eejn\u00ed d\u00edlo: <\/em><em><\/em><\/p>\n\n\n\n<p><em>&nbsp;<\/em><em>\u201eUeber das farbige Licht der Doppelsterne und einiger anderer Gestirne des Himmels\u201c<\/em><\/p>\n\n\n\n<p><em>(<\/em><em>O barevn\u00e9m sv\u011btle dvojhv\u011bzd a n\u011bkter\u00fdch jin\u00fdch hv\u011bzd na nebi).<\/em><\/p>\n\n\n\n<p>Tato v\u011bdeck\u00e1 pr\u00e1ce proslavila Christiana Dopplera po cel\u00e9m sv\u011bt\u011b. Doppler v\u00a0n\u00ed popsal vliv pohybu nebesk\u00fdch t\u011bles na jejich barvu, p\u0159\u00edrodn\u00ed jev nesouc\u00ed pozd\u011bji jeho jm\u00e9no \u2013 dnes zn\u00e1m\u00fd jako Doppler\u016fv jev.<\/p>\n\n\n\n<p>Kdy\u017e Albert Einstein v&nbsp;z\u00e1\u0159\u00ed roku 1909 v r\u00e1mci 81. shrom\u00e1\u017ed\u011bn\u00ed \u201eSpole\u010dnosti n\u011bmeck\u00fdch p\u0159\u00edrodov\u011bdc\u016f a l\u00e9ka\u0159\u016f\u201c v&nbsp;salcbursk\u00e9 ond\u0159ejsk\u00e9 \u0161kole p\u0159edstavoval \u010detn\u00fdm z\u00e1stupc\u016fm tehdej\u0161\u00ed v\u011bdeck\u00e9 elity (p\u0159\u00edtomni nap\u0159. Max Planck, Lise Meitner, Max von Laue, Wilhelm Wien, Max Born, etc., n\u011bkte\u0159\u00ed z nich pozd\u011bji nositel\u00e9 Nobelovy ceny) svou teorii relativity, vy\u0159kl tak\u00e9 tuto v\u011btu:<\/p>\n\n\n\n<p><em>\u201eJedno, jakou formu nabude teorie elektromagnetick\u00fdch proces\u016f, Doppler\u016fv jev z\u016fstane zachov\u00e1n v&nbsp;ka\u017ed\u00e9m p\u0159\u00edpad\u011b.\u201c &nbsp;<\/em><\/p>\n\n\n\n<p>Kvantov\u00fd fyzik a prezident Rakousk\u00e9 akademie v\u011bd Anton Zeilinger vyhl\u00e1sil v&nbsp;roce 2007 b\u011bhem sv\u00e9 p\u0159edn\u00e1\u0161ky na Univerzit\u011b Salcburk Doppler\u016fv jev za \u201ejev tis\u00edcilet\u00ed\u201c.<\/p>\n\n\n\n<p>M\u00e1lokter\u00fd jin\u00fd p\u0159\u00edrodov\u011bdn\u00fd poznatek utv\u00e1\u0159el n\u00e1\u0161 n\u00e1hled na sv\u011bt tak rozhoduj\u00edc\u00edm zp\u016fsobem jako Doppler\u016fv jev. Ne m\u00e9n\u011b ne\u017e 19 v\u00fdzkum\u016f vyznamenan\u00fdch Nobelovou cenou s&nbsp;nes\u010detn\u00fdmi aplikacemi v&nbsp;r\u016fzn\u00fdch oblastech p\u0159\u00edrodn\u00edch v\u011bd, l\u00e9ka\u0159stv\u00ed a techniky je zalo\u017eeno p\u0159\u00edmo \u010di nep\u0159\u00edmo pr\u00e1v\u011b na vyu\u017eit\u00ed Dopplerova jevu. Vedle Wolfganga Amadea Mozarta je dnes Christian Andreas Doppler dozajista sv\u011btov\u011b nejzn\u00e1m\u011bj\u0161\u00edm salcbursk\u00fdm rod\u00e1kem. Dopplerovy pr\u016flomov\u00e9 v\u011bdeck\u00e9 poznatky si z&nbsp;na\u0161eho \u017eivota u\u017e nelze odmyslet, jeliko\u017e maj\u00ed z\u00e1sadn\u00ed v\u00fdznam jak pro n\u00e1\u0161 ka\u017edodenn\u00ed \u017eivot, tak i pro epistemologickou dimenzi utv\u00e1\u0159ej\u00edc\u00ed n\u00e1\u0161 modern\u00ed n\u00e1hled na sv\u011bt. &nbsp;&nbsp;<\/p>\n\n\n\n<p>Podle motta Christiana Andrease Dopplera<\/p>\n\n\n\n<p><em>\u201eNejvd\u011b\u010dn\u011bj\u0161\u00ed jsou ty badatelsk\u00e9 pr\u00e1ce, kter\u00e9 pot\u011b\u0161\u00ed myslitele a z\u00e1rove\u0148 prosp\u00edvaj\u00ed lidstvu\u201c<\/em><\/p>\n\n\n\n<p>vyu\u017eil Nada\u010dn\u00ed fond Christiana Dopplera p\u0159\u00edle\u017eitost 175. v\u00fdro\u010d\u00ed Dopplerova jevu, aby Christianu Dopplerovi vyj\u00e1d\u0159il uzn\u00e1n\u00ed a z\u00e1rove\u0148 p\u0159ibl\u00ed\u017eil \u0161irok\u00e9 ve\u0159ejnosti jeho \u017eivot a d\u00edlo formou \u010detn\u00fdch akc\u00ed.<\/p>\n","protected":false},"excerpt":{"rendered":"<p>Fyzik a matematik Christian Andreas Doppler, narozen\u00fd 29. listopadu 1803 v&nbsp;dom\u011b \u010dp. 1 na Makartov\u011b n\u00e1m\u011bst\u00ed v&nbsp;Salcburku, p\u0159edstavil p\u0159ed 175 lety dne 25. kv\u011btna 1842 na pra\u017esk\u00e9 univerzit\u011b sv\u00e9 st\u011b\u017eejn\u00ed d\u00edlo: &nbsp;\u201eUeber das farbige Licht der Doppelsterne und einiger anderer Gestirne des Himmels\u201c (O barevn\u00e9m sv\u011btle dvojhv\u011bzd a n\u011bkter\u00fdch jin\u00fdch hv\u011bzd na nebi). Tato v\u011bdeck\u00e1 pr\u00e1ce proslavila Christiana Dopplera po [&hellip;]<\/p>\n","protected":false},"author":1,"featured_media":0,"parent":0,"menu_order":0,"comment_status":"closed","ping_status":"closed","template":"","meta":{"_acf_changed":false,"advgb_blocks_editor_width":"","advgb_blocks_columns_visual_guide":"","footnotes":""},"class_list":["post-5431","page","type-page","status-publish","hentry"],"acf":[],"featured_image_urls_v2":{"full":"","thumbnail":"","medium":"","medium_large":"","large":"","timeline-express":"","timeline-express-thumbnail":"","1536x1536":"","2048x2048":""},"post_excerpt_stackable_v2":"<p>Fyzik a matematik Christian Andreas Doppler, narozen\u00fd 29. listopadu 1803 v&nbsp;dom\u011b \u010dp. 1 na Makartov\u011b n\u00e1m\u011bst\u00ed v&nbsp;Salcburku, p\u0159edstavil p\u0159ed 175 lety dne 25. kv\u011btna 1842 na pra\u017esk\u00e9 univerzit\u011b sv\u00e9 st\u011b\u017eejn\u00ed d\u00edlo: &nbsp;\u201eUeber das farbige Licht der Doppelsterne und einiger anderer Gestirne des Himmels\u201c (O barevn\u00e9m sv\u011btle dvojhv\u011bzd a n\u011bkter\u00fdch jin\u00fdch hv\u011bzd na nebi). Tato v\u011bdeck\u00e1 pr\u00e1ce proslavila Christiana Dopplera po cel\u00e9m sv\u011bt\u011b. Doppler v\u00a0n\u00ed popsal vliv pohybu nebesk\u00fdch t\u011bles na jejich barvu, p\u0159\u00edrodn\u00ed jev nesouc\u00ed pozd\u011bji jeho jm\u00e9no \u2013 dnes zn\u00e1m\u00fd jako Doppler\u016fv jev. Kdy\u017e Albert Einstein v&nbsp;z\u00e1\u0159\u00ed roku 1909 v r\u00e1mci 81. shrom\u00e1\u017ed\u011bn\u00ed \u201eSpole\u010dnosti n\u011bmeck\u00fdch p\u0159\u00edrodov\u011bdc\u016f a l\u00e9ka\u0159\u016f\u201c v&nbsp;salcbursk\u00e9&hellip;<\/p>\n","category_list_v2":"","author_info_v2":{"name":"Technik Admin","url":"https:\/\/www.christian-doppler.net\/cs\/author\/wp_admin\/"},"comments_num_v2":"0 comments","coauthors":[],"author_meta":{"author_link":"https:\/\/www.christian-doppler.net\/cs\/author\/wp_admin\/","display_name":"Technik Admin"},"relative_dates":{"created":"Posted 4 roky ago","modified":"Updated 4 roky ago"},"absolute_dates":{"created":"Posted on 26. 1. 2022","modified":"Updated on 26. 1. 2022"},"absolute_dates_time":{"created":"Posted on 26. 1. 2022 13:34","modified":"Updated on 26. 1. 2022 13:34"},"featured_img_caption":"","featured_img":false,"series_order":"","_links":{"self":[{"href":"https:\/\/www.christian-doppler.net\/cs\/wp-json\/wp\/v2\/pages\/5431","targetHints":{"allow":["GET"]}}],"collection":[{"href":"https:\/\/www.christian-doppler.net\/cs\/wp-json\/wp\/v2\/pages"}],"about":[{"href":"https:\/\/www.christian-doppler.net\/cs\/wp-json\/wp\/v2\/types\/page"}],"author":[{"embeddable":true,"href":"https:\/\/www.christian-doppler.net\/cs\/wp-json\/wp\/v2\/users\/1"}],"replies":[{"embeddable":true,"href":"https:\/\/www.christian-doppler.net\/cs\/wp-json\/wp\/v2\/comments?post=5431"}],"version-history":[{"count":2,"href":"https:\/\/www.christian-doppler.net\/cs\/wp-json\/wp\/v2\/pages\/5431\/revisions"}],"predecessor-version":[{"id":5433,"href":"https:\/\/www.christian-doppler.net\/cs\/wp-json\/wp\/v2\/pages\/5431\/revisions\/5433"}],"wp:attachment":[{"href":"https:\/\/www.christian-doppler.net\/cs\/wp-json\/wp\/v2\/media?parent=5431"}],"curies":[{"name":"wp","href":"https:\/\/api.w.org\/{rel}","templated":true}]}}