{"id":5426,"date":"2022-01-26T13:23:54","date_gmt":"2022-01-26T12:23:54","guid":{"rendered":"https:\/\/www.christian-doppler.net\/?page_id=5426"},"modified":"2024-05-15T16:24:59","modified_gmt":"2024-05-15T14:24:59","slug":"ochrana-dat","status":"publish","type":"page","link":"https:\/\/www.christian-doppler.net\/cs\/ochrana-dat\/","title":{"rendered":"Ochrana dat"},"content":{"rendered":"\n<p>Ke dni 31. srpen 2023<\/p>\n\n\n\n<p>Ochranu va\u0161ich osobn\u00edch \u00fadaj\u016f bereme velmi v\u00e1\u017en\u011b.&nbsp;Va\u0161e osobn\u00ed \u00fadaje zpracov\u00e1v\u00e1me v souladu se z\u00e1konn\u00fdmi p\u0159edpisy o ochran\u011b \u00fadaj\u016f a t\u00edmto prohl\u00e1\u0161en\u00edm o ochran\u011b \u00fadaj\u016f.<\/p>\n\n\n\n<p>Na\u0161e webov\u00e9 str\u00e1nky lze obvykle pou\u017e\u00edvat bez poskytnut\u00ed osobn\u00edch \u00fadaj\u016f.&nbsp;Pokud jsou na na\u0161ich webov\u00fdch str\u00e1nk\u00e1ch shroma\u017e\u010fov\u00e1ny osobn\u00ed \u00fadaje (nap\u0159. jm\u00e9no, adresa nebo e-mailov\u00e1 adresa), d\u011bje se tak v\u017edy na dobrovoln\u00e9 b\u00e1zi, pokud to nen\u00ed pro provoz webu technicky nezbytn\u00e9.<\/p>\n\n\n\n<p>Tento web pou\u017e\u00edv\u00e1 va\u0161e \u00fadaje \u0161etrn\u011b a zpracov\u00e1v\u00e1 pouze \u00fadaje, kter\u00e9 jsou technicky nezbytn\u00e9 a nevy\u017eaduj\u00ed souhlas.&nbsp;Proto tato webov\u00e1 str\u00e1nka nem\u00e1 \u201ecocie bar\u201c pro z\u00edsk\u00e1n\u00ed va\u0161eho souhlasu.<\/p>\n\n\n\n<h2 class=\"wp-block-heading\" id=\"ospitando\">Ospitando<\/h2>\n\n\n\n<p>Salzburg Research Forschungsgesellschaft mbH, Jakob Haringer Stra\u00dfe 5\/3, 5020 Salzburg, info@salzburgresearch.at, 0662 \/ 2288-0 \u2013 odpov\u00edd\u00e1 za zpracov\u00e1n\u00ed va\u0161ich osobn\u00edch \u00fadaj\u016f na t\u00e9to webov\u00e9 str\u00e1nce.<\/p>\n\n\n\n<h2 class=\"wp-block-heading\" id=\"hosting\">Hosting<\/h2>\n\n\n\n<p>Tuto webovou str\u00e1nku provozuje all-inkl.com.&nbsp;Osobn\u00ed \u00fadaje o p\u0159ipojen\u00ed zpracov\u00e1v\u00e1me za \u00fa\u010delem zabezpe\u010den\u00ed dat a v\u00fdpadku po dobu maxim\u00e1ln\u011b 7 dn\u016f.<\/p>\n\n\n\n<p>Pr\u00e1vn\u00edm z\u00e1kladem zpracov\u00e1n\u00ed je n\u00e1\u0161 opr\u00e1vn\u011bn\u00fd z\u00e1jem v souladu s \u010dl. 6 odst. 1 p\u00edsm. f GDPR (technick\u00e1 bezpe\u010dnostn\u00ed opat\u0159en\u00ed).<\/p>\n\n\n\n<h2 class=\"wp-block-heading\" id=\"soubory-protokolu-serveru\">Soubory protokolu serveru<\/h2>\n\n\n\n<p>Zpracov\u00e1v\u00e1me za \u00fa\u010delem sledov\u00e1n\u00ed technick\u00e9 funkce a zv\u00fd\u0161en\u00ed bezpe\u010dnosti provozu na pr\u00e1vn\u00edm z\u00e1klad\u011b opr\u00e1vn\u011bn\u00e9ho z\u00e1jmu v souladu s \u010dl. 6 odst. 1 ob\u010d.&nbsp;f GDPR (technick\u00e1 bezpe\u010dnostn\u00ed opat\u0159en\u00ed) osobn\u00ed \u00fadaje, jako je IP adresa, v souboru protokolu serveru po dobu maxim\u00e1ln\u011b 7 dn\u016f.<\/p>\n\n\n\n<ul class=\"wp-block-list\">\n<li>\u010casov\u00e9 raz\u00edtko (datum a \u010das z\u00e1sahu)<\/li>\n\n\n\n<li>Typ po\u017eadavku u\u017eivatele<\/li>\n\n\n\n<li>IP u\u017eivatele<\/li>\n\n\n\n<li>Referen\u010dn\u00ed informace u\u017eivatele (tj. zdroj p\u0159\u00edstupu)<\/li>\n\n\n\n<li>Klient u\u017eivatele (typ klienta, verze klienta)<\/li>\n\n\n\n<li>Opera\u010dn\u00ed syst\u00e9m u\u017eivatele (za\u0159\u00edzen\u00ed, verze OS za\u0159\u00edzen\u00ed)<\/li>\n<\/ul>\n\n\n\n<h2 class=\"wp-block-heading\" id=\"mapove-sluzby\">Mapov\u00e9 slu\u017eby<\/h2>\n\n\n\n<p>Na tomto webu vyu\u017e\u00edv\u00e1me nab\u00eddky poskytovatel\u016f mapov\u00fdch slu\u017eeb ve form\u011b vlo\u017een\u00ed do iFrame.&nbsp;To n\u00e1m umo\u017e\u0148uje zobrazovat interaktivn\u00ed mapy p\u0159\u00edmo na webu a umo\u017e\u0148uje pohodln\u00e9 pou\u017e\u00edv\u00e1n\u00ed mapov\u00fdch funkc\u00ed.<\/p>\n\n\n\n<h3 class=\"wp-block-heading\" id=\"cloudove-sluzby-wikimedia\">Cloudov\u00e9 slu\u017eby Wikimedia<\/h3>\n\n\n\n<p>Pr\u00e1vn\u00edm z\u00e1kladem pro zpracov\u00e1n\u00ed je v\u00e1\u0161 souhlas ud\u011blen\u00fd v souladu s \u00a7 96 (3) TKG v &nbsp;&nbsp;\u010dl. 6 (1) (a) GDPR.&nbsp;P\u0159ipojen\u00ed ke cloudov\u00fdm slu\u017eb\u00e1m Wikimedia je nav\u00e1z\u00e1no a\u017e pot\u00e9, co ud\u011bl\u00edte sv\u016fj souhlas kliknut\u00edm na tla\u010d\u00edtko.<\/p>\n\n\n\n<p>Pr\u00e1vn\u00edm z\u00e1kladem pro zpracov\u00e1n\u00ed je v\u00e1\u0161 souhlas ud\u011blen\u00fd v souladu s \u00a7 96 (3) TKG v &nbsp;&nbsp;\u010dl. 6 (1) (a) GDPR.&nbsp;P\u0159ipojen\u00ed ke cloudov\u00fdm slu\u017eb\u00e1m Wikimedia je nav\u00e1z\u00e1no a\u017e pot\u00e9, co ud\u011bl\u00edte sv\u016fj souhlas kliknut\u00edm na tla\u010d\u00edtko.<\/p>\n\n\n\n<p>Pokud bude slu\u017eba Wikimedia Cloud Services nad\u00e1le zpracov\u00e1vat data nez\u00e1visle, je za to v\u00fdhradn\u011b odpov\u011bdn\u00e1 slu\u017eba Wikimedia Cloud Services.\u00a0Podrobnosti naleznete v\u00a0<a href=\"https:\/\/foundation.wikimedia.org\/wiki\/Policy:Privacy_policy\/cs\" target=\"_blank\" rel=\"noreferrer noopener\">z\u00e1sad\u00e1ch ochrany osobn\u00edch \u00fadaj\u016f<\/a>\u00a0slu\u017eby Wikimedia Cloud Services.<\/p>\n\n\n\n<h2 class=\"wp-block-heading\" id=\"video-sluzby\">Video slu\u017eby<\/h2>\n\n\n\n<p>Na na\u0161ich webov\u00fdch str\u00e1nk\u00e1ch v\u00e1m nab\u00edz\u00edme mo\u017enost prohl\u00ed\u017eet si na\u0161e videa na YouTube p\u0159\u00edmo prost\u0159ednictv\u00edm vlo\u017een\u00ed do iFrame.&nbsp;Po ud\u011blen\u00ed va\u0161eho souhlasu v souladu s \u010dl. 6 odst. 1 GDPR umo\u017e\u0148ujeme poskytovateli slu\u017eeb Google Ireland Limited, Gordon House, Barrow Street, Dublin 4, Irsko p\u0159ehr\u00e1vat video s va\u0161imi osobn\u00edmi \u00fadaji po dobu setrv\u00e1n\u00ed na webov\u00e9 str\u00e1nce. \u00dadaje shrom\u00e1\u017ed\u011bn\u00e9 spole\u010dnost\u00ed Google nezpracov\u00e1v\u00e1me ani neukl\u00e1d\u00e1me.&nbsp;V\u00e1\u0161 souhlas je platn\u00fd pouze do opu\u0161t\u011bn\u00ed p\u0159\u00edslu\u0161n\u00e9 webov\u00e9 str\u00e1nky a nebude ulo\u017een.<\/p>\n\n\n\n<p>Vyu\u017e\u00edv\u00e1me n\u00e1sleduj\u00edc\u00ed slu\u017eby:<\/p>\n\n\n\n<p><strong>Slu\u017eba:&nbsp;<\/strong>Youtube&nbsp;<br><strong>Provozovatel:<\/strong>&nbsp;Google Ireland Limited, Gordon House, Barrow Street, Dublin 4, Irsko&nbsp;<br><strong>Prohl\u00e1\u0161en\u00ed o ochran\u011b \u00fadaj\u016f:&nbsp;<\/strong><a href=\"https:\/\/policies.google.com\/privacy?gl=AT&amp;hl=cs#intro\" target=\"_blank\" rel=\"noreferrer noopener\">https:\/\/policies.google.com\/privacy?gl=AT&amp;hl=it#intro<\/a><\/p>\n\n\n\n<h2 class=\"wp-block-heading\" id=\"analyticke-sluzby\">Analytick\u00e9 slu\u017eby<\/h2>\n\n\n\n<p>Na na\u0161ich webov\u00fdch str\u00e1nk\u00e1ch vyu\u017e\u00edv\u00e1me analytick\u00e9 slu\u017eby za \u00fa\u010delem anal\u00fdzy pou\u017e\u00edv\u00e1n\u00ed na\u0161ich webov\u00fdch str\u00e1nek, oprav chyb a dal\u0161\u00edho rozvoje obsahu.<\/p>\n\n\n\n<h3 class=\"wp-block-heading\" id=\"software-pro-mistni-analyzu\">Software pro m\u00edstn\u00ed anal\u00fdzu<\/h3>\n\n\n\n<p>Ke zpracov\u00e1n\u00ed \u00fadaj\u016f o p\u0159ipojen\u00ed a \u00fadaj\u016f o prohl\u00ed\u017ee\u010di pou\u017e\u00edv\u00e1me m\u00edstn\u00ed analytick\u00fd software za \u00fa\u010delem anal\u00fdzy pou\u017e\u00edv\u00e1n\u00ed na\u0161ich webov\u00fdch str\u00e1nek, oprav chyb a dal\u0161\u00edho v\u00fdvoje obsahu, dokud nevznesete n\u00e1mitku.<\/p>\n\n\n\n<p>Pr\u00e1vn\u00edm z\u00e1kladem zpracov\u00e1n\u00ed je technick\u00e1 nutnost zpracov\u00e1n\u00ed analytick\u00fdch dat v souladu s \u00a7 96 odst. 3 TKG v souvislosti s poskytov\u00e1n\u00edm webov\u00e9 slu\u017eby v\u00fdslovn\u011b po\u017eadovan\u00e9 u\u017eivateli podle \u010dl. 6 odst. 1 p\u00edsm.f GDPR.<\/p>\n\n\n\n<iframe style=\"border: 0; height: 200px; width: 600px;\" src=\"https:\/\/stats.salzburgresearch.at\/index.php?module=CoreAdminHome&amp;action=optOut&amp;language=cs&amp;backgroundColor=&amp;fontColor=&amp;fontSize=&amp;fontFamily=Helvetica%2C%20Arial%2C%20Sans-Serif\" data-mce-fragment=\"1\"><\/iframe>\n\n\n\n<h2 class=\"wp-block-heading\" id=\"socialni-media\">Soci\u00e1ln\u00ed m\u00e9dia<\/h2>\n\n\n\n<h3 class=\"wp-block-heading\" id=\"online-pritomnost-na-socialnich-sitich\">Online p\u0159\u00edtomnost na soci\u00e1ln\u00edch s\u00edt\u00edch<\/h3>\n\n\n\n<p>Udr\u017eujeme online p\u0159\u00edtomnost v r\u00e1mci soci\u00e1ln\u00edch s\u00edt\u00ed a platforem, abychom komunikovali se zainteresovan\u00fdmi stranami a u\u017eivateli, kte\u0159\u00ed jsou tam aktivn\u00ed, a mohli je informovat o podrobnostech projektu. P\u0159i vol\u00e1n\u00ed do p\u0159\u00edslu\u0161n\u00fdch s\u00edt\u00ed a platforem plat\u00ed obchodn\u00ed podm\u00ednky a sm\u011brnice pro zpracov\u00e1n\u00ed dat jejich p\u0159\u00edslu\u0161n\u00fdch oper\u00e1tor\u016f.<\/p>\n\n\n\n<h3 class=\"wp-block-heading\" id=\"tlacitka-sdileni\">Tla\u010d\u00edtka sd\u00edlen\u00ed<\/h3>\n\n\n\n<p>IN\u00e1\u0161 web m\u00e1 na n\u011bkter\u00fdch str\u00e1nk\u00e1ch tla\u010d\u00edtka pro sd\u00edlen\u00ed obsahu str\u00e1nky na platform\u00e1ch soci\u00e1ln\u00edch m\u00e9di\u00ed.&nbsp;Tla\u010d\u00edtka jsou ide\u00e1ln\u011b navr\u017eena tak, aby chr\u00e1nila osobn\u00ed \u00fadaje n\u00e1v\u0161t\u011bvn\u00edk\u016f na\u0161ich webov\u00fdch str\u00e1nek, proto\u017ee skript (po\u010d\u00edta\u010dov\u00fd program) za tla\u010d\u00edtky neshroma\u017e\u010fuje ani nezpracov\u00e1v\u00e1 \u017e\u00e1dn\u00e9 osobn\u00ed \u00fadaje.&nbsp;Heise Verlag jako vydavatel odborn\u00e9ho IT magaz\u00ednu c&#8217;t a jako v\u00fdvoj\u00e1\u0159 tla\u010d\u00edtek nab\u00edz\u00ed&nbsp;<a href=\"https:\/\/translate.google.com\/translate?hl=de&amp;prev=_t&amp;sl=de&amp;tl=cs&amp;u=http:\/\/ct.de\/-2467514\">p\u0159esn\u00e9 informace<\/a>&nbsp;o funkci tla\u010d\u00edtek.<\/p>\n\n\n\n<p>N\u00e1v\u0161t\u011bvn\u00edci webov\u00fdch str\u00e1nek, kte\u0159\u00ed cht\u011bj\u00ed sd\u00edlet na\u0161e str\u00e1nky, jsou po kliknut\u00ed na tla\u010d\u00edtka p\u0159esm\u011brov\u00e1ni na str\u00e1nky \u201eSd\u00edlet\u201c p\u0159\u00edslu\u0161n\u00fdch platforem soci\u00e1ln\u00edch m\u00e9di\u00ed.&nbsp;Teprve pot\u00e9 se na\u010dtou skripty pot\u0159ebn\u00e9 pro sd\u00edlen\u00ed obsahu str\u00e1nky.&nbsp;Pot\u00e9 plat\u00ed obchodn\u00ed podm\u00ednky a podm\u00ednky ochrany \u00fadaj\u016f dohodnut\u00e9 n\u00e1v\u0161t\u011bvn\u00edkem webu s p\u0159\u00edslu\u0161n\u00fdmi platformami soci\u00e1ln\u00edch m\u00e9di\u00ed.&nbsp;Podrobn\u011bj\u0161\u00ed informace poskytuj\u00ed p\u0159\u00edslu\u0161n\u00e9 platformy&nbsp;<a rel=\"noreferrer noopener\" href=\"https:\/\/www.facebook.com\/policy.php\" target=\"_blank\">Facebook<\/a>&nbsp;,&nbsp;<a href=\"https:\/\/help.instagram.com\/519522125107875\">Instagram<\/a>&nbsp;,&nbsp;<a href=\"https:\/\/cz.linkedin.com\/legal\/privacy-policy\">LinkedIn<\/a>&nbsp;,&nbsp;<a rel=\"noreferrer noopener\" href=\"https:\/\/policy.pinterest.com\/cs\/privacy-policy\" target=\"_blank\">Pinterest<\/a>&nbsp;,&nbsp;<a rel=\"noreferrer noopener\" href=\"https:\/\/twitter.com\/cs\/privacy\" target=\"_blank\">Twitter<\/a>.<\/p>\n\n\n\n<h2 class=\"wp-block-heading\" id=\"pravo-vznest-namitku\">Pr\u00e1vo vzn\u00e9st n\u00e1mitku<\/h2>\n\n\n\n<p>Pokud zpracov\u00e1n\u00ed Va\u0161ich osobn\u00edch \u00fadaj\u016f prob\u00edh\u00e1 na z\u00e1klad\u011b opr\u00e1vn\u011bn\u00e9ho z\u00e1jmu, m\u00e1te pr\u00e1vo vzn\u00e9st n\u00e1mitku proti tomuto zpracov\u00e1n\u00ed.&nbsp;Pokud z na\u0161\u00ed strany nebudou existovat \u017e\u00e1dn\u00e9 z\u00e1va\u017en\u00e9 d\u016fvody hodn\u00e9 ochrany pro zpracov\u00e1n\u00ed, bude zpracov\u00e1n\u00ed va\u0161ich \u00fadaj\u016f na z\u00e1klad\u011b tohoto pr\u00e1vn\u00edho z\u00e1kladu zastaveno.<\/p>\n\n\n\n<p>Z\u00e1konnost \u00fadaj\u016f zpracov\u00e1van\u00fdch a\u017e do bodu n\u00e1mitky nen\u00ed n\u00e1mitkou dot\u010dena.<\/p>\n\n\n\n<h2 class=\"wp-block-heading\" id=\"pravo-na-odstoupeni-od-smlouvy\">Pr\u00e1vo na odstoupen\u00ed od smlouvy<\/h2>\n\n\n\n<p>M\u00e1te pr\u00e1vo sv\u016fj souhlas kdykoli odvolat.&nbsp;V p\u0159\u00edpad\u011b p\u00edsemn\u00e9ho souhlasu lze odvol\u00e1n\u00ed prov\u00e9st pouze p\u00edsemn\u011b, v p\u0159\u00edpad\u011b souhlasu se zas\u00edl\u00e1n\u00edm elektronick\u00e9 inzerce takt\u00e9\u017e kliknut\u00edm na odhla\u0161ovac\u00ed odkaz.&nbsp;V tomto p\u0159\u00edpad\u011b bude zpracov\u00e1n\u00ed ukon\u010deno, pokud neexistuje jin\u00fd pr\u00e1vn\u00ed z\u00e1klad.<\/p>\n\n\n\n<p>Z\u00e1konnost \u00fadaj\u016f zpracov\u00e1van\u00fdch do okam\u017eiku odvol\u00e1n\u00ed nen\u00ed odvol\u00e1n\u00edm dot\u010dena.<\/p>\n\n\n\n<h2 class=\"wp-block-heading\" id=\"dotcena-prava\">Dot\u010den\u00e1 pr\u00e1va<\/h2>\n\n\n\n<p>M\u00e1te pr\u00e1vo na informace, opravu, v\u00fdmaz a omezen\u00ed zpracov\u00e1n\u00ed osobn\u00edch \u00fadaj\u016f.<\/p>\n\n\n\n<p>Pokud je pr\u00e1vn\u00edm z\u00e1kladem pro zpracov\u00e1n\u00ed va\u0161ich osobn\u00edch \u00fadaj\u016f v\u00e1\u0161 souhlas nebo smlouva uzav\u0159en\u00e1 s v\u00e1mi, m\u00e1te tak\u00e9 pr\u00e1vo na p\u0159enositelnost \u00fadaj\u016f.<\/p>\n\n\n\n<p>M\u00e1te pr\u00e1vo odvolat jak\u00fdkoli souhlas, kter\u00fd jste p\u0159\u00edpadn\u011b ud\u011blili se zpracov\u00e1n\u00edm va\u0161ich osobn\u00edch \u00fadaj\u016f.&nbsp;Z\u00e1konnost zpracov\u00e1n\u00ed osobn\u00edch \u00fadaj\u016f a\u017e do odvol\u00e1n\u00ed nen\u00ed odvol\u00e1n\u00edm dot\u010dena.<\/p>\n\n\n\n<p>M\u00e1te pr\u00e1vo vzn\u00e9st n\u00e1mitku proti zpracov\u00e1n\u00ed va\u0161ich osobn\u00edch \u00fadaj\u016f pro \u00fa\u010dely direct mailu.&nbsp;Pokud vznesete n\u00e1mitku, va\u0161e osobn\u00ed \u00fadaje ji\u017e nebudou zpracov\u00e1v\u00e1ny pro \u00fa\u010dely p\u0159\u00edm\u00e9ho marketingu.<\/p>\n\n\n\n<p>M\u00e1te tak\u00e9 pr\u00e1vo podat st\u00ed\u017enost u dozorov\u00e9ho \u00fa\u0159adu.&nbsp;Kontaktn\u00ed \u00fadaje na rakousk\u00fd \u00fa\u0159ad pro ochranu \u00fadaj\u016f jsou: Rakousk\u00fd \u00fa\u0159ad pro ochranu \u00fadaj\u016f, Barichgasse 40-42, A-1030 V\u00edde\u0148.<\/p>\n","protected":false},"excerpt":{"rendered":"<p>Ke dni 31. srpen 2023 Ochranu va\u0161ich osobn\u00edch \u00fadaj\u016f bereme velmi v\u00e1\u017en\u011b.&nbsp;Va\u0161e osobn\u00ed \u00fadaje zpracov\u00e1v\u00e1me v souladu se z\u00e1konn\u00fdmi p\u0159edpisy o ochran\u011b \u00fadaj\u016f a t\u00edmto prohl\u00e1\u0161en\u00edm o ochran\u011b \u00fadaj\u016f. Na\u0161e webov\u00e9 str\u00e1nky lze obvykle pou\u017e\u00edvat bez poskytnut\u00ed osobn\u00edch \u00fadaj\u016f.&nbsp;Pokud jsou na na\u0161ich webov\u00fdch str\u00e1nk\u00e1ch shroma\u017e\u010fov\u00e1ny osobn\u00ed \u00fadaje (nap\u0159. jm\u00e9no, adresa nebo e-mailov\u00e1 adresa), d\u011bje se tak v\u017edy na dobrovoln\u00e9 b\u00e1zi, [&hellip;]<\/p>\n","protected":false},"author":1,"featured_media":0,"parent":0,"menu_order":0,"comment_status":"closed","ping_status":"closed","template":"","meta":{"_acf_changed":false,"advgb_blocks_editor_width":"","advgb_blocks_columns_visual_guide":"","footnotes":""},"class_list":["post-5426","page","type-page","status-publish","hentry"],"acf":[],"featured_image_urls_v2":{"full":"","thumbnail":"","medium":"","medium_large":"","large":"","timeline-express":"","timeline-express-thumbnail":"","1536x1536":"","2048x2048":""},"post_excerpt_stackable_v2":"<p>Ke dni 31. srpen 2023 Ochranu va\u0161ich osobn\u00edch \u00fadaj\u016f bereme velmi v\u00e1\u017en\u011b.&nbsp;Va\u0161e osobn\u00ed \u00fadaje zpracov\u00e1v\u00e1me v souladu se z\u00e1konn\u00fdmi p\u0159edpisy o ochran\u011b \u00fadaj\u016f a t\u00edmto prohl\u00e1\u0161en\u00edm o ochran\u011b \u00fadaj\u016f. Na\u0161e webov\u00e9 str\u00e1nky lze obvykle pou\u017e\u00edvat bez poskytnut\u00ed osobn\u00edch \u00fadaj\u016f.&nbsp;Pokud jsou na na\u0161ich webov\u00fdch str\u00e1nk\u00e1ch shroma\u017e\u010fov\u00e1ny osobn\u00ed \u00fadaje (nap\u0159. jm\u00e9no, adresa nebo e-mailov\u00e1 adresa), d\u011bje se tak v\u017edy na dobrovoln\u00e9 b\u00e1zi, pokud to nen\u00ed pro provoz webu technicky nezbytn\u00e9. Tento web pou\u017e\u00edv\u00e1 va\u0161e \u00fadaje \u0161etrn\u011b a zpracov\u00e1v\u00e1 pouze \u00fadaje, kter\u00e9 jsou technicky nezbytn\u00e9 a nevy\u017eaduj\u00ed souhlas.&nbsp;Proto tato webov\u00e1 str\u00e1nka nem\u00e1 \u201ecocie bar\u201c pro z\u00edsk\u00e1n\u00ed va\u0161eho souhlasu. Ospitando Salzburg Research Forschungsgesellschaft mbH,&hellip;<\/p>\n","category_list_v2":"","author_info_v2":{"name":"Technik Admin","url":"https:\/\/www.christian-doppler.net\/cs\/author\/wp_admin\/"},"comments_num_v2":"0 comments","coauthors":[],"author_meta":{"author_link":"https:\/\/www.christian-doppler.net\/cs\/author\/wp_admin\/","display_name":"Technik Admin"},"relative_dates":{"created":"Posted 4 roky ago","modified":"Updated 2 roky ago"},"absolute_dates":{"created":"Posted on 26. 1. 2022","modified":"Updated on 15. 5. 2024"},"absolute_dates_time":{"created":"Posted on 26. 1. 2022 13:23","modified":"Updated on 15. 5. 2024 16:24"},"featured_img_caption":"","featured_img":false,"series_order":"","_links":{"self":[{"href":"https:\/\/www.christian-doppler.net\/cs\/wp-json\/wp\/v2\/pages\/5426","targetHints":{"allow":["GET"]}}],"collection":[{"href":"https:\/\/www.christian-doppler.net\/cs\/wp-json\/wp\/v2\/pages"}],"about":[{"href":"https:\/\/www.christian-doppler.net\/cs\/wp-json\/wp\/v2\/types\/page"}],"author":[{"embeddable":true,"href":"https:\/\/www.christian-doppler.net\/cs\/wp-json\/wp\/v2\/users\/1"}],"replies":[{"embeddable":true,"href":"https:\/\/www.christian-doppler.net\/cs\/wp-json\/wp\/v2\/comments?post=5426"}],"version-history":[{"count":6,"href":"https:\/\/www.christian-doppler.net\/cs\/wp-json\/wp\/v2\/pages\/5426\/revisions"}],"predecessor-version":[{"id":7384,"href":"https:\/\/www.christian-doppler.net\/cs\/wp-json\/wp\/v2\/pages\/5426\/revisions\/7384"}],"wp:attachment":[{"href":"https:\/\/www.christian-doppler.net\/cs\/wp-json\/wp\/v2\/media?parent=5426"}],"curies":[{"name":"wp","href":"https:\/\/api.w.org\/{rel}","templated":true}]}}